{"version":"1.0","provider_name":"Coimisi\u00fan na Me\u00e1n","provider_url":"https:\/\/www.cnam.ie\/ga\/","author_name":"Jose","author_url":"https:\/\/www.cnam.ie\/ga\/author\/jose\/","title":"Mo chearta ar l\u00edne\u202f - Coimisi\u00fan na Me\u00e1n","type":"rich","width":600,"height":338,"html":"<blockquote class=\"wp-embedded-content\" data-secret=\"rVO5bdALtD\"><a href=\"https:\/\/www.cnam.ie\/ga\/an-pobal-ginearalta\/leanai-daoine-oga\/mo-chearta-ar-line\/\">Mo chearta ar l\u00edne\u202f<\/a><\/blockquote><iframe sandbox=\"allow-scripts\" security=\"restricted\" src=\"https:\/\/www.cnam.ie\/ga\/an-pobal-ginearalta\/leanai-daoine-oga\/mo-chearta-ar-line\/embed\/#?secret=rVO5bdALtD\" width=\"600\" height=\"338\" title=\"&#8220;Mo chearta ar l\u00edne\u202f&#8221; &#8212; Coimisi\u00fan na Me\u00e1n\" data-secret=\"rVO5bdALtD\" frameborder=\"0\" marginwidth=\"0\" marginheight=\"0\" scrolling=\"no\" class=\"wp-embedded-content\"><\/iframe><script>\n\/*! This file is auto-generated *\/\n!function(d,l){\"use strict\";l.querySelector&&d.addEventListener&&\"undefined\"!=typeof URL&&(d.wp=d.wp||{},d.wp.receiveEmbedMessage||(d.wp.receiveEmbedMessage=function(e){var t=e.data;if((t||t.secret||t.message||t.value)&&!\/[^a-zA-Z0-9]\/.test(t.secret)){for(var s,r,n,a=l.querySelectorAll('iframe[data-secret=\"'+t.secret+'\"]'),o=l.querySelectorAll('blockquote[data-secret=\"'+t.secret+'\"]'),c=new RegExp(\"^https?:$\",\"i\"),i=0;i<o.length;i++)o[i].style.display=\"none\";for(i=0;i<a.length;i++)s=a[i],e.source===s.contentWindow&&(s.removeAttribute(\"style\"),\"height\"===t.message?(1e3<(r=parseInt(t.value,10))?r=1e3:~~r<200&&(r=200),s.height=r):\"link\"===t.message&&(r=new URL(s.getAttribute(\"src\")),n=new URL(t.value),c.test(n.protocol))&&n.host===r.host&&l.activeElement===s&&(d.top.location.href=t.value))}},d.addEventListener(\"message\",d.wp.receiveEmbedMessage,!1),l.addEventListener(\"DOMContentLoaded\",function(){for(var e,t,s=l.querySelectorAll(\"iframe.wp-embedded-content\"),r=0;r<s.length;r++)(t=(e=s[r]).getAttribute(\"data-secret\"))||(t=Math.random().toString(36).substring(2,12),e.src+=\"#?secret=\"+t,e.setAttribute(\"data-secret\",t)),e.contentWindow.postMessage({message:\"ready\",secret:t},\"*\")},!1)))}(window,document);\n\/\/# sourceURL=https:\/\/www.cnam.ie\/wp\/wp-includes\/js\/wp-embed.min.js\n<\/script>\n","description":"T\u00e1 r\u00f3l t\u00e1bhachtach ag Coimisi\u00fan na Me\u00e1n maidir le do chearta a chosaint ar l\u00edne. T\u00e1 cearta daonna agus cearta leana\u00ed chomh t\u00e1bhachtach c\u00e9anna ar l\u00edne agus at\u00e1 siad sa \u2018saol r\u00e9ad\u00fail\u2019. B\u2019fh\u00e9idir, san am at\u00e1 caite, gur thuairiscigh t\u00fa s\u00e1r\u00fa ar chearta n\u00f3 ar \u00e1bhar d\u00edobh\u00e1lach ar l\u00edne, ach n\u00e1r tharla aon rud agus [&hellip;]"}