{"version":"1.0","provider_name":"Coimisi\u00fan na Me\u00e1n","provider_url":"https:\/\/www.cnam.ie\/ga\/","title":"\u00c1r bhfoireann - Coimisi\u00fan na Me\u00e1n","type":"rich","width":600,"height":338,"html":"<blockquote class=\"wp-embedded-content\" data-secret=\"YZkC0vG9Ir\"><a href=\"https:\/\/www.cnam.ie\/ga\/maidir-le\/ce-muid-fein\/ar-bhfoireann\/\">\u00c1r bhfoireann<\/a><\/blockquote><iframe sandbox=\"allow-scripts\" security=\"restricted\" src=\"https:\/\/www.cnam.ie\/ga\/maidir-le\/ce-muid-fein\/ar-bhfoireann\/embed\/#?secret=YZkC0vG9Ir\" width=\"600\" height=\"338\" title=\"&#8220;\u00c1r bhfoireann&#8221; &#8212; Coimisi\u00fan na Me\u00e1n\" data-secret=\"YZkC0vG9Ir\" frameborder=\"0\" marginwidth=\"0\" marginheight=\"0\" scrolling=\"no\" class=\"wp-embedded-content\"><\/iframe><script>\n\/*! This file is auto-generated *\/\n!function(d,l){\"use strict\";l.querySelector&&d.addEventListener&&\"undefined\"!=typeof URL&&(d.wp=d.wp||{},d.wp.receiveEmbedMessage||(d.wp.receiveEmbedMessage=function(e){var t=e.data;if((t||t.secret||t.message||t.value)&&!\/[^a-zA-Z0-9]\/.test(t.secret)){for(var s,r,n,a=l.querySelectorAll('iframe[data-secret=\"'+t.secret+'\"]'),o=l.querySelectorAll('blockquote[data-secret=\"'+t.secret+'\"]'),c=new RegExp(\"^https?:$\",\"i\"),i=0;i<o.length;i++)o[i].style.display=\"none\";for(i=0;i<a.length;i++)s=a[i],e.source===s.contentWindow&&(s.removeAttribute(\"style\"),\"height\"===t.message?(1e3<(r=parseInt(t.value,10))?r=1e3:~~r<200&&(r=200),s.height=r):\"link\"===t.message&&(r=new URL(s.getAttribute(\"src\")),n=new URL(t.value),c.test(n.protocol))&&n.host===r.host&&l.activeElement===s&&(d.top.location.href=t.value))}},d.addEventListener(\"message\",d.wp.receiveEmbedMessage,!1),l.addEventListener(\"DOMContentLoaded\",function(){for(var e,t,s=l.querySelectorAll(\"iframe.wp-embedded-content\"),r=0;r<s.length;r++)(t=(e=s[r]).getAttribute(\"data-secret\"))||(t=Math.random().toString(36).substring(2,12),e.src+=\"#?secret=\"+t,e.setAttribute(\"data-secret\",t)),e.contentWindow.postMessage({message:\"ready\",secret:t},\"*\")},!1)))}(window,document);\n\/\/# sourceURL=https:\/\/www.cnam.ie\/wp\/wp-includes\/js\/wp-embed.min.js\n<\/script>\n","description":"T\u00e1 Coimisi\u00fan na Me\u00e1n faoi sti\u00fair Cathaoirligh Feidhmi\u00fach\u00e1in agus ceathrar Coimisin\u00e9ir\u00ed. Jeremy Godfrey Cathaoirleach Feidhmi\u00fach\u00e1in Is \u00e9 Jeremy Godfrey Cathaoirleach Feidhmi\u00fach\u00e1in Choimisi\u00fan na Me\u00e1n, rialt\u00f3ir agus gn\u00edomhaireacht forbartha na me\u00e1n in \u00c9irinn. Thosaigh s\u00e9 sa r\u00f3l ceannaireachta sin i m\u00ed an Mh\u00e1rta 2023, tar \u00e9is bhun\u00fa an Choimisi\u00fain faoin Acht um Rial\u00e1il S\u00e1bh\u00e1ilteachta ar L\u00edne [&hellip;]","thumbnail_url":"https:\/\/www.cnam.ie\/app\/uploads\/2024\/11\/Jeremy-Godfrey.jpg","thumbnail_width":300,"thumbnail_height":400}