{"id":10886,"date":"2024-10-17T11:07:13","date_gmt":"2024-10-17T10:07:13","guid":{"rendered":"https:\/\/www.cnam.ie\/an-ghaeilge\/"},"modified":"2025-11-07T17:23:52","modified_gmt":"2025-11-07T17:23:52","slug":"an-ghaeilge","status":"publish","type":"page","link":"https:\/\/www.cnam.ie\/ga\/an-pobal-ginearalta\/forbairt-na-mean\/an-ghaeilge\/","title":{"rendered":"An Ghaeilge"},"content":{"rendered":"\n<div class=\"wp-block-uagb-container uagb-block-73470f47 alignfull uagb-is-root-container\"><div class=\"uagb-container-inner-blocks-wrap\">\n<div class=\"wp-block-uagb-container uagb-block-248e9d80\">\n<div class=\"wp-block-uagb-advanced-heading uagb-block-e16f0ad4\"><p class=\"uagb-heading-text\">T\u00e1 br\u00f3d orainn taca\u00edocht a thabhairt do na me\u00e1in Ghaeilge agus iad a chur chun cinn, ag cinnti\u00fa go mb\u00edonn s\u00ed i gc\u00f3na\u00ed ina cuid dhinimici\u00fail agus riachtanach de th\u00edrdhreach cult\u00fartha agus me\u00e1n na h\u00c9ireann.<\/p><\/div>\n\n\n\n<p class=\"wp-block-paragraph\">Mar chuid d\u00e1r dtiomantas d&#8217;fh\u00e1s agus d&#8217;fhorbairt na Gaeilge, cuirimid tionscnaimh strait\u00e9iseacha i bhfeidhm agus t\u00f3gaimid comhph\u00e1irt\u00edochta\u00ed a mh\u00e9ada\u00edonn an teagmh\u00e1il agus an tionchar a bh\u00edonn aici ar fud gach ard\u00e1n me\u00e1n. <\/p>\n<\/div>\n\n\n\n<div class=\"wp-block-uagb-container uagb-block-098ad61a\">\n<div class=\"wp-block-uagb-container uag-hide-mob uag-blocks-common-selector uagb-block-582b43eb\">\n<p class=\"has-text-align-center has-small-font-size wp-block-paragraph\">Cad \u00e9 an sc\u00e9al<\/p>\n<\/div>\n<\/div>\n<\/div><\/div>\n\n<p class=\"wp-block-paragraph\">Tr\u00ed sc\u00e9imeanna maoinithe nu\u00e1lacha, iarrachta\u00ed comhoibritheacha, agus cl\u00e1ir thiomnaithe, d\u00e9anaimid \u00e1r nd\u00edcheall \u00e1bhar Gaeilge ardchaighde\u00e1in a shol\u00e1thar do lucht f\u00e9achana in \u00c9irinn agus go hidirn\u00e1isi\u00fanta, agus timpeallacht bheoga sna me\u00e1in \u00e1 chruth\u00fa do gach gl\u00fain. <\/p>\n\n<h2 class=\"wp-block-heading\">Deiseanna maoinithe do na me\u00e1in Ghaeilge <\/h2>\n\n<p class=\"wp-block-paragraph\">Cuirimid maoini\u00fa riachtanach ar f\u00e1il chun cumhacht a thabhairt do chruthaitheoir\u00ed, do scann\u00e1n\u00f3ir\u00ed, agus d&#8217;eagra\u00edochta\u00ed me\u00e1n \u00e1bhar bar\u00e1nt\u00fail Gaeilge a l\u00e9iri\u00fa a dh\u00e9anann ceili\u00faradh ar chult\u00far agus oidhreacht uath\u00fail na h\u00c9ireann. Cotha\u00edonn na tionscnaimh seo cruthaitheacht, taca\u00edonn siad le forbairt ghairmi\u00fail, agus nascann siad lucht f\u00e9achana le me\u00e1in Ghaeilge at\u00e1 an-sp\u00e9isi\u00fail. <\/p>\n\n<h3 class=\"wp-block-heading\">An Sc\u00e9im Fuaime &amp; F\u00edse <\/h3>\n\n<p class=\"wp-block-paragraph\">T\u00edrdhreach na me\u00e1n a shaibhri\u00fa le tionscadail Ghaeilge a l\u00e9ir\u00edonn cult\u00far \u00e9ags\u00fail agus saincheisteanna s\u00f3isialta na h\u00c9ireann. <\/p>\n\n<ul class=\"wp-block-list\">\n<li><strong><a title=\"This link opens the Irish Music Month's webpage in a new tab\" href=\"https:\/\/www.hotpress.com\/irish-music-month\" target=\"_blank\" rel=\"noreferrer noopener\">M\u00ed Cheoil na h\u00c9ireann:<\/a><\/strong> I measc na mbuaicphoint\u00ed t\u00e1\u202fAmhr\u00e1n an Laoch, teacht ar bhunamhr\u00e1in Ghaeilge.<\/li>\n\n\n\n<li><strong><a title=\"This link opens the Cine4's website in a new tab\" href=\"https:\/\/www.cine4.ie\/\" target=\"_blank\" rel=\"noreferrer noopener\">Cine4<\/a><\/strong>: I<span data-contrast=\"none\"> gcomhph\u00e1irt le TG4 agus F\u00eds \u00c9ireann, forbra\u00edonn Cine4 pr\u00edomhscann\u00e1in bhunaidh Ghaeilge amhail\u202f<\/span><i><span data-contrast=\"none\">An Cail\u00edn Ci\u00fain a ainmn\u00edodh le haghaidh Oscar<\/span><\/i><span data-contrast=\"none\">.<\/span><span data-ccp-props=\"{&quot;134233117&quot;:true,&quot;201341983&quot;:0,&quot;335557856&quot;:16777215,&quot;335559739&quot;:60,&quot;335559740&quot;:240}\">\u00a0<\/span><\/li>\n<\/ul>\n\n<div class=\"wp-block-buttons is-layout-flex wp-block-buttons-is-layout-flex\">\n<div class=\"wp-block-button\"><a class=\"wp-block-button__link wp-element-button\" href=\"https:\/\/www.cnam.ie\/ga\/an-pobal-ginearalta\/forbairt-na-mean\/tacaiocht-maoiniu\/an-sceim-fuaime-fise\/\">An Sc\u00e9im Fuaime &amp; F\u00edse <\/a><\/div>\n<\/div>\n\n<h3 class=\"wp-block-heading\">Forbairt earn\u00e1la agus urra\u00edocht <\/h3>\n\n<p class=\"wp-block-paragraph\">Taca\u00edonn \u00e1r gCl\u00e1r Foghlama &amp; Forbartha Earn\u00e1la agus \u00e1r Sc\u00e9im Urra\u00edochta le himeachta\u00ed agus tionscnaimh chult\u00fartha amhail na nithe seo a leanas: <\/p>\n\n<ul class=\"wp-block-list\">\n<li>Is seirbh\u00eds dhigiteach \u00ed\u202f<a href=\"https:\/\/www.gaelpro.ie\/\"><strong>GaelPro<\/strong><\/a>\u202fa chuireann raidi\u00f3 Gaeilge chun cinn. Tarraing\u00edonn s\u00ed aird ar chl\u00e1ir at\u00e1 ar f\u00e1il i nGaeilge ar fud na t\u00edre, agus nuashonruithe seachtaini\u00fala a roinnt ar nuacht chraolt\u00f3ireachta, imeachta\u00ed, agus pr\u00edomhsc\u00e9alta do phobal na Gaeilge<\/li>\n\n\n\n<li><strong><a href=\"https:\/\/www.antoireachtas.ie\/gradaim-chumarsaide\/\" target=\"_blank\" rel=\"noreferrer noopener\">Gradaim Chumars\u00e1ide an Oireachtais 2024<\/a>:<\/strong> S\u00e1rmhaitheas i gcraolt\u00f3ireacht agus iriseoireacht na Gaeilge a cheili\u00faradh.<\/li>\n<\/ul>\n\n<div class=\"wp-block-buttons is-layout-flex wp-block-buttons-is-layout-flex\">\n<div class=\"wp-block-button\"><a class=\"wp-block-button__link wp-element-button\" href=\"https:\/\/www.cnam.ie\/ga\/an-pobal-ginearalta\/forbairt-na-mean\/tacaiocht-maoiniu\/foghlaim-forbairt\/\">Foghlaim &amp; forbairt earn\u00e1la <\/a><\/div>\n\n\n\n<div class=\"wp-block-button\"><a class=\"wp-block-button__link wp-element-button\" href=\"https:\/\/www.cnam.ie\/ga\/an-pobal-ginearalta\/forbairt-na-mean\/tacaiocht-maoiniu\/urraiocht\/\">Urra\u00edocht <\/a><\/div>\n<\/div>\n\n<h2 class=\"wp-block-heading\">Tionscadail agus taighde lean\u00fanach <\/h2>\n\n<p class=\"wp-block-paragraph\">T\u00e1 Coimisi\u00fan na Me\u00e1n i mbun\u202fAthbhreithni\u00fa cuimsitheach ar na Me\u00e1in Ghaeilge, mar at\u00e1 molta ag an gCoimisi\u00fan um Thodhcha\u00ed na Me\u00e1n. Is tionscadal suntasach \u00e9 an tAthbhreithni\u00fa seo agus scr\u00fada\u00edonn s\u00e9 r\u00f3l na me\u00e1n Gaeilge maidir le cult\u00far, polait\u00edocht agus an tsocha\u00ed a l\u00e9iri\u00fa agus deiseanna f\u00e1is, nu\u00e1la\u00edochta agus rannph\u00e1irt\u00edochta don lucht f\u00e9achana a aithint ag an am c\u00e9anna. Treor\u00f3idh na tortha\u00ed forbairt beartais, tac\u00f3idh siad le comhar ar fud na hearn\u00e1la, agus cabhr\u00f3idh siad lena chinnti\u00fa go mbeidh t\u00edrdhreach na me\u00e1n Gaeilge inbhuanaithe agus ar ardchaighde\u00e1n.<\/p>\n\n<h2 class=\"wp-block-heading\">Comhar agus comhph\u00e1irt\u00edochta\u00ed <\/h2>\n\n<p class=\"wp-block-paragraph\"><div id=\"WACViewPanel_ClipboardElement\" class=\"WACEditing EditMode EditingSurfaceBody FireFox WACViewPanel_DisableLegacyKeyCodeAndCharCode usehover\" style=\"overflow: hidden; visibility: visible; direction: ltr;\" tabindex=\"0\" contenteditable=\"false\" spellcheck=\"false\">&#13;\n<div class=\"OutlineElement Ltr SCXW18420498 BCX2\" style=\"direction: ltr;\">&#13;\n<p class=\"Paragraph SCXW18420498 BCX2\" style=\"font-weight: normal; font-style: normal; vertical-align: baseline; background-color: #ffffff; color: #3a1300; text-align: left; margin: 0px 0px auto; padding-left: 0px; padding-right: 0px; text-indent: 0px;\"><span class=\"TextRun SCXW18420498 BCX2\" lang=\"EN-IE\" style=\"color: #3a1300; font-size: 12pt; line-height: 18px; font-family: Arial, 'Arial_EmbeddedFont', 'Arial_MSFontService', sans-serif;\" data-contrast=\"none\"><span class=\"NormalTextRun SpellingErrorV2Themed SCXW18420498 BCX2\" data-ccp-parastyle=\"P68B1DB1-Normal3\" data-ccp-parastyle-defn=\"{&quot;ObjectId&quot;:&quot;f799a01d-5c1c-4634-bdf1-2fac60dc65a9|74&quot;,&quot;ClassId&quot;:1073872969,&quot;Properties&quot;:[201342446,&quot;1&quot;,201342447,&quot;5&quot;,201342448,&quot;1&quot;,201342449,&quot;1&quot;,469777841,&quot;Arial&quot;,469777842,&quot;Arial&quot;,469777843,&quot;Times New Roman&quot;,469777844,&quot;Arial&quot;,201341986,&quot;1&quot;,469769226,&quot;Arial,Times New Roman&quot;,268442635,&quot;24&quot;,469775450,&quot;P68B1DB1-Normal3&quot;,201340122,&quot;2&quot;,134233614,&quot;true&quot;,469778129,&quot;P68B1DB1-Normal3&quot;,335572020,&quot;1&quot;,335551500,&quot;4922&quot;,469778324,&quot;Normal&quot;]}\">T\u00e1<\/span> <span class=\"NormalTextRun SpellingErrorV2Themed SCXW18420498 BCX2\" data-ccp-parastyle=\"P68B1DB1-Normal3\">r\u00f3l<\/span> <span class=\"NormalTextRun SpellingErrorV2Themed SCXW18420498 BCX2\" data-ccp-parastyle=\"P68B1DB1-Normal3\">l\u00e1rnach<\/span><span class=\"NormalTextRun SCXW18420498 BCX2\" data-ccp-parastyle=\"P68B1DB1-Normal3\"> ag\u202f<\/span><\/span><span class=\"TextRun SCXW18420498 BCX2\" lang=\"EN-IE\" style=\"color: #3a1300; font-size: 12pt; line-height: 18px; font-family: Arial, 'Arial_EmbeddedFont', 'Arial_MSFontService', sans-serif; font-weight: bold;\" data-contrast=\"none\"><span class=\"NormalTextRun SpellingErrorV2Themed SCXW18420498 BCX2\" data-ccp-parastyle=\"P68B1DB1-Normal3\">Coiste<\/span> <span class=\"NormalTextRun SpellingErrorV2Themed SCXW18420498 BCX2\" data-ccp-parastyle=\"P68B1DB1-Normal3\">Comhairleach<\/span> <span class=\"NormalTextRun SpellingErrorV2Themed SCXW18420498 BCX2\" data-ccp-parastyle=\"P68B1DB1-Normal3\">na<\/span> <span class=\"NormalTextRun SpellingErrorV2Themed SCXW18420498 BCX2\" data-ccp-parastyle=\"P68B1DB1-Normal3\">Gaeilge<\/span><\/span><span class=\"TextRun SCXW18420498 BCX2\" lang=\"EN-IE\" style=\"color: #3a1300; font-size: 12pt; line-height: 18px; font-family: Arial, 'Arial_EmbeddedFont', 'Arial_MSFontService', sans-serif;\" data-contrast=\"none\"><span class=\"NormalTextRun SCXW18420498 BCX2\" data-ccp-parastyle=\"P68B1DB1-Normal3\">, <\/span><span class=\"NormalTextRun SpellingErrorV2Themed SCXW18420498 BCX2\" data-ccp-parastyle=\"P68B1DB1-Normal3\">i<\/span> <span class=\"NormalTextRun SpellingErrorV2Themed SCXW18420498 BCX2\" data-ccp-parastyle=\"P68B1DB1-Normal3\">gcomhar<\/span><span class=\"NormalTextRun SCXW18420498 BCX2\" data-ccp-parastyle=\"P68B1DB1-Normal3\"> le <\/span><span class=\"NormalTextRun SpellingErrorV2Themed SCXW18420498 BCX2\" data-ccp-parastyle=\"P68B1DB1-Normal3\">Foras<\/span> <span class=\"NormalTextRun SpellingErrorV2Themed SCXW18420498 BCX2\" data-ccp-parastyle=\"P68B1DB1-Normal3\">na<\/span> <span class=\"NormalTextRun SpellingErrorV2Themed SCXW18420498 BCX2\" data-ccp-parastyle=\"P68B1DB1-Normal3\">Gaeilge<\/span><span class=\"NormalTextRun SCXW18420498 BCX2\" data-ccp-parastyle=\"P68B1DB1-Normal3\">, <\/span><span class=\"NormalTextRun SpellingErrorV2Themed SCXW18420498 BCX2\" data-ccp-parastyle=\"P68B1DB1-Normal3\">i<\/span> <span class=\"NormalTextRun SpellingErrorV2Themed SCXW18420498 BCX2\" data-ccp-parastyle=\"P68B1DB1-Normal3\">m\u00fanl\u00fa<\/span> <span class=\"NormalTextRun SpellingErrorV2Themed SCXW18420498 BCX2\" data-ccp-parastyle=\"P68B1DB1-Normal3\">thodhcha\u00ed<\/span> <span class=\"NormalTextRun SpellingErrorV2Themed SCXW18420498 BCX2\" data-ccp-parastyle=\"P68B1DB1-Normal3\">na<\/span> <span class=\"NormalTextRun SpellingErrorV2Themed SCXW18420498 BCX2\" data-ccp-parastyle=\"P68B1DB1-Normal3\">me\u00e1n<\/span> <span class=\"NormalTextRun SpellingErrorV2Themed SCXW18420498 BCX2\" data-ccp-parastyle=\"P68B1DB1-Normal3\">Gaeilge<\/span><span class=\"NormalTextRun SCXW18420498 BCX2\" data-ccp-parastyle=\"P68B1DB1-Normal3\">. Tr\u00ed <\/span><span class=\"NormalTextRun SpellingErrorV2Themed SCXW18420498 BCX2\" data-ccp-parastyle=\"P68B1DB1-Normal3\">chraolt\u00f3ir\u00ed<\/span><span class=\"NormalTextRun SCXW18420498 BCX2\" data-ccp-parastyle=\"P68B1DB1-Normal3\">, <\/span><span class=\"NormalTextRun SpellingErrorV2Themed SCXW18420498 BCX2\" data-ccp-parastyle=\"P68B1DB1-Normal3\">cruthaitheoir\u00ed<\/span> <span class=\"NormalTextRun SpellingErrorV2Themed SCXW18420498 BCX2\" data-ccp-parastyle=\"P68B1DB1-Normal3\">\u00e1bhair<\/span><span class=\"NormalTextRun SCXW18420498 BCX2\" data-ccp-parastyle=\"P68B1DB1-Normal3\">, <\/span><span class=\"NormalTextRun SpellingErrorV2Themed SCXW18420498 BCX2\" data-ccp-parastyle=\"P68B1DB1-Normal3\">agus<\/span> <span class=\"NormalTextRun SpellingErrorV2Themed SCXW18420498 BCX2\" data-ccp-parastyle=\"P68B1DB1-Normal3\">lucht<\/span> <span class=\"NormalTextRun SpellingErrorV2Themed SCXW18420498 BCX2\" data-ccp-parastyle=\"P68B1DB1-Normal3\">d\u00e9anta<\/span> <span class=\"NormalTextRun SpellingErrorV2Themed SCXW18420498 BCX2\" data-ccp-parastyle=\"P68B1DB1-Normal3\">beartas<\/span><span class=\"NormalTextRun SCXW18420498 BCX2\" data-ccp-parastyle=\"P68B1DB1-Normal3\"> a <\/span><span class=\"NormalTextRun SpellingErrorV2Themed SCXW18420498 BCX2\" data-ccp-parastyle=\"P68B1DB1-Normal3\">thabhairt<\/span><span class=\"NormalTextRun SCXW18420498 BCX2\" data-ccp-parastyle=\"P68B1DB1-Normal3\"> le <\/span><span class=\"NormalTextRun SpellingErrorV2Themed SCXW18420498 BCX2\" data-ccp-parastyle=\"P68B1DB1-Normal3\">ch\u00e9ile<\/span><span class=\"NormalTextRun SCXW18420498 BCX2\" data-ccp-parastyle=\"P68B1DB1-Normal3\">, <\/span><span class=\"NormalTextRun SpellingErrorV2Themed SCXW18420498 BCX2\" data-ccp-parastyle=\"P68B1DB1-Normal3\">spreagann<\/span> <span class=\"NormalTextRun ContextualSpellingAndGrammarErrorV2Themed SCXW18420498 BCX2\" data-ccp-parastyle=\"P68B1DB1-Normal3\">an<\/span> <span class=\"NormalTextRun SpellingErrorV2Themed SCXW18420498 BCX2\" data-ccp-parastyle=\"P68B1DB1-Normal3\">coiste<\/span> <span class=\"NormalTextRun SpellingErrorV2Themed SCXW18420498 BCX2\" data-ccp-parastyle=\"P68B1DB1-Normal3\">nu\u00e1la\u00edocht<\/span><span class=\"NormalTextRun SCXW18420498 BCX2\" data-ccp-parastyle=\"P68B1DB1-Normal3\">, <\/span><span class=\"NormalTextRun SpellingErrorV2Themed SCXW18420498 BCX2\" data-ccp-parastyle=\"P68B1DB1-Normal3\">cotha\u00edonn<\/span> <span class=\"NormalTextRun SpellingErrorV2Themed SCXW18420498 BCX2\" data-ccp-parastyle=\"P68B1DB1-Normal3\">s\u00e9<\/span> <span class=\"NormalTextRun SpellingErrorV2Themed SCXW18420498 BCX2\" data-ccp-parastyle=\"P68B1DB1-Normal3\">comhph\u00e1irt\u00edochta\u00ed<\/span><span class=\"NormalTextRun SCXW18420498 BCX2\" data-ccp-parastyle=\"P68B1DB1-Normal3\">, <\/span><span class=\"NormalTextRun SpellingErrorV2Themed SCXW18420498 BCX2\" data-ccp-parastyle=\"P68B1DB1-Normal3\">agus<\/span> <span class=\"NormalTextRun SpellingErrorV2Themed SCXW18420498 BCX2\" data-ccp-parastyle=\"P68B1DB1-Normal3\">oibr\u00edonn<\/span> <span class=\"NormalTextRun SpellingErrorV2Themed SCXW18420498 BCX2\" data-ccp-parastyle=\"P68B1DB1-Normal3\">s\u00e9<\/span> <span class=\"NormalTextRun SpellingErrorV2Themed SCXW18420498 BCX2\" data-ccp-parastyle=\"P68B1DB1-Normal3\">chun<\/span> <span class=\"NormalTextRun SpellingErrorV2Themed SCXW18420498 BCX2\" data-ccp-parastyle=\"P68B1DB1-Normal3\">cl\u00e1ir<\/span> <span class=\"NormalTextRun SpellingErrorV2Themed SCXW18420498 BCX2\" data-ccp-parastyle=\"P68B1DB1-Normal3\">Ghaeilge<\/span><span class=\"NormalTextRun SCXW18420498 BCX2\" data-ccp-parastyle=\"P68B1DB1-Normal3\"> a <\/span><span class=\"NormalTextRun SpellingErrorV2Themed SCXW18420498 BCX2\" data-ccp-parastyle=\"P68B1DB1-Normal3\">leathn\u00fa<\/span> <span class=\"NormalTextRun SpellingErrorV2Themed SCXW18420498 BCX2\" data-ccp-parastyle=\"P68B1DB1-Normal3\">ar<\/span><span class=\"NormalTextRun SCXW18420498 BCX2\" data-ccp-parastyle=\"P68B1DB1-Normal3\"> fud <\/span><span class=\"NormalTextRun SpellingErrorV2Themed SCXW18420498 BCX2\" data-ccp-parastyle=\"P68B1DB1-Normal3\">na<\/span><span class=\"NormalTextRun SCXW18420498 BCX2\" data-ccp-parastyle=\"P68B1DB1-Normal3\"> n-<\/span><span class=\"NormalTextRun SpellingErrorV2Themed SCXW18420498 BCX2\" data-ccp-parastyle=\"P68B1DB1-Normal3\">ard\u00e1n<\/span> <span class=\"NormalTextRun SpellingErrorV2Themed SCXW18420498 BCX2\" data-ccp-parastyle=\"P68B1DB1-Normal3\">me\u00e1n<\/span> <span class=\"NormalTextRun SpellingErrorV2Themed SCXW18420498 BCX2\" data-ccp-parastyle=\"P68B1DB1-Normal3\">uile<\/span><span class=\"NormalTextRun SCXW18420498 BCX2\" data-ccp-parastyle=\"P68B1DB1-Normal3\">.<\/span><\/span><span class=\"EOP SCXW18420498 BCX2\" style=\"font-size: 12pt; line-height: 18px; font-family: Arial, 'Arial_EmbeddedFont', 'Arial_MSFontService', sans-serif; color: #3a1300;\" data-ccp-props=\"{&quot;134233118&quot;:true,&quot;201341983&quot;:0,&quot;335557856&quot;:16777215,&quot;335559740&quot;:240}\">\u00a0<\/span><\/p>&#13;\n&#13;\n<\/div><br\/><\/div><\/p>\n","protected":false},"excerpt":{"rendered":"<p>T\u00e1 br\u00f3d orainn taca\u00edocht a thabhairt do na me\u00e1in Ghaeilge agus iad a chur chun cinn, ag cinnti\u00fa go mb\u00edonn s\u00ed i gc\u00f3na\u00ed ina cuid dhinimici\u00fail agus riachtanach de th\u00edrdhreach cult\u00fartha agus me\u00e1n na h\u00c9ireann. Mar chuid d\u00e1r dtiomantas d&#8217;fh\u00e1s agus d&#8217;fhorbairt na Gaeilge, cuirimid tionscnaimh strait\u00e9iseacha i bhfeidhm agus t\u00f3gaimid comhph\u00e1irt\u00edochta\u00ed a mh\u00e9ada\u00edonn an [&hellip;]<\/p>\n","protected":false},"author":2,"featured_media":0,"parent":10891,"menu_order":55,"comment_status":"closed","ping_status":"closed","template":"","meta":{"_acf_changed":false,"_relevanssi_hide_post":"","_relevanssi_hide_content":"","_relevanssi_pin_for_all":"","_relevanssi_pin_keywords":"","_relevanssi_unpin_keywords":"","_relevanssi_related_keywords":"","_relevanssi_related_include_ids":"","_relevanssi_related_exclude_ids":"","_relevanssi_related_no_append":"","_relevanssi_related_not_related":"","_relevanssi_related_posts":"12281,3231,2890,7605,5437,2253","_relevanssi_noindex_reason":"","_uag_custom_page_level_css":"","footnotes":""},"class_list":["post-10886","page","type-page","status-publish","hentry"],"acf":[],"yoast_head":"<!-- This site is optimized with the Yoast SEO plugin v28.4 - https:\/\/yoast.com\/product\/yoast-seo-wordpress\/ -->\n<title>An Ghaeilge - Coimisi\u00fan na Me\u00e1n<\/title>\n<meta name=\"robots\" content=\"index, follow, max-snippet:-1, max-image-preview:large, max-video-preview:-1\" \/>\n<link rel=\"canonical\" href=\"https:\/\/www.cnam.ie\/ga\/an-pobal-ginearalta\/forbairt-na-mean\/an-ghaeilge\/\" \/>\n<meta property=\"og:locale\" content=\"ga_IE\" \/>\n<meta property=\"og:type\" content=\"article\" \/>\n<meta property=\"og:title\" content=\"An Ghaeilge - Coimisi\u00fan na Me\u00e1n\" \/>\n<meta property=\"og:description\" content=\"T\u00e1 br\u00f3d orainn taca\u00edocht a thabhairt do na me\u00e1in Ghaeilge agus iad a chur chun cinn, ag cinnti\u00fa go mb\u00edonn s\u00ed i gc\u00f3na\u00ed ina cuid dhinimici\u00fail agus riachtanach de th\u00edrdhreach cult\u00fartha agus me\u00e1n na h\u00c9ireann. Mar chuid d\u00e1r dtiomantas d&#8217;fh\u00e1s agus d&#8217;fhorbairt na Gaeilge, cuirimid tionscnaimh strait\u00e9iseacha i bhfeidhm agus t\u00f3gaimid comhph\u00e1irt\u00edochta\u00ed a mh\u00e9ada\u00edonn an [&hellip;]\" \/>\n<meta property=\"og:url\" content=\"https:\/\/www.cnam.ie\/ga\/an-pobal-ginearalta\/forbairt-na-mean\/an-ghaeilge\/\" \/>\n<meta property=\"og:site_name\" content=\"Coimisi\u00fan na Me\u00e1n\" \/>\n<meta property=\"article:publisher\" content=\"https:\/\/www.facebook.com\/CNaM.Ireland\/\" \/>\n<meta property=\"article:modified_time\" content=\"2025-11-07T17:23:52+00:00\" \/>\n<meta name=\"twitter:card\" content=\"summary_large_image\" \/>\n<meta name=\"twitter:site\" content=\"@CNaM_ie\" \/>\n<meta name=\"twitter:label1\" content=\"Est. reading time\" \/>\n\t<meta name=\"twitter:data1\" content=\"2 minutes\" \/>\n<script type=\"application\/ld+json\" class=\"yoast-schema-graph\">{\"@context\":\"https:\\\/\\\/schema.org\",\"@graph\":[{\"@type\":\"WebPage\",\"@id\":\"https:\\\/\\\/www.cnam.ie\\\/ga\\\/an-pobal-ginearalta\\\/forbairt-na-mean\\\/an-ghaeilge\\\/\",\"url\":\"https:\\\/\\\/www.cnam.ie\\\/ga\\\/an-pobal-ginearalta\\\/forbairt-na-mean\\\/an-ghaeilge\\\/\",\"name\":\"An Ghaeilge - Coimisi\u00fan na Me\u00e1n\",\"isPartOf\":{\"@id\":\"https:\\\/\\\/www.cnam.ie\\\/ga\\\/#website\"},\"datePublished\":\"2024-10-17T10:07:13+00:00\",\"dateModified\":\"2025-11-07T17:23:52+00:00\",\"breadcrumb\":{\"@id\":\"https:\\\/\\\/www.cnam.ie\\\/ga\\\/an-pobal-ginearalta\\\/forbairt-na-mean\\\/an-ghaeilge\\\/#breadcrumb\"},\"inLanguage\":\"ga-IE\",\"potentialAction\":[{\"@type\":\"ReadAction\",\"target\":[\"https:\\\/\\\/www.cnam.ie\\\/ga\\\/an-pobal-ginearalta\\\/forbairt-na-mean\\\/an-ghaeilge\\\/\"]}]},{\"@type\":\"BreadcrumbList\",\"@id\":\"https:\\\/\\\/www.cnam.ie\\\/ga\\\/an-pobal-ginearalta\\\/forbairt-na-mean\\\/an-ghaeilge\\\/#breadcrumb\",\"itemListElement\":[{\"@type\":\"ListItem\",\"position\":1,\"name\":\"Home\",\"item\":\"https:\\\/\\\/www.cnam.ie\\\/ga\\\/\"},{\"@type\":\"ListItem\",\"position\":2,\"name\":\"An Pobal i gCoitinne\",\"item\":\"https:\\\/\\\/www.cnam.ie\\\/ga\\\/\"},{\"@type\":\"ListItem\",\"position\":3,\"name\":\"Forbairt na me\u00e1n\",\"item\":\"https:\\\/\\\/www.cnam.ie\\\/ga\\\/an-pobal-ginearalta\\\/forbairt-na-mean\\\/\"},{\"@type\":\"ListItem\",\"position\":4,\"name\":\"An Ghaeilge\"}]},{\"@type\":\"WebSite\",\"@id\":\"https:\\\/\\\/www.cnam.ie\\\/ga\\\/#website\",\"url\":\"https:\\\/\\\/www.cnam.ie\\\/ga\\\/\",\"name\":\"Coimisiun na Mean\",\"description\":\"Coimisi\u00fan na Me\u00e1n\",\"publisher\":{\"@id\":\"https:\\\/\\\/www.cnam.ie\\\/ga\\\/#organization\"},\"potentialAction\":[{\"@type\":\"SearchAction\",\"target\":{\"@type\":\"EntryPoint\",\"urlTemplate\":\"https:\\\/\\\/www.cnam.ie\\\/ga\\\/?s={search_term_string}\"},\"query-input\":{\"@type\":\"PropertyValueSpecification\",\"valueRequired\":true,\"valueName\":\"search_term_string\"}}],\"inLanguage\":\"ga-IE\"},{\"@type\":\"Organization\",\"@id\":\"https:\\\/\\\/www.cnam.ie\\\/ga\\\/#organization\",\"name\":\"Coimisiun na Mean\",\"url\":\"https:\\\/\\\/www.cnam.ie\\\/ga\\\/\",\"logo\":{\"@type\":\"ImageObject\",\"inLanguage\":\"ga-IE\",\"@id\":\"https:\\\/\\\/www.cnam.ie\\\/ga\\\/#\\\/schema\\\/logo\\\/image\\\/\",\"url\":\"https:\\\/\\\/www.cnam.ie\\\/app\\\/uploads\\\/2024\\\/12\\\/Website-image-with-logo.jpg\",\"contentUrl\":\"https:\\\/\\\/www.cnam.ie\\\/app\\\/uploads\\\/2024\\\/12\\\/Website-image-with-logo.jpg\",\"width\":1200,\"height\":800,\"caption\":\"Coimisiun na Mean\"},\"image\":{\"@id\":\"https:\\\/\\\/www.cnam.ie\\\/ga\\\/#\\\/schema\\\/logo\\\/image\\\/\"},\"sameAs\":[\"https:\\\/\\\/www.facebook.com\\\/CNaM.Ireland\\\/\",\"https:\\\/\\\/x.com\\\/CNaM_ie\"]}]}<\/script>\n<!-- \/ Yoast SEO plugin. -->","yoast_head_json":{"title":"An Ghaeilge - Coimisi\u00fan na Me\u00e1n","robots":{"index":"index","follow":"follow","max-snippet":"max-snippet:-1","max-image-preview":"max-image-preview:large","max-video-preview":"max-video-preview:-1"},"canonical":"https:\/\/www.cnam.ie\/ga\/an-pobal-ginearalta\/forbairt-na-mean\/an-ghaeilge\/","og_locale":"ga_IE","og_type":"article","og_title":"An Ghaeilge - Coimisi\u00fan na Me\u00e1n","og_description":"T\u00e1 br\u00f3d orainn taca\u00edocht a thabhairt do na me\u00e1in Ghaeilge agus iad a chur chun cinn, ag cinnti\u00fa go mb\u00edonn s\u00ed i gc\u00f3na\u00ed ina cuid dhinimici\u00fail agus riachtanach de th\u00edrdhreach cult\u00fartha agus me\u00e1n na h\u00c9ireann. Mar chuid d\u00e1r dtiomantas d&#8217;fh\u00e1s agus d&#8217;fhorbairt na Gaeilge, cuirimid tionscnaimh strait\u00e9iseacha i bhfeidhm agus t\u00f3gaimid comhph\u00e1irt\u00edochta\u00ed a mh\u00e9ada\u00edonn an [&hellip;]","og_url":"https:\/\/www.cnam.ie\/ga\/an-pobal-ginearalta\/forbairt-na-mean\/an-ghaeilge\/","og_site_name":"Coimisi\u00fan na Me\u00e1n","article_publisher":"https:\/\/www.facebook.com\/CNaM.Ireland\/","article_modified_time":"2025-11-07T17:23:52+00:00","twitter_card":"summary_large_image","twitter_site":"@CNaM_ie","twitter_misc":{"Est. reading time":"2 minutes"},"schema":{"@context":"https:\/\/schema.org","@graph":[{"@type":"WebPage","@id":"https:\/\/www.cnam.ie\/ga\/an-pobal-ginearalta\/forbairt-na-mean\/an-ghaeilge\/","url":"https:\/\/www.cnam.ie\/ga\/an-pobal-ginearalta\/forbairt-na-mean\/an-ghaeilge\/","name":"An Ghaeilge - Coimisi\u00fan na Me\u00e1n","isPartOf":{"@id":"https:\/\/www.cnam.ie\/ga\/#website"},"datePublished":"2024-10-17T10:07:13+00:00","dateModified":"2025-11-07T17:23:52+00:00","breadcrumb":{"@id":"https:\/\/www.cnam.ie\/ga\/an-pobal-ginearalta\/forbairt-na-mean\/an-ghaeilge\/#breadcrumb"},"inLanguage":"ga-IE","potentialAction":[{"@type":"ReadAction","target":["https:\/\/www.cnam.ie\/ga\/an-pobal-ginearalta\/forbairt-na-mean\/an-ghaeilge\/"]}]},{"@type":"BreadcrumbList","@id":"https:\/\/www.cnam.ie\/ga\/an-pobal-ginearalta\/forbairt-na-mean\/an-ghaeilge\/#breadcrumb","itemListElement":[{"@type":"ListItem","position":1,"name":"Home","item":"https:\/\/www.cnam.ie\/ga\/"},{"@type":"ListItem","position":2,"name":"An Pobal i gCoitinne","item":"https:\/\/www.cnam.ie\/ga\/"},{"@type":"ListItem","position":3,"name":"Forbairt na me\u00e1n","item":"https:\/\/www.cnam.ie\/ga\/an-pobal-ginearalta\/forbairt-na-mean\/"},{"@type":"ListItem","position":4,"name":"An Ghaeilge"}]},{"@type":"WebSite","@id":"https:\/\/www.cnam.ie\/ga\/#website","url":"https:\/\/www.cnam.ie\/ga\/","name":"Coimisiun na Mean","description":"Coimisi\u00fan na Me\u00e1n","publisher":{"@id":"https:\/\/www.cnam.ie\/ga\/#organization"},"potentialAction":[{"@type":"SearchAction","target":{"@type":"EntryPoint","urlTemplate":"https:\/\/www.cnam.ie\/ga\/?s={search_term_string}"},"query-input":{"@type":"PropertyValueSpecification","valueRequired":true,"valueName":"search_term_string"}}],"inLanguage":"ga-IE"},{"@type":"Organization","@id":"https:\/\/www.cnam.ie\/ga\/#organization","name":"Coimisiun na Mean","url":"https:\/\/www.cnam.ie\/ga\/","logo":{"@type":"ImageObject","inLanguage":"ga-IE","@id":"https:\/\/www.cnam.ie\/ga\/#\/schema\/logo\/image\/","url":"https:\/\/www.cnam.ie\/app\/uploads\/2024\/12\/Website-image-with-logo.jpg","contentUrl":"https:\/\/www.cnam.ie\/app\/uploads\/2024\/12\/Website-image-with-logo.jpg","width":1200,"height":800,"caption":"Coimisiun na Mean"},"image":{"@id":"https:\/\/www.cnam.ie\/ga\/#\/schema\/logo\/image\/"},"sameAs":["https:\/\/www.facebook.com\/CNaM.Ireland\/","https:\/\/x.com\/CNaM_ie"]}]}},"spectra_custom_meta":{"_top_nav_excluded":[""],"_cms_nav_minihome":[""],"_wp_page_template":["default"],"_last_translation_edit_mode":["translation-editor"],"_edit_lock":["1736868647:10"],"_relevanssi_related_posts":["12281,3231,2890,7605,5437,2253"],"_edit_last":["10"],"_wpml_media_duplicate":["1"],"_wpml_media_featured":["1"],"_yoast_wpseo_content_score":["60"],"_yoast_wpseo_estimated-reading-time-minutes":["2"],"_wpml_word_count":["578"]},"uagb_featured_image_src":{"full":false,"thumbnail":false,"medium":false,"medium_large":false,"large":false,"1536x1536":false,"2048x2048":false,"gform-image-choice-sm":false,"gform-image-choice-md":false,"gform-image-choice-lg":false},"uagb_author_info":{"display_name":"Jose","author_link":"https:\/\/www.cnam.ie\/ga\/author\/jose\/"},"uagb_comment_info":0,"uagb_excerpt":"T\u00e1 br\u00f3d orainn taca\u00edocht a thabhairt do na me\u00e1in Ghaeilge agus iad a chur chun cinn, ag cinnti\u00fa go mb\u00edonn s\u00ed i gc\u00f3na\u00ed ina cuid dhinimici\u00fail agus riachtanach de th\u00edrdhreach cult\u00fartha agus me\u00e1n na h\u00c9ireann. Mar chuid d\u00e1r dtiomantas d&#8217;fh\u00e1s agus d&#8217;fhorbairt na Gaeilge, cuirimid tionscnaimh strait\u00e9iseacha i bhfeidhm agus t\u00f3gaimid comhph\u00e1irt\u00edochta\u00ed a mh\u00e9ada\u00edonn an&hellip;","_links":{"self":[{"href":"https:\/\/www.cnam.ie\/ga\/wp-json\/wp\/v2\/pages\/10886","targetHints":{"allow":["GET"]}}],"collection":[{"href":"https:\/\/www.cnam.ie\/ga\/wp-json\/wp\/v2\/pages"}],"about":[{"href":"https:\/\/www.cnam.ie\/ga\/wp-json\/wp\/v2\/types\/page"}],"author":[{"embeddable":true,"href":"https:\/\/www.cnam.ie\/ga\/wp-json\/wp\/v2\/users\/2"}],"replies":[{"embeddable":true,"href":"https:\/\/www.cnam.ie\/ga\/wp-json\/wp\/v2\/comments?post=10886"}],"version-history":[{"count":5,"href":"https:\/\/www.cnam.ie\/ga\/wp-json\/wp\/v2\/pages\/10886\/revisions"}],"predecessor-version":[{"id":19006,"href":"https:\/\/www.cnam.ie\/ga\/wp-json\/wp\/v2\/pages\/10886\/revisions\/19006"}],"up":[{"embeddable":true,"href":"https:\/\/www.cnam.ie\/ga\/wp-json\/wp\/v2\/pages\/10891"}],"wp:attachment":[{"href":"https:\/\/www.cnam.ie\/ga\/wp-json\/wp\/v2\/media?parent=10886"}],"curies":[{"name":"wp","href":"https:\/\/api.w.org\/{rel}","templated":true}]}}