{"id":12089,"date":"2024-11-12T15:30:38","date_gmt":"2024-11-12T15:30:38","guid":{"rendered":"https:\/\/www.cnam.ie\/tobhach\/"},"modified":"2026-03-23T15:39:24","modified_gmt":"2026-03-23T15:39:24","slug":"tobhach","status":"publish","type":"page","link":"https:\/\/www.cnam.ie\/ga\/maidir-le\/tuarascalacha-airgeadas\/tobhach\/","title":{"rendered":"Tobhach\u00a0"},"content":{"rendered":"\n<div class=\"wp-block-uagb-container uagb-block-1d5875b5 alignfull uagb-is-root-container\"><div class=\"uagb-container-inner-blocks-wrap\">\n<div class=\"wp-block-uagb-container uagb-block-2f005527\">\n<div class=\"wp-block-uagb-advanced-heading uagb-block-d9b72e84\"><p class=\"uagb-heading-text\">T\u00e1 g\u00e1 le Tobhach chun comhl\u00edonadh fheidhmeanna rial\u00e1la Choimisi\u00fan na Me\u00e1n i nd\u00e1il le seirbh\u00eds\u00ed me\u00e1n closamhairc, seirbh\u00eds\u00ed craolach\u00e1in fuaime, seirbh\u00eds\u00ed ainmnithe ar l\u00edne, seirbh\u00eds\u00ed idirghabh\u00e1lacha agus seirbh\u00eds\u00ed \u00f3st\u00e1la a chisti\u00fa.<\/p><\/div>\n<\/div>\n<\/div><\/div>\n\n\n\n<div class=\"wp-block-uagb-container uagb-block-aa1b8da7 alignfull uagb-is-root-container\"><div class=\"uagb-container-inner-blocks-wrap\">\n<div class=\"wp-block-uagb-container uagb-block-c3e7b7e2\">\n<p>De r\u00e9ir Alt 21(4) den <a href=\"https:\/\/www.irishstatutebook.ie\/2009\/en\/act\/pub\/0018\/index.html\">Acht Craolach\u00e1in 2009<\/a>, n\u00ed m\u00f3r do Choimisi\u00fan na Me\u00e1n f\u00e9achaint lena \u00e1irithi\u00fa go bhfuil an t ioncam tobhaigh leordh\u00f3thanach chun a chaiteachais a thabhaigh s\u00e9 go hiomchu\u00ed agus a riachtanais chaipitil oibre don tr\u00e9imhse thobhaigh iomchu\u00ed a \u00edoc a mh\u00e9id nach gcomhl\u00edontar na caiteachais agus na ceanglais sin ar bheala\u00ed eile.<\/p>\n\n\n\n<p>San alt seo t\u00e1 caiteachais mheasta agus iarbh\u00edr, mar aon leis na t\u00e1bla\u00ed \u00e1bhartha chun tobhach a r\u00edomh.<br>Ba cheart iarratais ar leith a sheoladh chuig <a href=\"mailto:levy@cnam.ie\">levy@cnam.ie<\/a>.<\/p>\n<\/div>\n<\/div><\/div>\n\n\n\n<h2 class=\"wp-block-heading\">T\u00e1bla\u00ed R\u00edomha don Chaiteachas agus Tobhach<\/h2>\n\n\n\n<figure class=\"wp-block-table\"><table class=\"has-fixed-layout\"><thead><tr><th>Bhlian<\/th><th>T\u00e1bla\u00ed R\u00edomha don Chaiteachas agus Tobhach Measta<\/th><th>T\u00e1bla\u00ed R\u00edomha don Chaiteachas agus Tobhach Iarbh\u00edr<\/th><\/tr><\/thead><tbody><tr><td>2026<\/td><td><a href=\"https:\/\/www.cnam.ie\/app\/uploads\/2026\/03\/2026-Estimates-and-Levy-Calculation-Table.pdf\">T\u00e1bla\u00ed Caiteachais Ionchais agus R\u00edofa (Be\u00e1rla) (PDF)<\/a><\/td><td><\/td><\/tr><tr><td>2025<\/td><td><a href=\"https:\/\/www.cnam.ie\/app\/uploads\/2025\/08\/2025-Estimates-and-Levy-Calculation-Table_GA.pdf\">T\u00e1bla\u00ed Caiteachais Ionchais agus R\u00edofa (PDF)<\/a><\/td><td><\/td><\/tr><tr><td>2024<\/td><td>&#8211;<a href=\"https:\/\/www.cnam.ie\/app\/uploads\/2024\/11\/2024-Levy-Calculation-table-non-VODs.pdf\">Seirbh\u00eds chraolt\u00f3ireachta &amp; ainmnithe ar l\u00edne (PDF) (B\u00e9arla)<\/a><br>&#8211; <a href=\"https:\/\/www.cnam.ie\/app\/uploads\/2024\/11\/2024-Levy-Calculation-table-VODs.pdf\">Seirbh\u00eds me\u00e1n closamhairc ar \u00e9ileamh (PDF) (B\u00e9arla)<\/a><\/td><td><\/td><\/tr><tr><td>2023<\/td><td><a href=\"https:\/\/www.cnam.ie\/app\/uploads\/2025\/05\/20220330_Levy_Calculation__Table_Irish_2023-Estimate_FM.pdf\">Seirbh\u00eds chraolt\u00f3ireachta (PDF)<\/a><\/td><td><a href=\"https:\/\/www.cnam.ie\/app\/uploads\/2025\/04\/Broadcasting-Levy-Calculation-Table_GA_VF.pdf\">Seirbh\u00eds chraolt\u00f3ireachta (PDF)<\/a><\/td><\/tr><\/tbody><\/table><\/figure>\n\n\n\n<p><\/p>\n\n\n\n<h2 class=\"wp-block-heading\">Treoir maidir le Tobhach<\/h2>\n\n\n\n<div class=\"wp-block-buttons is-layout-flex wp-block-buttons-is-layout-flex\">\n<div class=\"wp-block-button\"><a class=\"wp-block-button__link wp-element-button\" href=\"https:\/\/www.cnam.ie\/app\/uploads\/2026\/02\/Guide-to-Coimisiun-na-Mean-2026-Levy_GA.pdf\">2026: 1 Ean\u00e1ir &#8211; 31 Nollaig (PDF)<\/a><\/div>\n\n\n\n<div class=\"wp-block-button\"><a class=\"wp-block-button__link wp-element-button\" href=\"https:\/\/www.cnam.ie\/app\/uploads\/2025\/03\/2025.01.06-2025-Levy-Guide-_Final.pdf\">2025: 1 Ean\u00e1ir \u2014 31 Nollaig [B\u00e9arla] (PDF) <\/a><\/div>\n\n\n\n<div class=\"wp-block-button\"><a class=\"wp-block-button__link wp-element-button\" href=\"https:\/\/www.cnam.ie\/app\/uploads\/2024\/11\/2024-Levy-Guide.pdf\">2024: 1 Bealtaine \u2014 31 Nollaig [B\u00e9arla] (PDF) <\/a><\/div>\n<\/div>\n\n\n\n<h2 class=\"wp-block-heading\">Pr\u00f3iseas Dearbhaithe Tobhaigh<\/h2>\n\n\n\n<p>T\u00e1 na sonr\u00e1\u00ed agus na teimpl\u00e9id a \u00fas\u00e1idtear sa phr\u00f3iseas Dearbhaithe Tobhaigh ar f\u00e1il anseo.<\/p>\n\n\n\n<div class=\"wp-block-buttons is-layout-flex wp-block-buttons-is-layout-flex\">\n<div class=\"wp-block-button\"><a class=\"wp-block-button__link wp-element-button\" href=\"https:\/\/www.cnam.ie\/ga\/maidir-le\/tuarascalacha-airgeadas\/tobhach\/proiseas-dearbhaithe-tobhaigh\/\">Pr\u00f3iseas Dearbhaithe Tobhaigh<\/a><\/div>\n<\/div>\n\n\n\n<h2 class=\"wp-block-heading\">Athbhreithni\u00fa inmhe\u00e1nach Tobhaigh<\/h2>\n\n\n\n<p>Baineann \u00e1r leathanach tiomnaithe faoin um Athbhreithni\u00fa Inmhe\u00e1nach Tobhaigh athbhreithni\u00fa inmhe\u00e1nach ar chinneadh a rinne Coimisi\u00fan na Me\u00e1n (\u201can Coimisi\u00fan\u201d) faoi ord\u00fa tobhaigh arna dh\u00e9anamh de bhun alt 21 den Acht Craolach\u00e1in 2009 (arna leas\u00fa) (\u201cAcht 2009\u201d).<\/p>\n\n\n\n<div class=\"wp-block-buttons is-layout-flex wp-block-buttons-is-layout-flex\">\n<div class=\"wp-block-button\"><a class=\"wp-block-button__link wp-element-button\" href=\"https:\/\/www.cnam.ie\/ga\/maidir-le\/tuarascalacha-airgeadas\/tobhach\/athbhreithniu-inmheanach-tobhaigh\/\">Athbhreithni\u00fa inmhe\u00e1nach Tobhaigh<\/a><\/div>\n<\/div>\n\n\n\n<h2 class=\"wp-block-heading\">Tuilleadh eolais<\/h2>\n\n\n\n<ul class=\"wp-block-list\">\n<li>Leigh an doicim\u00e9ad Modheola\u00edocht agus Breithni\u00fach\u00e1in na Meastach\u00e1n 2026 (PDF)<\/li>\n\n\n\n<li>L\u00e9igh an <a href=\"https:\/\/www.cnam.ie\/app\/uploads\/2025\/07\/Levy-Reconciliation-Process-GA.pdf\">pr\u00f3iseas r\u00e9itigh tobhaigh (PDF)<\/a><\/li>\n\n\n\n<li><span class=\"TextRun SCXW175839942 BCX0\" lang=\"GD\" xml:lang=\"GD\" data-contrast=\"none\"><span class=\"NormalTextRun SCXW175839942 BCX0\" data-ccp-parastyle=\"P68B1DB1-Normal4\" data-ccp-parastyle-defn=\"{&quot;ObjectId&quot;:&quot;7b0f96ef-48a4-4a8b-ab97-9897b1fa7da6|48&quot;,&quot;ClassId&quot;:1073872969,&quot;Properties&quot;:[201342446,&quot;1&quot;,201342447,&quot;5&quot;,201342448,&quot;1&quot;,201342449,&quot;1&quot;,469777841,&quot;Arial&quot;,469777842,&quot;Arial&quot;,469777843,&quot;Times New Roman&quot;,469777844,&quot;Arial&quot;,201341986,&quot;1&quot;,469769226,&quot;Arial,Times New Roman&quot;,268442635,&quot;24&quot;,469775450,&quot;P68B1DB1-Normal4&quot;,201340122,&quot;2&quot;,134233614,&quot;true&quot;,469778129,&quot;P68B1DB1-Normal4&quot;,335572020,&quot;1&quot;,335551500,&quot;4922&quot;,469778324,&quot;Normal&quot;]}\">L\u00e9igh faoin&nbsp;<\/span><\/span><a class=\"Hyperlink SCXW175839942 BCX0\" href=\"https:\/\/www.cnam.ie\/ga\/tionscal-gairmithe\/coid-reachtaiocht\/ordu-tobhaigh\/\" target=\"_blank\" rel=\"noreferrer noopener\"><span class=\"NormalTextRun SCXW175839942 BCX0\" data-ccp-parastyle=\"P68B1DB1-Normal4\" data-ccp-parastyle-defn=\"{&quot;ObjectId&quot;:&quot;7b0f96ef-48a4-4a8b-ab97-9897b1fa7da6|48&quot;,&quot;ClassId&quot;:1073872969,&quot;Properties&quot;:[201342446,&quot;1&quot;,201342447,&quot;5&quot;,201342448,&quot;1&quot;,201342449,&quot;1&quot;,469777841,&quot;Arial&quot;,469777842,&quot;Arial&quot;,469777843,&quot;Times New Roman&quot;,469777844,&quot;Arial&quot;,201341986,&quot;1&quot;,469769226,&quot;Arial,Times New Roman&quot;,268442635,&quot;24&quot;,469775450,&quot;P68B1DB1-Normal4&quot;,201340122,&quot;2&quot;,134233614,&quot;true&quot;,469778129,&quot;P68B1DB1-Normal4&quot;,335572020,&quot;1&quot;,335551500,&quot;4922&quot;,469778324,&quot;Normal&quot;]}\"><span class=\"NormalTextRun SCXW175839942 BCX0\" data-ccp-parastyle=\"P68B1DB1-Normal4\">Ord\u00fa Tobhaigh<\/span><\/span><\/a><\/li>\n\n\n\n<li><a href=\"https:\/\/www.cnam.ie\/app\/uploads\/2025\/10\/20250902_Comhairliuchain_vFinal.pdf\">C\u00e1ip\u00e9is Chomhairli\u00fach\u00e1in: Ord\u00fa Tobhaigh 2026 (PDF)<\/a><\/li>\n\n\n\n<li><a href=\"https:\/\/www.cnam.ie\/app\/uploads\/2026\/01\/Freagra-ar-Chomhairliuchan_Ordu-Tobhaigh-2026.pdf\">Freagra\u00ed ar an C\u00e1ip\u00e9is Chomhairli\u00fach\u00e1in: Ord\u00fa Tobhaigh 2026 (PDF)<\/a><\/li>\n\n\n\n<li><a href=\"https:\/\/www.cnam.ie\/app\/uploads\/2025\/12\/Levy-Order-2026-Consultation-Submissions.pdf\">Aighneachta\u00ed i nd\u00e1il le Comhairli\u00fach\u00e1n Poibl\u00ed: Ord\u00fa Tobhaigh 2026 [B\u00e9arla] (PDF)<\/a><\/li>\n<\/ul>\n","protected":false},"excerpt":{"rendered":"<p>T\u00e1 g\u00e1 le Tobhach chun comhl\u00edonadh fheidhmeanna rial\u00e1la Choimisi\u00fan na Me\u00e1n i nd\u00e1il le seirbh\u00eds\u00ed me\u00e1n closamhairc, seirbh\u00eds\u00ed craolach\u00e1in fuaime, seirbh\u00eds\u00ed ainmnithe ar l\u00edne, seirbh\u00eds\u00ed idirghabh\u00e1lacha agus seirbh\u00eds\u00ed \u00f3st\u00e1la a chisti\u00fa. De r\u00e9ir Alt 21(4) den Acht Craolach\u00e1in 2009, n\u00ed m\u00f3r do Choimisi\u00fan na Me\u00e1n f\u00e9achaint lena \u00e1irithi\u00fa go bhfuil an t ioncam tobhaigh leordh\u00f3thanach [&hellip;]<\/p>\n","protected":false},"author":4,"featured_media":0,"parent":12299,"menu_order":27,"comment_status":"closed","ping_status":"closed","template":"","meta":{"_acf_changed":false,"_relevanssi_hide_post":"","_relevanssi_hide_content":"","_relevanssi_pin_for_all":"","_relevanssi_pin_keywords":"","_relevanssi_unpin_keywords":"","_relevanssi_related_keywords":"","_relevanssi_related_include_ids":"","_relevanssi_related_exclude_ids":"","_relevanssi_related_no_append":"","_relevanssi_related_not_related":"","_relevanssi_related_posts":"4956,2600,7662,7630,3328,10696","_relevanssi_noindex_reason":"","_uag_custom_page_level_css":"","footnotes":""},"class_list":["post-12089","page","type-page","status-publish","hentry"],"acf":[],"yoast_head":"<!-- This site is optimized with the Yoast SEO plugin v27.4 - https:\/\/yoast.com\/product\/yoast-seo-wordpress\/ -->\n<title>Tobhach\u00a0 - Coimisi\u00fan na Me\u00e1n<\/title>\n<meta name=\"robots\" content=\"index, follow, max-snippet:-1, max-image-preview:large, max-video-preview:-1\" \/>\n<link rel=\"canonical\" href=\"https:\/\/www.cnam.ie\/ga\/maidir-le\/tuarascalacha-airgeadas\/tobhach\/\" \/>\n<meta property=\"og:locale\" content=\"ga_IE\" \/>\n<meta property=\"og:type\" content=\"article\" \/>\n<meta property=\"og:title\" content=\"Tobhach\u00a0 - Coimisi\u00fan na Me\u00e1n\" \/>\n<meta property=\"og:description\" content=\"T\u00e1 g\u00e1 le Tobhach chun comhl\u00edonadh fheidhmeanna rial\u00e1la Choimisi\u00fan na Me\u00e1n i nd\u00e1il le seirbh\u00eds\u00ed me\u00e1n closamhairc, seirbh\u00eds\u00ed craolach\u00e1in fuaime, seirbh\u00eds\u00ed ainmnithe ar l\u00edne, seirbh\u00eds\u00ed idirghabh\u00e1lacha agus seirbh\u00eds\u00ed \u00f3st\u00e1la a chisti\u00fa. De r\u00e9ir Alt 21(4) den Acht Craolach\u00e1in 2009, n\u00ed m\u00f3r do Choimisi\u00fan na Me\u00e1n f\u00e9achaint lena \u00e1irithi\u00fa go bhfuil an t ioncam tobhaigh leordh\u00f3thanach [&hellip;]\" \/>\n<meta property=\"og:url\" content=\"https:\/\/www.cnam.ie\/ga\/maidir-le\/tuarascalacha-airgeadas\/tobhach\/\" \/>\n<meta property=\"og:site_name\" content=\"Coimisi\u00fan na Me\u00e1n\" \/>\n<meta property=\"article:publisher\" content=\"https:\/\/www.facebook.com\/CNaM.Ireland\/\" \/>\n<meta property=\"article:modified_time\" content=\"2026-03-23T15:39:24+00:00\" \/>\n<meta name=\"twitter:card\" content=\"summary_large_image\" \/>\n<meta name=\"twitter:site\" content=\"@CNaM_ie\" \/>\n<meta name=\"twitter:label1\" content=\"Est. reading time\" \/>\n\t<meta name=\"twitter:data1\" content=\"2 minutes\" \/>\n<script type=\"application\/ld+json\" class=\"yoast-schema-graph\">{\"@context\":\"https:\\\/\\\/schema.org\",\"@graph\":[{\"@type\":\"WebPage\",\"@id\":\"https:\\\/\\\/www.cnam.ie\\\/ga\\\/maidir-le\\\/tuarascalacha-airgeadas\\\/tobhach\\\/\",\"url\":\"https:\\\/\\\/www.cnam.ie\\\/ga\\\/maidir-le\\\/tuarascalacha-airgeadas\\\/tobhach\\\/\",\"name\":\"Tobhach\u00a0 - Coimisi\u00fan na Me\u00e1n\",\"isPartOf\":{\"@id\":\"https:\\\/\\\/www.cnam.ie\\\/ga\\\/#website\"},\"datePublished\":\"2024-11-12T15:30:38+00:00\",\"dateModified\":\"2026-03-23T15:39:24+00:00\",\"breadcrumb\":{\"@id\":\"https:\\\/\\\/www.cnam.ie\\\/ga\\\/maidir-le\\\/tuarascalacha-airgeadas\\\/tobhach\\\/#breadcrumb\"},\"inLanguage\":\"ga-IE\",\"potentialAction\":[{\"@type\":\"ReadAction\",\"target\":[\"https:\\\/\\\/www.cnam.ie\\\/ga\\\/maidir-le\\\/tuarascalacha-airgeadas\\\/tobhach\\\/\"]}]},{\"@type\":\"BreadcrumbList\",\"@id\":\"https:\\\/\\\/www.cnam.ie\\\/ga\\\/maidir-le\\\/tuarascalacha-airgeadas\\\/tobhach\\\/#breadcrumb\",\"itemListElement\":[{\"@type\":\"ListItem\",\"position\":1,\"name\":\"Home\",\"item\":\"https:\\\/\\\/www.cnam.ie\\\/ga\\\/\"},{\"@type\":\"ListItem\",\"position\":2,\"name\":\"Maidir linn\",\"item\":\"https:\\\/\\\/www.cnam.ie\\\/ga\\\/maidir-le\\\/\"},{\"@type\":\"ListItem\",\"position\":3,\"name\":\"Tuarasc\u00e1lacha &amp; airgeadas\",\"item\":\"https:\\\/\\\/www.cnam.ie\\\/ga\\\/maidir-le\\\/tuarascalacha-airgeadas\\\/\"},{\"@type\":\"ListItem\",\"position\":4,\"name\":\"Tobhach\u00a0\"}]},{\"@type\":\"WebSite\",\"@id\":\"https:\\\/\\\/www.cnam.ie\\\/ga\\\/#website\",\"url\":\"https:\\\/\\\/www.cnam.ie\\\/ga\\\/\",\"name\":\"Coimisiun na Mean\",\"description\":\"Coimisi\u00fan na Me\u00e1n\",\"publisher\":{\"@id\":\"https:\\\/\\\/www.cnam.ie\\\/ga\\\/#organization\"},\"potentialAction\":[{\"@type\":\"SearchAction\",\"target\":{\"@type\":\"EntryPoint\",\"urlTemplate\":\"https:\\\/\\\/www.cnam.ie\\\/ga\\\/?s={search_term_string}\"},\"query-input\":{\"@type\":\"PropertyValueSpecification\",\"valueRequired\":true,\"valueName\":\"search_term_string\"}}],\"inLanguage\":\"ga-IE\"},{\"@type\":\"Organization\",\"@id\":\"https:\\\/\\\/www.cnam.ie\\\/ga\\\/#organization\",\"name\":\"Coimisiun na Mean\",\"url\":\"https:\\\/\\\/www.cnam.ie\\\/ga\\\/\",\"logo\":{\"@type\":\"ImageObject\",\"inLanguage\":\"ga-IE\",\"@id\":\"https:\\\/\\\/www.cnam.ie\\\/ga\\\/#\\\/schema\\\/logo\\\/image\\\/\",\"url\":\"https:\\\/\\\/www.cnam.ie\\\/app\\\/uploads\\\/2024\\\/12\\\/Website-image-with-logo.jpg\",\"contentUrl\":\"https:\\\/\\\/www.cnam.ie\\\/app\\\/uploads\\\/2024\\\/12\\\/Website-image-with-logo.jpg\",\"width\":1200,\"height\":800,\"caption\":\"Coimisiun na Mean\"},\"image\":{\"@id\":\"https:\\\/\\\/www.cnam.ie\\\/ga\\\/#\\\/schema\\\/logo\\\/image\\\/\"},\"sameAs\":[\"https:\\\/\\\/www.facebook.com\\\/CNaM.Ireland\\\/\",\"https:\\\/\\\/x.com\\\/CNaM_ie\"]}]}<\/script>\n<!-- \/ Yoast SEO plugin. -->","yoast_head_json":{"title":"Tobhach\u00a0 - Coimisi\u00fan na Me\u00e1n","robots":{"index":"index","follow":"follow","max-snippet":"max-snippet:-1","max-image-preview":"max-image-preview:large","max-video-preview":"max-video-preview:-1"},"canonical":"https:\/\/www.cnam.ie\/ga\/maidir-le\/tuarascalacha-airgeadas\/tobhach\/","og_locale":"ga_IE","og_type":"article","og_title":"Tobhach\u00a0 - Coimisi\u00fan na Me\u00e1n","og_description":"T\u00e1 g\u00e1 le Tobhach chun comhl\u00edonadh fheidhmeanna rial\u00e1la Choimisi\u00fan na Me\u00e1n i nd\u00e1il le seirbh\u00eds\u00ed me\u00e1n closamhairc, seirbh\u00eds\u00ed craolach\u00e1in fuaime, seirbh\u00eds\u00ed ainmnithe ar l\u00edne, seirbh\u00eds\u00ed idirghabh\u00e1lacha agus seirbh\u00eds\u00ed \u00f3st\u00e1la a chisti\u00fa. De r\u00e9ir Alt 21(4) den Acht Craolach\u00e1in 2009, n\u00ed m\u00f3r do Choimisi\u00fan na Me\u00e1n f\u00e9achaint lena \u00e1irithi\u00fa go bhfuil an t ioncam tobhaigh leordh\u00f3thanach [&hellip;]","og_url":"https:\/\/www.cnam.ie\/ga\/maidir-le\/tuarascalacha-airgeadas\/tobhach\/","og_site_name":"Coimisi\u00fan na Me\u00e1n","article_publisher":"https:\/\/www.facebook.com\/CNaM.Ireland\/","article_modified_time":"2026-03-23T15:39:24+00:00","twitter_card":"summary_large_image","twitter_site":"@CNaM_ie","twitter_misc":{"Est. reading time":"2 minutes"},"schema":{"@context":"https:\/\/schema.org","@graph":[{"@type":"WebPage","@id":"https:\/\/www.cnam.ie\/ga\/maidir-le\/tuarascalacha-airgeadas\/tobhach\/","url":"https:\/\/www.cnam.ie\/ga\/maidir-le\/tuarascalacha-airgeadas\/tobhach\/","name":"Tobhach\u00a0 - Coimisi\u00fan na Me\u00e1n","isPartOf":{"@id":"https:\/\/www.cnam.ie\/ga\/#website"},"datePublished":"2024-11-12T15:30:38+00:00","dateModified":"2026-03-23T15:39:24+00:00","breadcrumb":{"@id":"https:\/\/www.cnam.ie\/ga\/maidir-le\/tuarascalacha-airgeadas\/tobhach\/#breadcrumb"},"inLanguage":"ga-IE","potentialAction":[{"@type":"ReadAction","target":["https:\/\/www.cnam.ie\/ga\/maidir-le\/tuarascalacha-airgeadas\/tobhach\/"]}]},{"@type":"BreadcrumbList","@id":"https:\/\/www.cnam.ie\/ga\/maidir-le\/tuarascalacha-airgeadas\/tobhach\/#breadcrumb","itemListElement":[{"@type":"ListItem","position":1,"name":"Home","item":"https:\/\/www.cnam.ie\/ga\/"},{"@type":"ListItem","position":2,"name":"Maidir linn","item":"https:\/\/www.cnam.ie\/ga\/maidir-le\/"},{"@type":"ListItem","position":3,"name":"Tuarasc\u00e1lacha &amp; airgeadas","item":"https:\/\/www.cnam.ie\/ga\/maidir-le\/tuarascalacha-airgeadas\/"},{"@type":"ListItem","position":4,"name":"Tobhach\u00a0"}]},{"@type":"WebSite","@id":"https:\/\/www.cnam.ie\/ga\/#website","url":"https:\/\/www.cnam.ie\/ga\/","name":"Coimisiun na Mean","description":"Coimisi\u00fan na Me\u00e1n","publisher":{"@id":"https:\/\/www.cnam.ie\/ga\/#organization"},"potentialAction":[{"@type":"SearchAction","target":{"@type":"EntryPoint","urlTemplate":"https:\/\/www.cnam.ie\/ga\/?s={search_term_string}"},"query-input":{"@type":"PropertyValueSpecification","valueRequired":true,"valueName":"search_term_string"}}],"inLanguage":"ga-IE"},{"@type":"Organization","@id":"https:\/\/www.cnam.ie\/ga\/#organization","name":"Coimisiun na Mean","url":"https:\/\/www.cnam.ie\/ga\/","logo":{"@type":"ImageObject","inLanguage":"ga-IE","@id":"https:\/\/www.cnam.ie\/ga\/#\/schema\/logo\/image\/","url":"https:\/\/www.cnam.ie\/app\/uploads\/2024\/12\/Website-image-with-logo.jpg","contentUrl":"https:\/\/www.cnam.ie\/app\/uploads\/2024\/12\/Website-image-with-logo.jpg","width":1200,"height":800,"caption":"Coimisiun na Mean"},"image":{"@id":"https:\/\/www.cnam.ie\/ga\/#\/schema\/logo\/image\/"},"sameAs":["https:\/\/www.facebook.com\/CNaM.Ireland\/","https:\/\/x.com\/CNaM_ie"]}]}},"spectra_custom_meta":{"_top_nav_excluded":[""],"_cms_nav_minihome":[""],"_last_translation_edit_mode":["native-editor"],"_edit_lock":["1774283904:12"],"_relevanssi_related_posts":["4956,2600,7662,7630,3328,10696"],"_edit_last":["12"],"_wp_page_template":[""],"_wpml_media_duplicate":["1"],"_wpml_media_featured":["1"],"_yoast_wpseo_content_score":["90"],"_yoast_wpseo_estimated-reading-time-minutes":["2"],"_wpml_word_count":["383"]},"uagb_featured_image_src":{"full":false,"thumbnail":false,"medium":false,"medium_large":false,"large":false,"1536x1536":false,"2048x2048":false,"gform-image-choice-sm":false,"gform-image-choice-md":false,"gform-image-choice-lg":false},"uagb_author_info":{"display_name":"Remi","author_link":"https:\/\/www.cnam.ie\/ga\/author\/remi\/"},"uagb_comment_info":0,"uagb_excerpt":"T\u00e1 g\u00e1 le Tobhach chun comhl\u00edonadh fheidhmeanna rial\u00e1la Choimisi\u00fan na Me\u00e1n i nd\u00e1il le seirbh\u00eds\u00ed me\u00e1n closamhairc, seirbh\u00eds\u00ed craolach\u00e1in fuaime, seirbh\u00eds\u00ed ainmnithe ar l\u00edne, seirbh\u00eds\u00ed idirghabh\u00e1lacha agus seirbh\u00eds\u00ed \u00f3st\u00e1la a chisti\u00fa. De r\u00e9ir Alt 21(4) den Acht Craolach\u00e1in 2009, n\u00ed m\u00f3r do Choimisi\u00fan na Me\u00e1n f\u00e9achaint lena \u00e1irithi\u00fa go bhfuil an t ioncam tobhaigh leordh\u00f3thanach&hellip;","_links":{"self":[{"href":"https:\/\/www.cnam.ie\/ga\/wp-json\/wp\/v2\/pages\/12089","targetHints":{"allow":["GET"]}}],"collection":[{"href":"https:\/\/www.cnam.ie\/ga\/wp-json\/wp\/v2\/pages"}],"about":[{"href":"https:\/\/www.cnam.ie\/ga\/wp-json\/wp\/v2\/types\/page"}],"author":[{"embeddable":true,"href":"https:\/\/www.cnam.ie\/ga\/wp-json\/wp\/v2\/users\/4"}],"replies":[{"embeddable":true,"href":"https:\/\/www.cnam.ie\/ga\/wp-json\/wp\/v2\/comments?post=12089"}],"version-history":[{"count":51,"href":"https:\/\/www.cnam.ie\/ga\/wp-json\/wp\/v2\/pages\/12089\/revisions"}],"predecessor-version":[{"id":20628,"href":"https:\/\/www.cnam.ie\/ga\/wp-json\/wp\/v2\/pages\/12089\/revisions\/20628"}],"up":[{"embeddable":true,"href":"https:\/\/www.cnam.ie\/ga\/wp-json\/wp\/v2\/pages\/12299"}],"wp:attachment":[{"href":"https:\/\/www.cnam.ie\/ga\/wp-json\/wp\/v2\/media?parent=12089"}],"curies":[{"name":"wp","href":"https:\/\/api.w.org\/{rel}","templated":true}]}}