{"id":12133,"date":"2024-09-23T13:39:09","date_gmt":"2024-09-23T12:39:09","guid":{"rendered":"https:\/\/www.cnam.ie\/raiteas-priobhaideachais-gearain-a-laimhseail-a-mhaoirsiu-agus-a-fhorfheidhmiu\/"},"modified":"2025-10-07T09:28:55","modified_gmt":"2025-10-07T08:28:55","slug":"raiteas-priobhaideachais","status":"publish","type":"page","link":"https:\/\/www.cnam.ie\/ga\/rialachas\/cosaint-sonrai-priobhaideachas\/raiteas-priobhaideachais\/","title":{"rendered":"R\u00e1iteas pr\u00edobh\u00e1ideachais"},"content":{"rendered":"\n<div class=\"wp-block-uagb-container uagb-block-1d5875b5 alignfull uagb-is-root-container\"><div class=\"uagb-container-inner-blocks-wrap\">\n<div class=\"wp-block-uagb-container uagb-block-2f005527\">\n<div class=\"wp-block-uagb-advanced-heading uagb-block-d9b72e84\"><p class=\"uagb-heading-text\">Sa r\u00e1iteas pr\u00edobh\u00e1ideachais seo, m\u00edn\u00edtear an chaoi a n-\u00fas\u00e1ideann Coimisi\u00fan na Me\u00e1n (\u201cAn Coimisi\u00fan\u201d, \u201cmuid\u201d, \u201c\u00e1r\u201d) do shonra\u00ed pearsanta. <\/p><\/div>\n<\/div>\n<\/div><\/div>\n\n\n\n<p><strong>An nuashonr\u00fa is D\u00e9ana\u00ed: <\/strong>03 Deireadh F\u00f3mhair 2025. Leagan 2.0.<br><strong>An nuashonr\u00fa roimhe seo:<\/strong> 24 Feabhra 2025<\/p>\n\n\n\n<p>Ag an gCoimisi\u00fan, t\u00e1imid tiomanta do d\u2019fhaisn\u00e9is phearsanta (\u2018sonra\u00ed pearsanta\u2019) a chosaint. Cumhda\u00edtear leis an r\u00e1iteas pr\u00edobh\u00e1ideachais seo \u00e1r su\u00edomhanna gr\u00e9as\u00e1in &#8211; <a href=\"http:\/\/www.cnam.ie\/ga\">www.cnam.ie\/ga\/<\/a> agus <a href=\"http:\/\/www.medialiteracyireland.ie\/ga\/\" target=\"_blank\" rel=\"noopener\">www.medialiteracyireland.ie\/ga\/<\/a> (\u2018su\u00edomhanna gr\u00e9as\u00e1in\u2019). M\u00edn\u00edtear ann do chearta cosanta sonra\u00ed agus an chaoi a bhf\u00e9adaimis, mar Rialaitheoir Sonra\u00ed, do shonra\u00ed a bhaili\u00fa, a \u00fas\u00e1id, a phr\u00f3ise\u00e1il, agus a nochtadh i gcaitheamh d&#8217;idirghn\u00edomha\u00edochta\u00ed linn tr\u00edn\u00e1r su\u00edomhanna gr\u00e9as\u00e1in, tr\u00edn\u00e1r l\u00ednte teileaf\u00f3in n\u00f3 tr\u00ed bhealach eile seachas sin ina bpr\u00f3ise\u00e1iltear sonra\u00ed as l\u00edne. Is f\u00e9idir brabhs\u00e1il tr\u00edd an gcuid is m\u00f3 d\u00e1r su\u00edomh gr\u00e9as\u00e1in gan faisn\u00e9is ar bith mar gheall ort f\u00e9in a thabhairt d\u00fainn. B\u00edonn faisn\u00e9is uainn uaireanta, \u00e1fach, mar shampla chun freagra\u00ed a thabhairt ar do chuid ceisteanna agus\/n\u00f3 ar do chuid gear\u00e1n. Mura bhfuil t\u00fa s\u00e1sta aon fhaisn\u00e9is a shol\u00e1thar d\u00fainn mar gheall ort f\u00e9in, tabhair faoi deara nach mbeidh s\u00e9 ar \u00e1r gcumas freagra\u00ed a thabhairt duit ar cheist ar bith n\u00f3 ar theachtaireacht ar bith a sheolann t\u00fa chugainn.<\/p>\n\n\n\n<nav class=\"wp-block-uagb-container link-list uagb-block-2e49114d alignfull uagb-is-root-container\"><div class=\"uagb-container-inner-blocks-wrap\">\n<div class=\"wp-block-uagb-advanced-heading uagb-block-3e7faab4\"><p class=\"uagb-heading-text\"><strong>Ar an leathanach seo:<\/strong><\/p><\/div>\n\n\n\n<ul class=\"wp-block-list\">\n<li><a href=\"#muid\">C\u00e9 muid f\u00e9in<\/a><\/li>\n\n\n\n<li><a href=\"#conas\">Conas teagmh\u00e1il a dh\u00e9anamh linn<\/a><\/li>\n\n\n\n<li><a href=\"#sonrai\">Na sonra\u00ed pearsanta a l\u00e1imhse\u00e1laimid<\/a><\/li>\n\n\n\n<li><a href=\"#chaoi\">An chaoi a bpr\u00f3ise\u00e1laimid do shonra\u00ed<\/a><\/li>\n\n\n\n<li><a href=\"#chearta\">Do chearta Cosanta Sonra\u00ed<\/a><\/li>\n\n\n\n<li><a href=\"#chomhroinnt\">Do shonra\u00ed a chomhroinnt<\/a><\/li>\n\n\n\n<li><a href=\"#fad\">An fad a choinn\u00edmid do shonra\u00ed<\/a><\/li>\n\n\n\n<li><a href=\"#traschuir\">Traschuir Idirn\u00e1isi\u00fanta<\/a><\/li>\n\n\n\n<li><a href=\"#an\">An chaoi a gcosna\u00edmid do shonra\u00ed<\/a><\/li>\n\n\n\n<li><a href=\"#do\">Do cheanglas maidir le sonra\u00ed a shol\u00e1thar<\/a><\/li>\n\n\n\n<li><a href=\"#ccs\">Conas gear\u00e1n a chur isteach leis an gCoimisi\u00fan um Chosaint Sonra\u00ed<\/a><\/li>\n\n\n\n<li><a href=\"#athruithe\">Athruithe ar an R\u00e1iteas Pr\u00edobh\u00e1ideachais seo<\/a><\/li>\n<\/ul>\n<\/div><\/nav>\n\n\n\n<h2 class=\"wp-block-heading\" id=\"muid\">C\u00e9 muid f\u00e9in<\/h2>\n\n\n\n<p>Is \u00e9 an Coimisi\u00fan an rialt\u00f3ir me\u00e1n neamhsple\u00e1ch, n\u00e1isi\u00fanta at\u00e1 freagrach as forbairt agus maoirseacht a dh\u00e9anamh ar th\u00edrdhreach me\u00e1n at\u00e1 rath\u00fail, \u00e9ags\u00fail, cruthaitheach, s\u00e1bh\u00e1ilte, agus iontaofa in \u00c9irinn. Buna\u00edodh \u00e1r n eagra\u00edocht i M\u00e1rta 2023 de thoradh fhor\u00e1lacha an Achta um Rial\u00e1il S\u00e1bh\u00e1ilteachta ar L\u00edne agus na Me\u00e1n, 2022. T\u00e1 cumhachta\u00ed reacht\u00fala, dualgais agus feidhmeanna againn faoi roinnt pr\u00edomhph\u00edosa\u00ed reachta\u00edochta lena n-\u00e1ir\u00edtear an Gn\u00edomh um Sheirbh\u00eds\u00ed Digiteacha, an \u2018Creat S\u00e1bh\u00e1ilteachta ar L\u00edne\u2019, agus faoin Acht Craolach\u00e1in 2009 arna leas\u00fa. Cuireann An Coimisi\u00fan an r\u00e9im rial\u00e1la maidir le s\u00e1bh\u00e1ilteacht ar l\u00edne chun feidhme, riala\u00edmid craolt\u00f3ir\u00ed agus sol\u00e1thraithe f\u00edse\u00e1n ar \u00e9ileamh, agus taca\u00edmid le hearn\u00e1il na me\u00e1n i gcoitinne.<\/p>\n\n\n\n<h2 class=\"wp-block-heading\" id=\"conas\">Conas teagmh\u00e1il a dh\u00e9anamh linn<\/h2>\n\n\n\n<p>Is f\u00e9idir leat teagmh\u00e1il a dh\u00e9anamh leis an gCoimisi\u00fan m\u00e1 t\u00e1 aon cheisteanna agat maidir leis an gcaoi a bpr\u00f3ise\u00e1laimid do shonra\u00ed pearsanta in\u00e1r gc\u00e1il mar rialaitheoir sonra\u00ed tr\u00ed \u00fas\u00e1id a bhaint as \u00e1r sonra\u00ed teagmh\u00e1la: <\/p>\n\n\n\n<ul class=\"wp-block-list\">\n<li>tr\u00ed r\u00edomhphost a sheoladh chuig <a href=\"mailto:dpo@cnam.ie\">dpo@cnam.ie<\/a><\/li>\n\n\n\n<li>tr\u00ed phost a sheoladh chuig \u00e1r n-oifig leis an seoladh seo a leanas: Coimisi\u00fan na Me\u00e1n (f\/ch Oifigeach Cosanta Sonra\u00ed), 1 Foirgnimh Sh\u00edol Bhroin, B\u00f3thar Sh\u00edol Bhroin, Baile \u00c1tha Cliath 4, D04 NP20, \u00c9ire<\/li>\n<\/ul>\n\n\n\n<h2 class=\"wp-block-heading\" id=\"sonrai\">Na sonra\u00ed pearsanta a l\u00e1imhse\u00e1laimid<\/h2>\n\n\n\n<h3 class=\"wp-block-heading\">Na Sonra\u00ed Pearsanta a shol\u00e1thra\u00edonn t\u00fa don Choimisi\u00fan<\/h3>\n\n\n\n<p>Bail\u00edonn agus pr\u00f3ise\u00e1lann An Coimisi\u00fan sonra\u00ed pearsanta agus \u00e9 ag cur a chuid feidhmeanna reacht\u00fala i gcr\u00edch agus, chomh maith leis sin, nuair a phr\u00f3ise\u00e1lann s\u00e9 sonra\u00ed pearsanta chun cr\u00edocha eile at\u00e1 mar chr\u00edocha feidhmi\u00fala eile de chuid an Choimisi\u00fain. T\u00e1 neart c\u00e1sanna ann ina mbail\u00edmid agus a bpr\u00f3ise\u00e1laimid sonra\u00ed pearsanta. I measc na gc\u00e1sanna sin, \u00e1ir\u00edtear- freagra\u00ed a thabhairt ar fhiosruithe maidir leis na me\u00e1in agus craolach\u00e1n, gear\u00e1in a l\u00e1imhse\u00e1il, maoirseacht a dh\u00e9anamh ar chomhl\u00edonadh reachta\u00edochta \u00e1bhartha, agus fiosr\u00fach\u00e1in a dh\u00e9anamh.<\/p>\n\n\n\n<h4 class=\"wp-block-heading\">Is f\u00e9idir go n-\u00e1ireofar na nithe seo a leanas leis na sonra\u00ed pearsanta a shol\u00e1thra\u00edonn t\u00fa d\u00fainn:<\/h4>\n\n\n\n<ul class=\"wp-block-list\">\n<li>Nuair a thugann t\u00fa cuairt ar \u00e1r su\u00edomhanna gr\u00e9as\u00e1in agus nuair a idirghn\u00edomha\u00edonn t\u00fa len\u00e1r gcuid uirlis\u00ed, amhail:\n<ul class=\"wp-block-list\">\n<li>Cuairt a thabhairt ar <a href=\"http:\/\/www.cnam.ie\/ga\">www.cnam.ie\/ga<\/a>&nbsp;agus <a href=\"http:\/\/www.medialiteracyireland.ie\/ga\" target=\"_blank\" rel=\"noreferrer noopener\">www.medialiteracyireland.ie\/ga<\/a><\/li>\n\n\n\n<li>Sonra\u00ed a chur in\u00e1r bhfoirmeacha ar l\u00edne<\/li>\n\n\n\n<li>Gear\u00e1n a chur isteach<\/li>\n<\/ul>\n<\/li>\n<\/ul>\n\n\n\n<ul class=\"wp-block-list\">\n<li>Aon chumars\u00e1id a dh\u00e9anann t\u00fa linn ar an bhf\u00f3n n\u00f3 tr\u00edd an r\u00edomhphost<\/li>\n<\/ul>\n\n\n\n<h3 class=\"wp-block-heading\">Sonra\u00ed Pearsanta nach sol\u00e1thra\u00edonn t\u00fa <\/h3>\n\n\n\n<p>D&#8217;fh\u00e9adfaimis sonra\u00ed pearsanta mar gheall ort f\u00e9in a fh\u00e1il \u00f3 fhoins\u00ed eile freisin, mar fhreagra ar ghear\u00e1n a dh\u00e9anann t\u00fa linn, mar shampla, \u00f3 ghear\u00e1nach, \u00f3 shol\u00e1thra\u00ed seirbh\u00edse idirghabh\u00e1la\u00ed (\u2018ISP\u2019), \u00f3 \u00fadar\u00e1s rial\u00e1la eile, n\u00f3 \u00f3 fhaisn\u00e9is at\u00e1 ar f\u00e1il go poibl\u00ed a bhfaighimid rochtain uirthi le linn d\u00fainn \u00e1r bhfeidhmeanna maoirseachta agus forfheidhmithe a chomhl\u00edonadh.<\/p>\n\n\n\n<p>D\u2019fh\u00e9adfaimis na sonra\u00ed pearsanta seo a leanas a phr\u00f3ise\u00e1il ag brath ar do chuid idirghn\u00edomha\u00edochta\u00ed linn:<\/p>\n\n\n\n<ul class=\"wp-block-list\">\n<li>Ainm<\/li>\n\n\n\n<li>Seoladh<\/li>\n\n\n\n<li>Seoladh r\u00edomhphoist<\/li>\n\n\n\n<li>Uimhir ghuth\u00e1in<\/li>\n\n\n\n<li>Sonra\u00ed maidir le d\u2019iarratas\/do cheist\/do ghear\u00e1n<\/li>\n\n\n\n<li>Sonra\u00ed maidir le do chuntas \u00fas\u00e1ideora ar ard\u00e1n ar l\u00edne ar leith<\/li>\n\n\n\n<li>Sonra\u00ed maidir le h\u00e1bhar a roinn t\u00fa ar ard\u00e1n ar leith<\/li>\n\n\n\n<li>Sonra\u00ed maidir le hidirghn\u00edomha\u00edochta\u00ed idir t\u00fa f\u00e9in agus an Sol\u00e1thra\u00ed Seirbh\u00eds\u00ed Idirl\u00edn (ISP)<\/li>\n\n\n\n<li>Catag\u00f3ir\u00ed Speisialta sonra\u00ed amhail bunadh cin\u00edoch n\u00f3 eitneach, tuairim pholaiti\u00fail, reiligi\u00fan n\u00f3 creidimh, ballra\u00edocht i gceardchumann, st\u00e1das g\u00e9initeach n\u00f3 sl\u00e1inte, n\u00f3 claonadh gn\u00e9is<\/li>\n\n\n\n<li>Sonra\u00ed pearsanta maidir le cionta coiri\u00fala<\/li>\n\n\n\n<li>Nuair a cheada\u00edonn t\u00fa fian\u00e1in agus t\u00fa ag brabhs\u00e1il ar \u00e1r su\u00edomh gr\u00e9as\u00e1in<\/li>\n<\/ul>\n\n\n\n<h2 class=\"wp-block-heading\" id=\"chaoi\">An chaoi a bpr\u00f3ise\u00e1laimid do shonra\u00ed<\/h2>\n\n\n\n<p>Braitheann an chaoi a bpr\u00f3ise\u00e1laimid do shonra\u00ed pearsanta ar an gcine\u00e1l idirghn\u00edomha\u00edochta a dh\u00e9anann t\u00fa linn.<\/p>\n\n\n\n<p>\u00das\u00e1idimid na sonra\u00ed pearsanta a bhail\u00edmid chun na nithe seo a leanas a bhaint amach:<\/p>\n\n\n\n<h4 class=\"wp-block-heading\">\u00c1r gc\u00faraim\u00ed agus \u00e1r bhfeidhm mar chomhlacht rial\u00e1la poibl\u00ed a chur i gcr\u00edch<\/h4>\n\n\n\n<ul class=\"wp-block-list\">\n<li>Gear\u00e1in agus s\u00e1ruithe l\u00edomhnaithe a scr\u00fad\u00fa agus a fhiosr\u00fa lena shocr\u00fa an bhfuil g\u00e1 le tuilleadh gn\u00edomha\u00edochta, lena n-\u00e1ir\u00edtear c\u00e9 acu ar ch\u00f3ir n\u00f3 n\u00e1r ch\u00f3ir s\u00e1ruithe l\u00edomhnaithe a fhiosr\u00fa. D\u2019fh\u00e9adfadh s\u00e9 seo ceangal a chur orainn sonra\u00ed pearsanta a thug t\u00fa d\u00fainn i ngear\u00e1n a roinnt leis an eagra\u00edocht a riala\u00edmid chun do ghear\u00e1n a r\u00e9iteach.<\/li>\n\n\n\n<li>Imeachta\u00ed dl\u00ed a thionscnamh nuair is cu\u00ed lena n-\u00e1ir\u00edtear c\u00farsa\u00ed a bhaineann len\u00e1r bhfeidhmeanna forfheidhmithe. <\/li>\n\n\n\n<li>Cl\u00e1ir \u00e1irithe a choime\u00e1d lena n-\u00e1ir\u00edtear cl\u00e1r s\u00e1ruithe.<\/li>\n\n\n\n<li>Seirbh\u00eds\u00ed ar l\u00edne a shol\u00e1thar duit lena n-\u00e1ir\u00edtear pr\u00f3ise\u00e1il do shonra\u00ed pearsanta nuair at\u00e1 \u2018fian\u00e1in\u2019 i gceist ar \u00e1r su\u00edomhanna gr\u00e9as\u00e1in. Is f\u00e9idir tuilleadh eolais ar fhian\u00e1in a fh\u00e1il in\u00e1r \u2018<a href=\"https:\/\/www.cnam.ie\/ga\/rialachas\/cosaint-sonrai-priobhaideachas\/socruithe-fianain\/\">mBeartas Fian\u00e1in<\/a>\u2019.<\/li>\n\n\n\n<li>Freagra a thabhairt duit maidir le fiosruithe, le gear\u00e1in agus\/n\u00f3 le haighneachta\u00ed a chuir t\u00fa isteach.<\/li>\n\n\n\n<li>Cinnt\u00ed a dh\u00e9anamh, \u00e1r n-anail\u00eds a fhorbairt agus \u00e1r ngn\u00edomha\u00edochta\u00ed a fhorbairt maidir le tortha\u00ed agus gn\u00edomha\u00edochta\u00ed ceartaitheacha.<\/li>\n\n\n\n<li>Comhoibri\u00fa le comhlachta\u00ed forfheidhmithe eile amhail \u00fadar\u00e1is an Aontais Eorpaigh agus \u00fadar\u00e1is idirn\u00e1isi\u00fanta, lena n-air\u00edtear comhoibri\u00fa ar ch\u00farsa\u00ed forfheidhmithe.<\/li>\n\n\n\n<li>\u00c1r bhfeidhmeanna a chur i gcr\u00edch maidir le cionta a ionch\u00faiseamh agus sonra\u00ed ciontaithe a fhoilsi\u00fa.<br><\/li>\n<\/ul>\n\n\n\n<h4 class=\"wp-block-heading\">\u00c1r n-oibleag\u00e1id\u00ed dl\u00edthi\u00fala n\u00f3 rial\u00e1la a chomhl\u00edonadh<\/h4>\n\n\n\n<ul class=\"wp-block-list\">\n<li>Freagra a thabhairt ar iarratas ar Shaor\u00e1il Faisn\u00e9ise<\/li>\n\n\n\n<li>Freagra a thabhairt ar Iarratas ar Chearta \u00c1bhair<\/li>\n\n\n\n<li>Freagra a thabhairt ar iarratas cead\u00fanaithe<\/li>\n\n\n\n<li>Comhl\u00edonadh go ginear\u00e1lta le dl\u00edthe, le rialach\u00e1in agus le hoibleag\u00e1id\u00ed dl\u00edthi\u00fala eile a bhfuilimid faoina r\u00e9ir<\/li>\n<\/ul>\n\n\n\n<h4 class=\"wp-block-heading\">Conradh a thos\u00fa n\u00f3 a chomhl\u00edonadh leat<\/h4>\n\n\n\n<ul class=\"wp-block-list\">\n<li>\u00cdoca\u00edochta\u00ed a dh\u00e9anamh leat<\/li>\n\n\n\n<li>\u00c9ifeacht a thabhairt d\u2019fhor\u00e1lacha conarthacha a d\u2019fh\u00e9adfadh a bheith i bhfeidhm<\/li>\n<\/ul>\n\n\n\n<h4 class=\"wp-block-heading\">Forghn\u00edomh\u00fa gn\u00f3 a chur i bhfeidhm<\/h4>\n\n\n\n<ul class=\"wp-block-list\">\n<li>Bainisti\u00fa airgeadais, bainisti\u00fa cuntais, seirbh\u00eds do chustaim\u00e9ir\u00ed, tuairisci\u00fa bainist\u00edochta, anail\u00eds<\/li>\n\n\n\n<li>Ini\u00fach\u00f3ireachta\u00ed inmhe\u00e1nacha agus imscr\u00faduithe<\/li>\n\n\n\n<li>Monat\u00f3ireacht a dh\u00e9anamh ar \u00fas\u00e1ideoir\u00ed an tsu\u00edmh chun bagairt\u00ed sl\u00e1nd\u00e1la a aithint<\/li>\n\n\n\n<li>Maoini\u00fa a riaradh agus iarratais ar mhaoini\u00fa a bhainisti\u00fa<\/li>\n<\/ul>\n\n\n\n<h4 class=\"wp-block-heading\">Cumars\u00e1id<\/h4>\n\n\n\n<ul class=\"wp-block-list\">\n<li>Idirghn\u00edomha\u00edochta\u00ed ar \u00e1r su\u00edomh gr\u00e9as\u00e1in a thuiscint<\/li>\n\n\n\n<li>\u00c1r su\u00edomh gr\u00e9as\u00e1in a bharrfheabhs\u00fa le go gcruth\u00f3far eisp\u00e9ireas n\u00edos fearr d\u2019\u00fas\u00e1ideoir\u00ed<\/li>\n\n\n\n<li>Cumars\u00e1id a dh\u00e9anamh leat maidir le fiosruithe a rinne t\u00fa<\/li>\n\n\n\n<li>Do rochtain ar \u00e1r su\u00edomhanna gr\u00e9as\u00e1in a \u00e9asc\u00fa<\/li>\n\n\n\n<li>\u00c9 a chur ar do chumas gear\u00e1n a chur isteach<\/li>\n\n\n\n<li>Suirbh\u00e9anna a chruth\u00fa agus anail\u00eds a dh\u00e9anamh orthu <\/li>\n\n\n\n<li>\u00c1r gcuntais mhe\u00e1n s\u00f3isialta agus gn\u00edomha\u00edochta\u00ed a bhaineann leo a bhainisti\u00fa<\/li>\n\n\n\n<li>Rannph\u00e1irt\u00edocht in imeachta\u00ed a bhainisti\u00fa agus\/n\u00f3 rannph\u00e1irt\u00edocht i gcomhdh\u00e1lacha, i ngn\u00edomha\u00edochta\u00ed caidrimh phoibl\u00ed (ar l\u00edne n\u00f3 ar an l\u00e1thair) a \u00e9asc\u00fa<\/li>\n\n\n\n<li>Iarratais maidir le deiseanna gairme agus earca\u00edochta a phr\u00f3ise\u00e1il go d\u00edreach le hiarrth\u00f3ir\u00ed agus\/n\u00f3 le tr\u00ed\u00fa p\u00e1irtithe amhail an tSeirbh\u00eds um Cheapach\u00e1in Phoibl\u00ed<\/li>\n\n\n\n<li>Cumars\u00e1id a sheoladh chugat (e.g. nuachtlitreacha)<\/li>\n\n\n\n<li>Do bhallra\u00edocht in\u00e1r l\u00edonra\u00ed a \u00e9asc\u00fa<\/li>\n\n\n\n<li>Comhairli\u00fach\u00e1in phoibl\u00ed a re\u00e1cht\u00e1il <\/li>\n\n\n\n<li>Do bhallra\u00edocht in medialiteracyireland.ie a bhainisti\u00fa<\/li>\n<\/ul>\n\n\n\n<h3 class=\"wp-block-heading\">Bun\u00fas dl\u00edthi\u00fail chun Sonra\u00ed Pearsanta a phr\u00f3ise\u00e1il<\/h3>\n\n\n\n<p>Braitheann an bun\u00fas dl\u00edthi\u00fail le do shonra\u00ed pearsanta a phr\u00f3ise\u00e1il ar an gcusp\u00f3ir lena nd\u00e9antar iad a phr\u00f3ise\u00e1il.<\/p>\n\n\n\n<p>Is iad seo a leanas na pr\u00edomhbhun\u00fais dhl\u00edthi\u00fala faoi RGCS ar a mbraitheann an Coimisi\u00fan chun sonra\u00ed pearsanta a phr\u00f3ise\u00e1il:<\/p>\n\n\n\n<p><strong>Airteagal 6 (1) (c): T\u00e1 pr\u00f3ise\u00e1il riachtanach chun oibleag\u00e1id dhl\u00edthi\u00fail a bhfuil an Coimisi\u00fan faoina r\u00e9ir a chomhl\u00edonadh.<\/strong><\/p>\n\n\n\n<p>T\u00e1 an chuid is m\u00f3 de na hoibleag\u00e1id\u00ed seo ceangailte len\u00e1r bhfeidhmeanna agus len\u00e1r gcumhachta\u00ed, a leagtar amach go pr\u00edomha sa reachta\u00edocht seo a leanas: <\/p>\n\n\n\n<ul class=\"wp-block-list\">\n<li>An Gn\u00edomh um Sheirbh\u00eds\u00ed Digiteacha, 2024<\/li>\n\n\n\n<li>An tAcht Craolach\u00e1in 2009<\/li>\n\n\n\n<li>An tAcht um Rial\u00e1il S\u00e1bh\u00e1ilteachta ar L\u00edne agus na Me\u00e1n 2022<\/li>\n<\/ul>\n\n\n\n<p>T\u00e1 oibleag\u00e1id\u00ed orainn freisin chun, mar shampla, dl\u00edthe cosanta sonra\u00ed, reachta\u00edocht maidir le saor\u00e1il faisn\u00e9ise, dl\u00ed fosta\u00edochta, dl\u00ed sol\u00e1thair agus dl\u00edthe eile a chomhl\u00edonadh. D\u2019fh\u00e9adfadh go mbeadh oibleag\u00e1id\u00ed conarthacha orainn faoi dhl\u00edthe na gconartha\u00ed chomh maith.<\/p>\n\n\n\n<p>Chun an T\u00e1bla th\u00edos a thuiscint, tugaimid \u2018an reachta\u00edocht is infheidhme\u2019 ar na dl\u00edthe seo i dteannta a ch\u00e9ile. D\u2019fh\u00e9adfa\u00ed an liosta reachta\u00edochta seo a leathn\u00fa le himeacht ama agus, d\u00e1 bhr\u00ed sin, n\u00ed g\u00e1 go bhfuil an liosta seo uileghabh\u00e1lach.<\/p>\n\n\n\n<p><strong>Airteagal 6 (1) (e): is g\u00e1 an phr\u00f3ise\u00e1il sin a dh\u00e9anamh chun c\u00faram a chur i gcr\u00edch ar mhaithe le leas an phobail n\u00f3 i bhfeidhmi\u00fa \u00fadar\u00e1is oifigi\u00fail at\u00e1 d\u00edlsithe don Choimisi\u00fan.<\/strong><\/p>\n\n\n\n<p>Sa t\u00e1bla th\u00edos, l\u00e9ir\u00edtear na cusp\u00f3ir\u00ed, na catag\u00f3ir\u00ed sonra\u00ed pearsanta agus na bun\u00fais dhl\u00edthi\u00fala len\u00e1r gcuid pr\u00f3ise\u00e1la:<\/p>\n\n\n\n<figure class=\"wp-block-table\"><table class=\"has-fixed-layout\"><thead><tr><th><strong>Cusp\u00f3ir <\/strong><\/th><th><strong>Catag\u00f3ir\u00ed Sonra\u00ed Pearsanta<\/strong><\/th><th><strong>Bun\u00fas Dl\u00edthi\u00fail<\/strong><\/th><\/tr><\/thead><tbody><tr><td>Iarratais, ceisteanna agus gear\u00e1in \u00f3 dhaoine aonair a phr\u00f3ise\u00e1il agus freagra a thabhairt orthu<\/td><td>Sonra\u00ed Gear\u00e1naigh<br>Sonra\u00ed \u00c1bhair<br>Sonra\u00ed \u00das\u00e1ideora<br>Sonra\u00ed Catag\u00f3ire Speisialta<br>Sonra\u00ed Coiri\u00fala<\/td><td>Airteagal 6 (1) (e) Leas an Phobail\/\u00dadar\u00e1s Oifigi\u00fail<br>Airteagal 6 (1) (c) Oibleag\u00e1id Dhl\u00edthi\u00fail<br>Airteagal 9 (2) (g) Leas substainti\u00fail an phobail<\/td><\/tr><tr><td>M\u00e1 bhaineann gear\u00e1n le mainneachtain ISP for\u00e1il de chuid an Ghn\u00edmh um Sheirbh\u00eds\u00ed Digiteacha a chomhl\u00edonadh &#8211; f\u00f3gra a thabhairt don ghear\u00e1nach agus do shol\u00e1thr\u00f3ir seirbh\u00edse idirghabh\u00e1la \u00e1bhartha an ghear\u00e1naigh maidir le haon ghn\u00edomhartha at\u00e1 beartaithe, agus maidir le haon chinnt\u00ed at\u00e1 d\u00e9anta.<\/td><td>Sonra\u00ed Gear\u00e1naigh<br>Sonra\u00ed \u00c1bhair<br>Sonra\u00ed \u00das\u00e1ideora<br>Sonra\u00ed Pearsanra<br>Sonra\u00ed Catag\u00f3ire Speisialta<br>Sonra\u00ed Coiri\u00fala<\/td><td>Airteagal 6 (1) (e) Leas an Phobail\/\u00dadar\u00e1s Oifigi\u00fail<br><br>Airteagal 6 (1) (c) Oibleag\u00e1id Dhl\u00edthi\u00fail<br><br>Airteagal 9 (2) (g) Leas substainti\u00fail an phobail<\/td><\/tr><tr><td>Imscr\u00faduithe a dh\u00e9anamh ar sh\u00e1ruithe l\u00edomhnaithe\/amhrasta faoin reachta\u00edocht is infheidhme.<br><\/td><td>Sonra\u00ed Gear\u00e1naigh<br>Sonra\u00ed \u00c1bhair<br>Sonra\u00ed \u00das\u00e1ideora<br>Sonra\u00ed Ionada\u00edocha<br>Sonra\u00ed Catag\u00f3ire Speisialta<br>Sonra\u00ed Coiri\u00fala<\/td><td>Airteagal 6 (1) (e) Leas an Phobail\/\u00dadar\u00e1s Oifigi\u00fail<br><br>Airteagal 6 (1) (c) Oibleag\u00e1id Dhl\u00edthi\u00fail<br><br>Airteagal 9 (2) (g) Leas substainti\u00fail an phobail<\/td><\/tr><tr><td>Feidhmeanna maoirseachta agus forfheidhmithe an Choimisi\u00fain faoin reachta\u00edocht is infheidhme a chur i gcr\u00edch.<\/td><td>Sonra\u00ed Gear\u00e1naigh<br>Sonra\u00ed \u00c1bhair<br>Sonra\u00ed \u00das\u00e1ideora<br>Sonra\u00ed Ionada\u00edocha<br>Sonra\u00ed Pearsanra<br>Sonra\u00ed Catag\u00f3ire Speisialta<br>Sonra\u00ed Coiri\u00fala<\/td><td>Airteagal 6 (1) (e) Leas an Phobail\/\u00dadar\u00e1s Oifigi\u00fail<br>Airteagal 6 (1) (c) Oibleag\u00e1id Dhl\u00edthi\u00fail<br>Airteagal 9 (2) (g) Leas substainti\u00fail an phobail<\/td><\/tr><tr><td>F\u00f3gra maidir le cinnt\u00ed an Choimisi\u00fain a thabhairt don Choimisi\u00fan Eorpach, don Bhord Eorpach um Sheirbh\u00eds\u00ed Digiteacha, do Chomhordaitheoir\u00ed Seirbh\u00eds\u00ed Digiteacha eile de chuid an Aontais Eorpaigh, agus d\u2019aon ph\u00e1irtithe \u00e1bhartha eile, mar a mheasann an Coimisi\u00fan a bheith iomchu\u00ed.<\/td><td>Sonra\u00ed Gear\u00e1naigh<br>Sonra\u00ed \u00c1bhair<br>Sonra\u00ed \u00das\u00e1ideora<br>Sonra\u00ed Ionada\u00edocha<br>Sonra\u00ed Pearsanra<br>Sonra\u00ed Catag\u00f3ire Speisialta<\/td><td>Airteagal 6 (1) (e) Leas an Phobail\/\u00dadar\u00e1s Oifigi\u00fail<br><br>Airteagal 6 (1) (c) Oibleag\u00e1id Dhl\u00edthi\u00fail<br><br>Airteagal 9 (2) (g) Leas substainti\u00fail an phobail<\/td><\/tr><tr><td>Comhoibri\u00fa leis an gCoimisi\u00fan Eorpach, leis an mBord Eorpach um Sheirbh\u00eds\u00ed Digiteacha, le Comhordaitheoir\u00ed Seirbh\u00eds\u00ed Digiteacha eile de chuid an Aontais Eorpaigh, agus le haon ph\u00e1irtithe \u00e1bhartha eile, mar a mheasann an Coimisi\u00fan a bheith iomchu\u00ed, maidir lena bhfeidhmeanna forfheidhmithe, maoirseachta agus imscr\u00fadaithe faoin reachta\u00edocht is infheidhme.<\/td><td>Sonra\u00ed Gear\u00e1naigh<br>Sonra\u00ed \u00c1bhair<br>Sonra\u00ed \u00das\u00e1ideora<br>Sonra\u00ed Ionada\u00edocha<br>Sonra\u00ed Pearsanra<br>Sonra\u00ed Catag\u00f3ire Speisialta<\/td><td>Airteagal 6 (1) (e) Leas an Phobail\/\u00dadar\u00e1s Oifigi\u00fail<br><br>Airteagal 6 (1) (c) Oibleag\u00e1id Dhl\u00edthi\u00fail<br><br>Airteagal 9 (2) (g) Leas substainti\u00fail an phobail<\/td><\/tr><tr><td>Dul i gcomhairle leis an bpobal \u2013 comhairli\u00fach\u00e1in phoibl\u00ed<\/td><td>Ainm<br>Sonra\u00ed teagmh\u00e1la<br>Teidil phoist<br>Sonra\u00ed sl\u00e1inte<br>Eitneacht<br>Claonadh gn\u00e9is<br>Sonra\u00ed airgeadais<br>C\u00e1il\u00edochta\u00ed gairmi\u00fala<br>Tuairim\u00ed polaiti\u00fala<\/td><td>Airteagal 6 (1) (e) Leas an Phobail\/\u00dadar\u00e1s Oifigi\u00fail<br>Airteagal 6 (1) (c) Oibleag\u00e1id Dhl\u00edthi\u00fail<\/td><\/tr><tr><td>Gear\u00e1in n\u00f3 s\u00e1ruithe f\u00e9ideartha a tharchur:<br>&#8211; Chuig Comhordaitheoir Seirbh\u00eds\u00ed Digiteacha eile de chuid an Aontais Eorpaigh;<br>&#8211; Chuig an gCoimisi\u00fan Eorpach (le haghaidh VLOPanna n\u00f3 VLOSEnna);<br>&#8211; Chuig an gCoimisi\u00fan um Ioma\u00edocht agus Cosaint Tomhalt\u00f3ir\u00ed (le haghaidh gear\u00e1n faoi Airteagail 30, 31, n\u00f3 32 den Ghn\u00edomh um Sheirbh\u00eds\u00ed Digiteacha);<br>&#8211; Chuig aon \u00fadar\u00e1s inni\u00fail eile (maidir le c\u00farsa\u00ed laistigh d\u00e1 shainch\u00faram).<\/td><td>Sonra\u00ed Gear\u00e1naigh<br>Sonra\u00ed \u00c1bhair<br>Sonra\u00ed \u00das\u00e1ideora<br>Sonra\u00ed Ionada\u00edocha<br>Sonra\u00ed Pearsanra<\/td><td>Airteagal 6 (1) (e) Leas an Phobail\/\u00dadar\u00e1s Oifigi\u00fail<br>Airteagal 6 (1) (c) Oibleag\u00e1id Dhl\u00edthi\u00fail<br>Airteagal 9 (2) (g) Leas substainti\u00fail an phobail<\/td><\/tr><tr><td>Nuachtlitreacha a sheoladh chugat i gc\u00e1s gur chl\u00e1raigh t\u00fa le ceann d\u00e1r liosta\u00ed seolta agus\/n\u00f3 m\u00e1s ball de cheann d\u00e1r l\u00edonra\u00ed th\u00fa (Litearthacht sna Me\u00e1in, \u00c9ire).<\/td><td>Ainm<br>Seoladh R\u00edomhphoist<\/td><td>Airteagal 6 (1) (a) Toili\u00fa<\/td><\/tr><tr><td>Nuashonruithe nuachta a sheoladh chugat i gc\u00e1s gur chl\u00e1raigh t\u00fa len\u00e1r liosta seolta.<\/td><td>Ainm<br>Seoladh r\u00edomhphoist<br>Eagra\u00edocht<\/td><td>Airteagal 6 (1) (a) Toili\u00fa<\/td><\/tr><tr><td>Th\u00fa a chl\u00e1r\u00fa chun freastal ar imeachta\u00ed a thion\u00f3lann an Coimisi\u00fan.<\/td><td>Ainm<br>Seoladh R\u00edomhphoist<\/td><td>Airteagal 6 (1) (a) Toili\u00fa<\/td><\/tr><tr><td>\u00cdomh\u00e1nna agus\/n\u00f3 \u00e1bhar f\u00edse\u00e1in d\u00edot a ghlacadh, a \u00fas\u00e1id agus\/n\u00f3 a fhoilsi\u00fa. <\/td><td>Ainm<br>Seoladh R\u00edomhphoist<br>\u00cdomh\u00e1nna<br>F\u00edse\u00e1n<\/td><td>Airteagal 6 (1) (a) Toili\u00fa<\/td><\/tr><tr><td>Taighde a dh\u00e9anamh at\u00e1 chun leas an phobail agus chun cr\u00edocha eola\u00edocha, stairi\u00fala n\u00f3 staitisti\u00fala.<\/td><td>Ainm<br>Sonra\u00ed teagmh\u00e1la<br>Aois\/D\u00e1ta Breithe<br>Ballra\u00edocht pholaiti\u00fail<br>Faisn\u00e9is gheografach<br>C\u00e1il\u00edochta\u00ed<br>Inscne<br>Eitneacht<br>Tuairim\u00ed agus Bar\u00falacha<br>Taith\u00ed toghch\u00e1in\/oifige poibl\u00ed<br>Sonra\u00ed sl\u00e1inte<br>N\u00f3sanna \u00fas\u00e1ide na Me\u00e1n<br><br>Eisp\u00e9iris phearsanta lena mbaineann teanga n\u00f3 iompar at\u00e1 gr\u00e1nna, leithchealach, for\u00e9igneach, n\u00f3 droch\u00eddeach.<\/td><td>Airteagal 6 (1) (e) Leas an Phobail\/\u00dadar\u00e1s Oifigi\u00fail<br>Airteagal 9 (2) (g) Leas substainti\u00fail an phobail<\/td><\/tr><tr><td>Freagra a thabhairt ar, agus pr\u00f3ise\u00e1il a dh\u00e9anamh ar iarratais earca\u00edochta.<\/td><td>Ainm<br>Sonra\u00ed teagmh\u00e1la<br>Faisn\u00e9is maidir le Curriculum Vitae<br>Faisn\u00e9is maidir le Litir Chumhdaigh<br>C\u00e1il\u00edochta\u00ed gairmi\u00fala<br>Teistim\u00e9ireachta\u00ed gairmi\u00fala<br>C\u00e1ip\u00e9is Aitheantais<br>F\u00edor\u00fa seolta<br>Inscne<br>D\u00e1ta Breithe<br>Eitneacht<br>Sonra\u00ed sl\u00e1inte<\/td><td>Airteagal 6 (1) (b) Conradh<br>Airteagal 9 (2) (b) Dl\u00ed fosta\u00edochta, dl\u00ed sl\u00e1nd\u00e1la s\u00f3isialta agus dl\u00ed cosanta s\u00f3isialta<\/td><\/tr><tr><td>P\u00edosa scann\u00e1na\u00edochta TCI. <\/td><td>\u00cdomh\u00e1nna f\u00edse <\/td><td>Airteagal 6 (1) (f) Leas Dlisteanach<\/td><\/tr><tr><td>Iarratais ar mhaoini\u00fa a phr\u00f3ise\u00e1il\/<\/td><td>Ainm<br>Sonra\u00ed teagmh\u00e1la<br>Teideal poist<br>Inscne<br>Eitneacht (IC\u00c9I)<br>Sonra\u00ed sl\u00e1inte (m\u00edchumas)<br>Sonra\u00ed airgeadais<br>C\u00e1il\u00edochta\u00ed gairmi\u00fala<br>Curriculum Vitae<\/td><td>Airteagal 6 (1) (a) Toili\u00fa<br>Airteagal 9 (2) (a) Toili\u00fa Sainr\u00e1ite<\/td><\/tr><tr><td>Ballra\u00edocht in Medialiteracyireland.ie a phr\u00f3ise\u00e1il<\/td><td>Ainm<br>Seoladh R\u00edomhphoist<br>Taith\u00ed ar\/sp\u00e9is i Litearthacht sna Me\u00e1in<br>Ainm na hEagra\u00edochta<\/td><td>Airteagal 6 (1) (a) Toili\u00fa<\/td><\/tr><\/tbody><\/table><\/figure>\n\n\n\n<p><\/p>\n\n\n\n<h2 class=\"wp-block-heading\" id=\"chearta\">Do chearta Cosanta Sonra\u00ed<\/h2>\n\n\n\n<p>Faoin dl\u00ed cosanta sonra\u00ed, t\u00e1 na cearta seo a leanas agat: <\/p>\n\n\n\n<ul class=\"wp-block-list\">\n<li>Do cheart go gcuirf\u00ed ar an eolas th\u00fa faoi cib\u00e9 acu at\u00e1imid n\u00f3 nach bhfuilimid ag pr\u00f3ise\u00e1il do shonra\u00ed pearsanta;<\/li>\n\n\n\n<li>Do cheart rochtana &#8211; T\u00e1 s\u00e9 de cheart agat c\u00f3ip de do shonra\u00ed pearsanta a iarraidh orainn. <\/li>\n\n\n\n<li>Do cheart go nd\u00e9anfa\u00ed ceart\u00fach\u00e1in &#8211; T\u00e1 s\u00e9 de cheart agat iarraidh orainn ceart\u00fach\u00e1in a dh\u00e9anamh ar shonra\u00ed pearsanta a mheasann t\u00fa a bheith m\u00edchruinn. T\u00e1 s\u00e9 de cheart agat freisin iarraidh orainn cur le sonra\u00ed a mheasann t\u00fa a bheith neamhioml\u00e1n. <\/li>\n\n\n\n<li>Do cheart go nd\u00e9anfa\u00ed l\u00e9irscriosadh &#8211; T\u00e1 s\u00e9 de cheart agat iarraidh orainn l\u00e9irscriosadh a dh\u00e9anamh ar do shonra\u00ed pearsanta i gc\u00fains\u00ed \u00e1irithe. <\/li>\n\n\n\n<li>Do cheart go gcuirf\u00ed srian le pr\u00f3ise\u00e1il &#8211; T\u00e1 s\u00e9 de cheart agat iarraidh orainn srian a chur le pr\u00f3ise\u00e1il do shonra\u00ed pearsanta i gc\u00fains\u00ed \u00e1irithe. <\/li>\n\n\n\n<li>Do cheart cur i gcoinne na pr\u00f3ise\u00e1la &#8211; T\u00e1 s\u00e9 de cheart agat cur i gcoinne phr\u00f3ise\u00e1il do shonra\u00ed pearsanta i gc\u00fains\u00ed \u00e1irithe.<\/li>\n\n\n\n<li>Do cheart chun iniomparthachta sonra\u00ed &#8211; T\u00e1 s\u00e9 de cheart agat iarraidh orainn do shonra\u00ed pearsanta a thug t\u00fa d\u00fainn a aistri\u00fa chuig eagra\u00edocht eile, n\u00f3 chugat, i gc\u00fains\u00ed \u00e1irithe.<\/li>\n\n\n\n<li>I gc\u00e1s go bpr\u00f3ise\u00e1laimid do chuid sonra\u00ed ar bhonn do thoilithe, t\u00e1 s\u00e9 de cheart agat an toili\u00fa sin a tharraingt siar. <\/li>\n\n\n\n<li>Do cheart gan a bheith faoi r\u00e9ir cinneadh uathoibrithe. \u00d3s rud \u00e9 nach dtugaimid faoin gcinnteoireacht uathoibrithe, n\u00edl feidhm ag an gceart seo.<\/li>\n<\/ul>\n\n\n\n<p><\/p>\n\n\n\n<h2 class=\"wp-block-heading\" id=\"chomhroinnt\">Do shonra\u00ed a chomhroinnt<\/h2>\n\n\n\n<p>Nuair a phr\u00f3ise\u00e1lann an Coimisi\u00fan do Shonra\u00ed Pearsanta, coime\u00e1dtar na sonra\u00ed pearsanta go r\u00fanda agus n\u00ed roinntear le tr\u00ed\u00fa p\u00e1irtithe iad ach amh\u00e1in i gc\u00e1sanna teoranta. I gc\u00e1s go roinnimid do shonra\u00ed pearsanta n\u00f3 i gc\u00e1s go n-iarraimid go nd\u00e9antar iad a phr\u00f3ise\u00e1il ar \u00e1r son, cinnt\u00edmid go bhfuil na conartha\u00ed riachtanacha agus na comhaontaithe riachtanacha um chomhroinnt sonra\u00ed i bhfeidhm againn. Is chun na cr\u00edocha ar tugadh breac-chuntas orthu thuas at\u00e1 an chomhroinnt sonra\u00ed, lena n-\u00e1ir\u00edtear: <\/p>\n\n\n\n<ul class=\"wp-block-list\">\n<li>An Coimisi\u00fan Eorpach, Comhordaitheoir\u00ed Seirbh\u00eds\u00ed Digiteacha eile de chuid an Aontais Eorpaigh, an Coimisi\u00fan um Chosaint Tomhalt\u00f3ir\u00ed agus Ioma\u00edochta (CCPC) agus \u00fadar\u00e1is rial\u00e1la inni\u00fala eile. Sa ch\u00e1s go roinnimid faisn\u00e9is phearsanta a chuir t\u00fa ar f\u00e1il d\u00fainn leis an gCoimisi\u00fan Eorpach, le Comhordaitheoir Seirbh\u00eds\u00ed Digiteacha eile n\u00f3 leis an CCPC, d\u00e9anfar \u00e9 sin le hard\u00e1n sl\u00e1n a d&#8217;fhorbair an Coimisi\u00fan Eorpach; <\/li>\n\n\n\n<li>Craolt\u00f3ir\u00ed, sol\u00e1thraithe ar \u00e9ileamh agus p\u00e1irtithe eile lena mbaineann (e.g. ISPanna) (i gc\u00e1s inar g\u00e1 d\u00fainn faisn\u00e9is phearsanta a shol\u00e1thar a bhaineann le gear\u00e1in a dh\u00e9antar faoi eintitis den s\u00f3rt sin leis na heintitis sin n\u00f3 le hionadaithe de chuid na n-eintiteas sin); <\/li>\n\n\n\n<li>An Garda S\u00edoch\u00e1na, sa ch\u00e1s go mbaineann an gear\u00e1n n\u00f3 an s\u00e1r\u00fa f\u00e9ideartha le cion coiri\u00fail amhrasta; <\/li>\n\n\n\n<li>\u00dadar\u00e1is phoibl\u00ed, comhlachta\u00ed forfheidhmithe dl\u00ed agus\/n\u00f3 eagra\u00edochta\u00ed n\u00f3 comhlachta\u00ed eile nuair is g\u00e1 n\u00f3 nuair a cheada\u00edtear \u00e9 sin de r\u00e9ir an dl\u00ed;<\/li>\n\n\n\n<li>C\u00fairteanna agus daoine\/comhlachta\u00ed at\u00e1 bainteach le c\u00fairteanna agus\/n\u00f3 le himeachta\u00ed c\u00fairte<\/li>\n\n\n\n<li>Tr\u00ed\u00fa p\u00e1irtithe a fhosta\u00edmid chun seirbh\u00eds\u00ed a shol\u00e1thar d\u00fainn (Pr\u00f3ise\u00e1laithe Sonra\u00ed). Maidir len\u00e1r bpr\u00f3iseas l\u00e1imhse\u00e1la gear\u00e1n, mar ch\u00e9ad phointe teagmh\u00e1la, b\u00edmid ag gabh\u00e1il do sheirbh\u00eds\u00ed sol\u00e1thra\u00ed ionaid teagmh\u00e1la ar a dtugtar Fexco. D\u00e9anfaidh Fexco gach gear\u00e1n agus\/n\u00f3 ceist chuig an gCoimisi\u00fan a log\u00e1il ar an gc\u00e9ad dul s\u00edos agus a threor\u00fa de r\u00e9ir mar is cu\u00ed chuig an bhfoireann \u00e1bhartha sa Choimisi\u00fan n\u00f3 chuig p\u00e1irtithe\/\u00fadar\u00e1is \u00e1bhartha eile. Bainimid \u00fas\u00e1id freisin as tr\u00ed\u00fa p\u00e1irtithe eile a shol\u00e1thra\u00edonn seirbh\u00eds\u00ed d\u00fainn. \u00c1ir\u00edtear orthu sin c\u00f3rais a bhaineann le TFC agus seirbh\u00eds\u00ed \u00f3st\u00e1la agus seirbh\u00eds\u00ed gairmi\u00fala ar n\u00f3s ini\u00fach\u00f3ireachta agus dl\u00ed. <\/li>\n<\/ul>\n\n\n\n<h2 class=\"wp-block-heading\" id=\"fad\">An fad a choinn\u00edmid do shonra\u00ed<\/h2>\n\n\n\n<p>Coinneoidh an Coimisi\u00fan do shonra\u00ed pearsanta chomh fada agus is g\u00e1 chun na cr\u00edocha d\u00e1r bhail\u00edomar iad a chur i gcr\u00edch, n\u00f3 chun \u00e1r n-oibleag\u00e1id\u00ed faoin dl\u00ed is infheidhme a chomhl\u00edonadh.<\/p>\n\n\n\n<p>Coinn\u00edmid sonra\u00ed pearsanta a bhaineann le gear\u00e1in n\u00f3 le s\u00e1ruithe l\u00edomhnaithe ar feadh thr\u00e9imhse an ch\u00e1is le linn \u00e9 a bheith gn\u00edomhach. Nuair a dh\u00fantar c\u00e1s, coinneofar na sonra\u00ed ar feadh tr\u00e9imhse c\u00faig bliana. Tar \u00e9is na tr\u00e9imhse seo, d\u00e9anfaimid athbhreithni\u00fa ar na sonra\u00ed chun a ng\u00e1 lean\u00fanach agus a gcomhr\u00e9ireacht a mheas, agus aon bhreithnithe dl\u00edthi\u00fala n\u00f3 rial\u00e1la \u00e1 gcur san \u00e1ireamh againn. D\u2019fh\u00e9adfa\u00ed a \u00e1ireamh in aon s\u00edneadh ar an tr\u00e9imhse ama seo an teorainn ama reacht\u00fail a fhororda\u00edtear do chaingean dl\u00ed i gcoinne chinneadh an Choimisi\u00fain. D\u00e1 bhr\u00ed sin, braitheann an tr\u00e9imhse choinne\u00e1la a chuirtear i bhfeidhm ar imthosca \u00e1irithe an ch\u00e1is, ar fhad an imscr\u00fadaithe agus ar na riachtanais dhl\u00edthi\u00fala agus rial\u00e1la maidir le faisn\u00e9is den s\u00f3rt sin a choinne\u00e1il ar feadh tr\u00e9imhse shonraithe, agus ar deireadh, ar na tr\u00e9imhs\u00ed \u00e1bhartha teorann chun caingean dl\u00ed a thionscnamh. M\u00e1 thionscna\u00edtear caingean dl\u00ed i leith chinneadh an Choimisi\u00fain, sh\u00edneofa\u00ed an tr\u00e9imhse choinne\u00e1la go fad na n-imeachta\u00ed dl\u00ed agus ar feadh tr\u00e9imhse s\u00e9 mh\u00ed ina ndiaidh, i gcomhr\u00e9ir len\u00e1r sceideal coinne\u00e1la.<\/p>\n\n\n\n<p>Coinneofar na sonra\u00ed pearsanta go l\u00e9ir a bhaineann len\u00e1r gcomhoibri\u00fa le h\u00fadar\u00e1is an Aontais Eorpaigh ar feadh fhad riachtanach na gn\u00edomha\u00edochta comhoibrithe sin, rud a d\u2019fh\u00e9adfadh a bheith \u00e9ags\u00fail de r\u00e9ir imthosca an ch\u00e1is. <\/p>\n\n\n\n<p>Coinneofar na sonra\u00ed pearsanta go l\u00e9ir a bhaineann le cion coiri\u00fail amhrasta a ionch\u00faiseamh chomh fada agus is g\u00e1 ar feadh an ionch\u00faisimh agus ar feadh aon imeachta\u00ed dl\u00ed ina dhiaidh sin.<\/p>\n\n\n\n<p>Coinneofar na sonra\u00ed pearsanta go l\u00e9ir a bhail\u00edtear le haghaidh tionscadail taighde ar feadh c\u00faig bliana, agus i gc\u00e1s staid\u00e9ir fhadaimseartha, ar feadh suas le deich mbliana. <\/p>\n\n\n\n<h2 class=\"wp-block-heading\" id=\"traschuir\">Traschuir Idirn\u00e1isi\u00fanta<\/h2>\n\n\n\n<p>D\u2019fh\u00e9adfa\u00ed do shonra\u00ed pearsanta a thraschur chuig t\u00edortha lasmuigh den Limist\u00e9ar Eorpach Eacnama\u00edoch, agus d\u2019fh\u00e9adfa\u00ed iad a phr\u00f3ise\u00e1il sna t\u00edortha sin, leis. D\u2019fh\u00e9adfadh dl\u00edthe cosanta sonra\u00ed at\u00e1 \u00e9ags\u00fail \u00f3 na dl\u00edthe in \u00c9irinn a bheith i bhfeidhm sna t\u00edortha sin. D\u00e9anfaimid bearta iomchu\u00ed lena \u00e1irithi\u00fa go gcosn\u00f3far do shonra\u00ed i gc\u00f3na\u00ed i gcomhr\u00e9ir leis an dl\u00ed is infheidhme. D\u00e9anaimid amhlaidh tr\u00ed bhrath ar sh\u00e1sra\u00ed cu\u00ed aistrithe amhail Cl\u00e1sail Chonarthacha Chaighde\u00e1nacha, Cinnt\u00ed Leordh\u00f3thanachta n\u00f3 modhanna deimhni\u00fach\u00e1in amhail Creat Pr\u00edobh\u00e1ideachais Sonra\u00ed AE-SAM. D\u00e9anaimid Meas\u00fanuithe Tionchair Traschurtha ar Thraschuir Idirn\u00e1isi\u00fanta agus cinnt\u00edmid go bhfuil cosaint\u00ed breise i bhfeidhm.<br><\/p>\n\n\n\n<h2 class=\"wp-block-heading\" id=\"an\">An chaoi a gcosna\u00edmid do shonra\u00ed <\/h2>\n\n\n\n<p>Cuirimid bearta cu\u00ed teicni\u00fala agus eagra\u00edocht\u00fala i bhfeidhm chun do shonra\u00ed pearsanta a chosaint \u00f3 rochtain, nochtadh, athr\u00fa, n\u00f3 l\u00e9irscrios neamh\u00fadaraithe.<\/p>\n\n\n\n<p>Cuirimid srian rochtana ar do shonra\u00ed pearsanta ionas nach f\u00e9idir ach leo si\u00fad a bhfuil leasanna dlisteanacha gn\u00f3 acu teacht orthu. Pr\u00f3ise\u00e1lfar do shonra\u00ed pearsanta ar bhealach \u00fadaraithe amh\u00e1in. Lena chois sin, t\u00e1 n\u00f3sanna imeachta i bhfeidhm againn chun dul i ngleic le haon s\u00e1ruithe amhrasta sl\u00e1nd\u00e1la i leith sonra\u00ed pearsanta.<br><\/p>\n\n\n\n<h2 class=\"wp-block-heading\" id=\"do\">Do cheanglas maidir le sonra\u00ed a shol\u00e1thar<\/h2>\n\n\n\n<p>N\u00edl duine aonair a dh\u00e9anann teagmh\u00e1il linn le ceist, iarratas n\u00f3 gear\u00e1n faoi aon oibleag\u00e1id dhl\u00edthi\u00fail chun sonra\u00ed pearsanta a shol\u00e1thar d\u00fainn. Tabhair faoi deara, \u00e1fach, m\u00e1 dh\u00e9anann t\u00fa teagmh\u00e1il linn le ceist, le hiarratas n\u00f3 le gear\u00e1n agus m\u00e1 theipeann ort roinnt catag\u00f3ir\u00ed sonra\u00ed pearsanta a shol\u00e1thar (m.sh. m\u00e1 dh\u00e9anann t\u00fa gear\u00e1n gan ainm) b&#8217;fh\u00e9idir nach mbeimid in ann freagra a thabhairt ar an tsaincheist a tuairisc\u00edodh d\u00fainn n\u00f3 d\u00e9ile\u00e1il l\u00e9i. <\/p>\n\n\n\n<p>Chomh maith leis sin, t\u00e1 cumhachta\u00ed imscr\u00fadaitheacha againn a chuims\u00edonn an chumhacht chun iallach a chur ar fhaisn\u00e9is a shol\u00e1thar d\u00fainn. Sa ch\u00e1s go n-eis\u00edmid f\u00f3gra chuig duine a \u00e9il\u00edonn orthu faisn\u00e9is a shol\u00e1thar, ansin eascr\u00f3idh oibleag\u00e1id dhl\u00edthi\u00fail as sin chun an fhaisn\u00e9is \u00e1bhartha a shol\u00e1thar, a bhf\u00e9adfadh sonra\u00ed pearsanta a bheith san \u00e1ireamh inti.<br><\/p>\n\n\n\n<h2 class=\"wp-block-heading\" id=\"ccs\">Conas gear\u00e1n a chur isteach leis an gCoimisi\u00fan um Chosaint Sonra\u00ed<\/h2>\n\n\n\n<p>T\u00e1 s\u00e9 de cheart agat gear\u00e1n a chur isteach maidir leis an gcaoi a l\u00e1imhse\u00e1laimid do shonra\u00ed pearsanta leis an \u00fadar\u00e1s maoirseachta inni\u00fail, an CCS. Is f\u00e9idir teagmh\u00e1il a dh\u00e9anamh le CCS tr\u00edna shu\u00edomh gr\u00e9as\u00e1in <a href=\"http:\/\/www.dataprotection.ie\" target=\"_blank\" rel=\"noopener\">www.dataprotection.ie<\/a>\u202fn\u00f3 i scr\u00edbhinn ag:<br>An Coimisi\u00fan um Chosaint Sonra\u00ed<br>6 Rae Pheambr\u00f3g<br>Baile \u00c1tha Cliath 2<br>D02 X963<br>\u00c9ire<\/p>\n\n\n\n<h2 class=\"wp-block-heading\" id=\"athruithe\">Athruithe ar an R\u00e1iteas Pr\u00edobh\u00e1ideachais seo<\/h2>\n\n\n\n<p>D\u2019fh\u00e9adfaimis an R\u00e1iteas Pr\u00edobh\u00e1ideachais seo a nuashonr\u00fa \u00f3 am go ch\u00e9ile, mar sin, seice\u00e1il an R\u00e1iteas Pr\u00edobh\u00e1ideachais seo go tr\u00e9imhsi\u00fail le haghaidh athruithe. Is f\u00e9idir tagairt do dh\u00e1ta an nuashonraithe is d\u00e9ana\u00ed a fh\u00e1il ar bharr an r\u00e1itis seo.  <\/p>\n","protected":false},"excerpt":{"rendered":"<p>Sa r\u00e1iteas pr\u00edobh\u00e1ideachais seo, m\u00edn\u00edtear an chaoi a n-\u00fas\u00e1ideann Coimisi\u00fan na Me\u00e1n (\u201cAn Coimisi\u00fan\u201d, \u201cmuid\u201d, \u201c\u00e1r\u201d) do shonra\u00ed pearsanta. An nuashonr\u00fa is D\u00e9ana\u00ed: 03 Deireadh F\u00f3mhair 2025. Leagan 2.0.An nuashonr\u00fa roimhe seo: 24 Feabhra 2025 Ag an gCoimisi\u00fan, t\u00e1imid tiomanta do d\u2019fhaisn\u00e9is phearsanta (\u2018sonra\u00ed pearsanta\u2019) a chosaint. Cumhda\u00edtear leis an r\u00e1iteas pr\u00edobh\u00e1ideachais seo \u00e1r su\u00edomhanna [&hellip;]<\/p>\n","protected":false},"author":1,"featured_media":0,"parent":12435,"menu_order":0,"comment_status":"closed","ping_status":"closed","template":"","meta":{"_acf_changed":false,"_relevanssi_hide_post":"","_relevanssi_hide_content":"","_relevanssi_pin_for_all":"","_relevanssi_pin_keywords":"","_relevanssi_unpin_keywords":"","_relevanssi_related_keywords":"","_relevanssi_related_include_ids":"","_relevanssi_related_exclude_ids":"","_relevanssi_related_no_append":"","_relevanssi_related_not_related":"","_relevanssi_related_posts":"3328,3726,7630,4956,806,858","_relevanssi_noindex_reason":"","_uag_custom_page_level_css":"","footnotes":""},"class_list":["post-12133","page","type-page","status-publish","hentry"],"acf":[],"yoast_head":"<!-- This site is optimized with the Yoast SEO plugin v27.5 - https:\/\/yoast.com\/product\/yoast-seo-wordpress\/ -->\n<title>R\u00e1iteas pr\u00edobh\u00e1ideachais - Coimisi\u00fan na Me\u00e1n<\/title>\n<meta name=\"robots\" content=\"index, follow, max-snippet:-1, max-image-preview:large, max-video-preview:-1\" \/>\n<link rel=\"canonical\" href=\"https:\/\/www.cnam.ie\/ga\/rialachas\/cosaint-sonrai-priobhaideachas\/raiteas-priobhaideachais\/\" \/>\n<meta property=\"og:locale\" content=\"ga_IE\" \/>\n<meta property=\"og:type\" content=\"article\" \/>\n<meta property=\"og:title\" content=\"R\u00e1iteas pr\u00edobh\u00e1ideachais - Coimisi\u00fan na Me\u00e1n\" \/>\n<meta property=\"og:description\" content=\"Sa r\u00e1iteas pr\u00edobh\u00e1ideachais seo, m\u00edn\u00edtear an chaoi a n-\u00fas\u00e1ideann Coimisi\u00fan na Me\u00e1n (\u201cAn Coimisi\u00fan\u201d, \u201cmuid\u201d, \u201c\u00e1r\u201d) do shonra\u00ed pearsanta. An nuashonr\u00fa is D\u00e9ana\u00ed: 03 Deireadh F\u00f3mhair 2025. Leagan 2.0.An nuashonr\u00fa roimhe seo: 24 Feabhra 2025 Ag an gCoimisi\u00fan, t\u00e1imid tiomanta do d\u2019fhaisn\u00e9is phearsanta (\u2018sonra\u00ed pearsanta\u2019) a chosaint. Cumhda\u00edtear leis an r\u00e1iteas pr\u00edobh\u00e1ideachais seo \u00e1r su\u00edomhanna [&hellip;]\" \/>\n<meta property=\"og:url\" content=\"https:\/\/www.cnam.ie\/ga\/rialachas\/cosaint-sonrai-priobhaideachas\/raiteas-priobhaideachais\/\" \/>\n<meta property=\"og:site_name\" content=\"Coimisi\u00fan na Me\u00e1n\" \/>\n<meta property=\"article:publisher\" content=\"https:\/\/www.facebook.com\/CNaM.Ireland\/\" \/>\n<meta property=\"article:modified_time\" content=\"2025-10-07T08:28:55+00:00\" \/>\n<meta name=\"twitter:card\" content=\"summary_large_image\" \/>\n<meta name=\"twitter:site\" content=\"@CNaM_ie\" \/>\n<meta name=\"twitter:label1\" content=\"Est. reading time\" \/>\n\t<meta name=\"twitter:data1\" content=\"20 minutes\" \/>\n<script type=\"application\/ld+json\" class=\"yoast-schema-graph\">{\"@context\":\"https:\\\/\\\/schema.org\",\"@graph\":[{\"@type\":\"WebPage\",\"@id\":\"https:\\\/\\\/www.cnam.ie\\\/ga\\\/rialachas\\\/cosaint-sonrai-priobhaideachas\\\/raiteas-priobhaideachais\\\/\",\"url\":\"https:\\\/\\\/www.cnam.ie\\\/ga\\\/rialachas\\\/cosaint-sonrai-priobhaideachas\\\/raiteas-priobhaideachais\\\/\",\"name\":\"R\u00e1iteas pr\u00edobh\u00e1ideachais - Coimisi\u00fan na Me\u00e1n\",\"isPartOf\":{\"@id\":\"https:\\\/\\\/www.cnam.ie\\\/ga\\\/#website\"},\"datePublished\":\"2024-09-23T12:39:09+00:00\",\"dateModified\":\"2025-10-07T08:28:55+00:00\",\"breadcrumb\":{\"@id\":\"https:\\\/\\\/www.cnam.ie\\\/ga\\\/rialachas\\\/cosaint-sonrai-priobhaideachas\\\/raiteas-priobhaideachais\\\/#breadcrumb\"},\"inLanguage\":\"ga-IE\",\"potentialAction\":[{\"@type\":\"ReadAction\",\"target\":[\"https:\\\/\\\/www.cnam.ie\\\/ga\\\/rialachas\\\/cosaint-sonrai-priobhaideachas\\\/raiteas-priobhaideachais\\\/\"]}]},{\"@type\":\"BreadcrumbList\",\"@id\":\"https:\\\/\\\/www.cnam.ie\\\/ga\\\/rialachas\\\/cosaint-sonrai-priobhaideachas\\\/raiteas-priobhaideachais\\\/#breadcrumb\",\"itemListElement\":[{\"@type\":\"ListItem\",\"position\":1,\"name\":\"Home\",\"item\":\"https:\\\/\\\/www.cnam.ie\\\/ga\\\/\"},{\"@type\":\"ListItem\",\"position\":2,\"name\":\"Rialachas\",\"item\":\"https:\\\/\\\/www.cnam.ie\\\/ga\\\/rialachas\\\/\"},{\"@type\":\"ListItem\",\"position\":3,\"name\":\"Cosaint sonra\u00ed &#038; pr\u00edobh\u00e1ideachas\",\"item\":\"https:\\\/\\\/www.cnam.ie\\\/ga\\\/rialachas\\\/cosaint-sonrai-priobhaideachas\\\/\"},{\"@type\":\"ListItem\",\"position\":4,\"name\":\"R\u00e1iteas pr\u00edobh\u00e1ideachais\"}]},{\"@type\":\"WebSite\",\"@id\":\"https:\\\/\\\/www.cnam.ie\\\/ga\\\/#website\",\"url\":\"https:\\\/\\\/www.cnam.ie\\\/ga\\\/\",\"name\":\"Coimisiun na Mean\",\"description\":\"Coimisi\u00fan na Me\u00e1n\",\"publisher\":{\"@id\":\"https:\\\/\\\/www.cnam.ie\\\/ga\\\/#organization\"},\"potentialAction\":[{\"@type\":\"SearchAction\",\"target\":{\"@type\":\"EntryPoint\",\"urlTemplate\":\"https:\\\/\\\/www.cnam.ie\\\/ga\\\/?s={search_term_string}\"},\"query-input\":{\"@type\":\"PropertyValueSpecification\",\"valueRequired\":true,\"valueName\":\"search_term_string\"}}],\"inLanguage\":\"ga-IE\"},{\"@type\":\"Organization\",\"@id\":\"https:\\\/\\\/www.cnam.ie\\\/ga\\\/#organization\",\"name\":\"Coimisiun na Mean\",\"url\":\"https:\\\/\\\/www.cnam.ie\\\/ga\\\/\",\"logo\":{\"@type\":\"ImageObject\",\"inLanguage\":\"ga-IE\",\"@id\":\"https:\\\/\\\/www.cnam.ie\\\/ga\\\/#\\\/schema\\\/logo\\\/image\\\/\",\"url\":\"https:\\\/\\\/www.cnam.ie\\\/app\\\/uploads\\\/2024\\\/12\\\/Website-image-with-logo.jpg\",\"contentUrl\":\"https:\\\/\\\/www.cnam.ie\\\/app\\\/uploads\\\/2024\\\/12\\\/Website-image-with-logo.jpg\",\"width\":1200,\"height\":800,\"caption\":\"Coimisiun na Mean\"},\"image\":{\"@id\":\"https:\\\/\\\/www.cnam.ie\\\/ga\\\/#\\\/schema\\\/logo\\\/image\\\/\"},\"sameAs\":[\"https:\\\/\\\/www.facebook.com\\\/CNaM.Ireland\\\/\",\"https:\\\/\\\/x.com\\\/CNaM_ie\"]}]}<\/script>\n<!-- \/ Yoast SEO plugin. -->","yoast_head_json":{"title":"R\u00e1iteas pr\u00edobh\u00e1ideachais - Coimisi\u00fan na Me\u00e1n","robots":{"index":"index","follow":"follow","max-snippet":"max-snippet:-1","max-image-preview":"max-image-preview:large","max-video-preview":"max-video-preview:-1"},"canonical":"https:\/\/www.cnam.ie\/ga\/rialachas\/cosaint-sonrai-priobhaideachas\/raiteas-priobhaideachais\/","og_locale":"ga_IE","og_type":"article","og_title":"R\u00e1iteas pr\u00edobh\u00e1ideachais - Coimisi\u00fan na Me\u00e1n","og_description":"Sa r\u00e1iteas pr\u00edobh\u00e1ideachais seo, m\u00edn\u00edtear an chaoi a n-\u00fas\u00e1ideann Coimisi\u00fan na Me\u00e1n (\u201cAn Coimisi\u00fan\u201d, \u201cmuid\u201d, \u201c\u00e1r\u201d) do shonra\u00ed pearsanta. An nuashonr\u00fa is D\u00e9ana\u00ed: 03 Deireadh F\u00f3mhair 2025. Leagan 2.0.An nuashonr\u00fa roimhe seo: 24 Feabhra 2025 Ag an gCoimisi\u00fan, t\u00e1imid tiomanta do d\u2019fhaisn\u00e9is phearsanta (\u2018sonra\u00ed pearsanta\u2019) a chosaint. Cumhda\u00edtear leis an r\u00e1iteas pr\u00edobh\u00e1ideachais seo \u00e1r su\u00edomhanna [&hellip;]","og_url":"https:\/\/www.cnam.ie\/ga\/rialachas\/cosaint-sonrai-priobhaideachas\/raiteas-priobhaideachais\/","og_site_name":"Coimisi\u00fan na Me\u00e1n","article_publisher":"https:\/\/www.facebook.com\/CNaM.Ireland\/","article_modified_time":"2025-10-07T08:28:55+00:00","twitter_card":"summary_large_image","twitter_site":"@CNaM_ie","twitter_misc":{"Est. reading time":"20 minutes"},"schema":{"@context":"https:\/\/schema.org","@graph":[{"@type":"WebPage","@id":"https:\/\/www.cnam.ie\/ga\/rialachas\/cosaint-sonrai-priobhaideachas\/raiteas-priobhaideachais\/","url":"https:\/\/www.cnam.ie\/ga\/rialachas\/cosaint-sonrai-priobhaideachas\/raiteas-priobhaideachais\/","name":"R\u00e1iteas pr\u00edobh\u00e1ideachais - Coimisi\u00fan na Me\u00e1n","isPartOf":{"@id":"https:\/\/www.cnam.ie\/ga\/#website"},"datePublished":"2024-09-23T12:39:09+00:00","dateModified":"2025-10-07T08:28:55+00:00","breadcrumb":{"@id":"https:\/\/www.cnam.ie\/ga\/rialachas\/cosaint-sonrai-priobhaideachas\/raiteas-priobhaideachais\/#breadcrumb"},"inLanguage":"ga-IE","potentialAction":[{"@type":"ReadAction","target":["https:\/\/www.cnam.ie\/ga\/rialachas\/cosaint-sonrai-priobhaideachas\/raiteas-priobhaideachais\/"]}]},{"@type":"BreadcrumbList","@id":"https:\/\/www.cnam.ie\/ga\/rialachas\/cosaint-sonrai-priobhaideachas\/raiteas-priobhaideachais\/#breadcrumb","itemListElement":[{"@type":"ListItem","position":1,"name":"Home","item":"https:\/\/www.cnam.ie\/ga\/"},{"@type":"ListItem","position":2,"name":"Rialachas","item":"https:\/\/www.cnam.ie\/ga\/rialachas\/"},{"@type":"ListItem","position":3,"name":"Cosaint sonra\u00ed &#038; pr\u00edobh\u00e1ideachas","item":"https:\/\/www.cnam.ie\/ga\/rialachas\/cosaint-sonrai-priobhaideachas\/"},{"@type":"ListItem","position":4,"name":"R\u00e1iteas pr\u00edobh\u00e1ideachais"}]},{"@type":"WebSite","@id":"https:\/\/www.cnam.ie\/ga\/#website","url":"https:\/\/www.cnam.ie\/ga\/","name":"Coimisiun na Mean","description":"Coimisi\u00fan na Me\u00e1n","publisher":{"@id":"https:\/\/www.cnam.ie\/ga\/#organization"},"potentialAction":[{"@type":"SearchAction","target":{"@type":"EntryPoint","urlTemplate":"https:\/\/www.cnam.ie\/ga\/?s={search_term_string}"},"query-input":{"@type":"PropertyValueSpecification","valueRequired":true,"valueName":"search_term_string"}}],"inLanguage":"ga-IE"},{"@type":"Organization","@id":"https:\/\/www.cnam.ie\/ga\/#organization","name":"Coimisiun na Mean","url":"https:\/\/www.cnam.ie\/ga\/","logo":{"@type":"ImageObject","inLanguage":"ga-IE","@id":"https:\/\/www.cnam.ie\/ga\/#\/schema\/logo\/image\/","url":"https:\/\/www.cnam.ie\/app\/uploads\/2024\/12\/Website-image-with-logo.jpg","contentUrl":"https:\/\/www.cnam.ie\/app\/uploads\/2024\/12\/Website-image-with-logo.jpg","width":1200,"height":800,"caption":"Coimisiun na Mean"},"image":{"@id":"https:\/\/www.cnam.ie\/ga\/#\/schema\/logo\/image\/"},"sameAs":["https:\/\/www.facebook.com\/CNaM.Ireland\/","https:\/\/x.com\/CNaM_ie"]}]}},"spectra_custom_meta":{"_top_nav_excluded":[""],"_cms_nav_minihome":[""],"_wp_page_template":["default"],"_last_translation_edit_mode":["native-editor"],"_edit_lock":["1759825738:8"],"_relevanssi_related_posts":["3328,3726,7630,4956,806,858"],"_edit_last":["8"],"_wpml_media_duplicate":["1"],"_wpml_media_featured":["1"],"_yoast_wpseo_content_score":["30"],"_yoast_wpseo_estimated-reading-time-minutes":["20"],"_wpml_word_count":["4394"]},"uagb_featured_image_src":{"full":false,"thumbnail":false,"medium":false,"medium_large":false,"large":false,"1536x1536":false,"2048x2048":false,"gform-image-choice-sm":false,"gform-image-choice-md":false,"gform-image-choice-lg":false},"uagb_author_info":{"display_name":"Dawid","author_link":"https:\/\/www.cnam.ie\/ga\/author\/dawid\/"},"uagb_comment_info":0,"uagb_excerpt":"Sa r\u00e1iteas pr\u00edobh\u00e1ideachais seo, m\u00edn\u00edtear an chaoi a n-\u00fas\u00e1ideann Coimisi\u00fan na Me\u00e1n (\u201cAn Coimisi\u00fan\u201d, \u201cmuid\u201d, \u201c\u00e1r\u201d) do shonra\u00ed pearsanta. An nuashonr\u00fa is D\u00e9ana\u00ed: 03 Deireadh F\u00f3mhair 2025. Leagan 2.0.An nuashonr\u00fa roimhe seo: 24 Feabhra 2025 Ag an gCoimisi\u00fan, t\u00e1imid tiomanta do d\u2019fhaisn\u00e9is phearsanta (\u2018sonra\u00ed pearsanta\u2019) a chosaint. Cumhda\u00edtear leis an r\u00e1iteas pr\u00edobh\u00e1ideachais seo \u00e1r su\u00edomhanna&hellip;","_links":{"self":[{"href":"https:\/\/www.cnam.ie\/ga\/wp-json\/wp\/v2\/pages\/12133","targetHints":{"allow":["GET"]}}],"collection":[{"href":"https:\/\/www.cnam.ie\/ga\/wp-json\/wp\/v2\/pages"}],"about":[{"href":"https:\/\/www.cnam.ie\/ga\/wp-json\/wp\/v2\/types\/page"}],"author":[{"embeddable":true,"href":"https:\/\/www.cnam.ie\/ga\/wp-json\/wp\/v2\/users\/1"}],"replies":[{"embeddable":true,"href":"https:\/\/www.cnam.ie\/ga\/wp-json\/wp\/v2\/comments?post=12133"}],"version-history":[{"count":11,"href":"https:\/\/www.cnam.ie\/ga\/wp-json\/wp\/v2\/pages\/12133\/revisions"}],"predecessor-version":[{"id":18356,"href":"https:\/\/www.cnam.ie\/ga\/wp-json\/wp\/v2\/pages\/12133\/revisions\/18356"}],"up":[{"embeddable":true,"href":"https:\/\/www.cnam.ie\/ga\/wp-json\/wp\/v2\/pages\/12435"}],"wp:attachment":[{"href":"https:\/\/www.cnam.ie\/ga\/wp-json\/wp\/v2\/media?parent=12133"}],"curies":[{"name":"wp","href":"https:\/\/api.w.org\/{rel}","templated":true}]}}