{"id":16414,"date":"2025-06-26T10:12:52","date_gmt":"2025-06-26T09:12:52","guid":{"rendered":"https:\/\/www.cnam.ie\/an-pobal-ginearalta\/tuairisc-gearan-a-dheanamh\/difficulty-accessing-an-audiovisual-media-service\/"},"modified":"2025-06-26T11:43:20","modified_gmt":"2025-06-26T10:43:20","slug":"deacracht-maidir-le-rochtain-a-fhail-ar-sheirbhis-mean-closamhairc","status":"publish","type":"page","link":"https:\/\/www.cnam.ie\/ga\/an-pobal-ginearalta\/tuairisc-gearan-a-dheanamh\/deacracht-maidir-le-rochtain-a-fhail-ar-sheirbhis-mean-closamhairc\/","title":{"rendered":"Deacracht maidir le rochtain a fh\u00e1il ar sheirbh\u00eds me\u00e1n closamhairc"},"content":{"rendered":"\n<div class=\"wp-block-uagb-container uagb-block-117c0575 alignfull uagb-is-root-container\"><div class=\"uagb-container-inner-blocks-wrap\">\n<div class=\"wp-block-uagb-container uagb-block-1d5875b5 alignfull uagb-is-root-container\"><div class=\"uagb-container-inner-blocks-wrap\">\n<div class=\"wp-block-uagb-container uagb-block-2f005527\">\n<div class=\"wp-block-uagb-advanced-heading uagb-block-d9b72e84\"><p class=\"uagb-heading-text\">Is ann do cheanglais nua chun feabhas a chur ar inrochtaineacht r\u00e9imse t\u00e1irg\u00ed agus seirbh\u00eds\u00ed digiteacha ar fud na h\u00c9ireann agus an Aontais Eorpaigh. Tagann na ceanglais sin \u00f3 dhl\u00ed Eorpach ar a dtugtar an <a href=\"https:\/\/commission.europa.eu\/strategy-and-policy\/policies\/justice-and-fundamental-rights\/disability\/union-equality-strategy-rights-persons-disabilities-2021-2030\/european-accessibility-act_en\" target=\"_blank\" rel=\"noopener\">Ionstraim Eorpach um Inrochtaineacht<\/a>.<\/p><\/div>\n\n\n\n<div class=\"wp-block-uagb-advanced-heading uagb-block-58f829a3\"><p class=\"uagb-heading-text\">M\u00e1 \u00fas\u00e1ideann t\u00fa seirbh\u00eds\u00ed chun seirbh\u00eds\u00ed me\u00e1n closamhairc a rochtain, amhail eolaire cl\u00e1r n\u00f3 comh\u00e9adan ar theilif\u00eds chliste, t\u00e1 s\u00e9 d\u2019aidhm ag an dl\u00ed sin \u00e9 a \u00e9asc\u00fa do gach duine \u2013 lena n \u00e1ir\u00edtear daoine faoi mh\u00edchumas \u2013 na seirbh\u00eds\u00ed sin a rochtain agus taitneamh a bhaint astu. <\/p><\/div>\n\n\n\n<div class=\"wp-block-uagb-advanced-heading uagb-block-6d666475\"><p class=\"uagb-heading-text\">T\u00e1 Coimisi\u00fan na Me\u00e1n ar an \u00fadar\u00e1s comhl\u00edontachta at\u00e1 freagrach as a \u00e1irithi\u00fa go mbeidh seirbh\u00eds\u00ed lena sol\u00e1thra\u00edtear seirbh\u00eds\u00ed me\u00e1n closamhairc i gcomhr\u00e9ir leis na ceanglais inrochtaineachta ar a dtugtar breac chuntas sa reachta\u00edocht. <\/p><\/div>\n<\/div>\n<\/div><\/div>\n\n\n\n<div class=\"wp-block-uagb-container uagb-block-52cf852e\">\n<div class=\"wp-block-uagb-container uagb-block-e5448c8d\">\n<div class=\"wp-block-uagb-container uagb-block-2f0d3bb9\"><\/div>\n\n\n\n<div class=\"wp-block-uagb-buttons uagb-buttons__outer-wrap uagb-btn__default-btn uagb-btn-tablet__default-btn uagb-btn-mobile__default-btn uagb-block-aa4640fa\"><div class=\"uagb-buttons__wrap uagb-buttons-layout-wrap \">\n<div class=\"wp-block-uagb-buttons-child uagb-buttons__outer-wrap uagb-block-f4b06107 wp-block-button\"><div class=\"uagb-button__wrapper\"><a class=\"uagb-buttons-repeater wp-block-button__link\" aria-label=\"\" href=\"https:\/\/cnam.ie\/ga\/an-pobal-ginearalta\/tuairisc-gearan-a-dheanamh\/deacracht-maidir-le-rochtain-a-fhail-ar-sheirbhis-mean-closamhairc\/ce-na-seirbhisi-faoinar-feidir-liom-gearan-a-dheanamh\/\" rel=\"follow noopener\" target=\"_self\" role=\"button\"><div class=\"uagb-button__link\">C\u00e9 na seirbh\u00eds\u00ed faoinar f\u00e9idir liom gear\u00e1n a dh\u00e9anamh?<\/div><\/a><\/div><\/div>\n\n\n\n<div class=\"wp-block-uagb-buttons-child uagb-buttons__outer-wrap uagb-block-392977ca wp-block-button\"><div class=\"uagb-button__wrapper\"><a class=\"uagb-buttons-repeater wp-block-button__link\" aria-label=\"\" href=\"https:\/\/cnam.ie\/ga\/an-pobal-ginearalta\/tuairisc-gearan-a-dheanamh\/deacracht-maidir-le-rochtain-a-fhail-ar-sheirbhis-mean-closamhairc\/conas-is-feidir-liom-tuairisc-a-dheanamh\/\" rel=\"follow noopener\" target=\"_self\" role=\"button\"><div class=\"uagb-button__link\">Conas is f\u00e9idir liom tuairisc a dh\u00e9anamh?<\/div><\/a><\/div><\/div>\n<\/div><\/div>\n<\/div>\n<\/div>\n<\/div><\/div>\n","protected":false},"excerpt":{"rendered":"<p>Is ann do cheanglais nua chun feabhas a chur ar inrochtaineacht r\u00e9imse t\u00e1irg\u00ed agus seirbh\u00eds\u00ed digiteacha ar fud na h\u00c9ireann agus an Aontais Eorpaigh. Tagann na ceanglais sin \u00f3 dhl\u00ed Eorpach ar a dtugtar an Ionstraim Eorpach um Inrochtaineacht. M\u00e1 \u00fas\u00e1ideann t\u00fa seirbh\u00eds\u00ed chun seirbh\u00eds\u00ed me\u00e1n closamhairc a rochtain, amhail eolaire cl\u00e1r n\u00f3 comh\u00e9adan ar [&hellip;]<\/p>\n","protected":false},"author":8,"featured_media":0,"parent":10718,"menu_order":54,"comment_status":"closed","ping_status":"closed","template":"page-templates\/page-blank-container.php","meta":{"_acf_changed":false,"_relevanssi_hide_post":"","_relevanssi_hide_content":"","_relevanssi_pin_for_all":"","_relevanssi_pin_keywords":"","_relevanssi_unpin_keywords":"","_relevanssi_related_keywords":"","_relevanssi_related_include_ids":"","_relevanssi_related_exclude_ids":"","_relevanssi_related_no_append":"","_relevanssi_related_not_related":"","_relevanssi_related_posts":"7628,7618,16322,7630,16335,15122","_relevanssi_noindex_reason":"","_uag_custom_page_level_css":"","footnotes":""},"class_list":["post-16414","page","type-page","status-publish","hentry"],"acf":[],"yoast_head":"<!-- This site is optimized with the Yoast SEO plugin v27.5 - https:\/\/yoast.com\/product\/yoast-seo-wordpress\/ -->\n<title>Deacracht maidir le rochtain a fh\u00e1il ar sheirbh\u00eds me\u00e1n closamhairc - Coimisi\u00fan na Me\u00e1n<\/title>\n<meta name=\"robots\" content=\"index, follow, max-snippet:-1, max-image-preview:large, max-video-preview:-1\" \/>\n<link rel=\"canonical\" href=\"https:\/\/www.cnam.ie\/ga\/an-pobal-ginearalta\/tuairisc-gearan-a-dheanamh\/deacracht-maidir-le-rochtain-a-fhail-ar-sheirbhis-mean-closamhairc\/\" \/>\n<meta property=\"og:locale\" content=\"ga_IE\" \/>\n<meta property=\"og:type\" content=\"article\" \/>\n<meta property=\"og:title\" content=\"Deacracht maidir le rochtain a fh\u00e1il ar sheirbh\u00eds me\u00e1n closamhairc - Coimisi\u00fan na Me\u00e1n\" \/>\n<meta property=\"og:description\" content=\"Is ann do cheanglais nua chun feabhas a chur ar inrochtaineacht r\u00e9imse t\u00e1irg\u00ed agus seirbh\u00eds\u00ed digiteacha ar fud na h\u00c9ireann agus an Aontais Eorpaigh. Tagann na ceanglais sin \u00f3 dhl\u00ed Eorpach ar a dtugtar an Ionstraim Eorpach um Inrochtaineacht. M\u00e1 \u00fas\u00e1ideann t\u00fa seirbh\u00eds\u00ed chun seirbh\u00eds\u00ed me\u00e1n closamhairc a rochtain, amhail eolaire cl\u00e1r n\u00f3 comh\u00e9adan ar [&hellip;]\" \/>\n<meta property=\"og:url\" content=\"https:\/\/www.cnam.ie\/ga\/an-pobal-ginearalta\/tuairisc-gearan-a-dheanamh\/deacracht-maidir-le-rochtain-a-fhail-ar-sheirbhis-mean-closamhairc\/\" \/>\n<meta property=\"og:site_name\" content=\"Coimisi\u00fan na Me\u00e1n\" \/>\n<meta property=\"article:publisher\" content=\"https:\/\/www.facebook.com\/CNaM.Ireland\/\" \/>\n<meta property=\"article:modified_time\" content=\"2025-06-26T10:43:20+00:00\" \/>\n<meta name=\"twitter:card\" content=\"summary_large_image\" \/>\n<meta name=\"twitter:site\" content=\"@CNaM_ie\" \/>\n<meta name=\"twitter:label1\" content=\"Est. reading time\" \/>\n\t<meta name=\"twitter:data1\" content=\"1 minute\" \/>\n<script type=\"application\/ld+json\" class=\"yoast-schema-graph\">{\"@context\":\"https:\\\/\\\/schema.org\",\"@graph\":[{\"@type\":\"WebPage\",\"@id\":\"https:\\\/\\\/www.cnam.ie\\\/ga\\\/an-pobal-ginearalta\\\/tuairisc-gearan-a-dheanamh\\\/deacracht-maidir-le-rochtain-a-fhail-ar-sheirbhis-mean-closamhairc\\\/\",\"url\":\"https:\\\/\\\/www.cnam.ie\\\/ga\\\/an-pobal-ginearalta\\\/tuairisc-gearan-a-dheanamh\\\/deacracht-maidir-le-rochtain-a-fhail-ar-sheirbhis-mean-closamhairc\\\/\",\"name\":\"Deacracht maidir le rochtain a fh\u00e1il ar sheirbh\u00eds me\u00e1n closamhairc - Coimisi\u00fan na Me\u00e1n\",\"isPartOf\":{\"@id\":\"https:\\\/\\\/www.cnam.ie\\\/ga\\\/#website\"},\"datePublished\":\"2025-06-26T09:12:52+00:00\",\"dateModified\":\"2025-06-26T10:43:20+00:00\",\"breadcrumb\":{\"@id\":\"https:\\\/\\\/www.cnam.ie\\\/ga\\\/an-pobal-ginearalta\\\/tuairisc-gearan-a-dheanamh\\\/deacracht-maidir-le-rochtain-a-fhail-ar-sheirbhis-mean-closamhairc\\\/#breadcrumb\"},\"inLanguage\":\"ga-IE\",\"potentialAction\":[{\"@type\":\"ReadAction\",\"target\":[\"https:\\\/\\\/www.cnam.ie\\\/ga\\\/an-pobal-ginearalta\\\/tuairisc-gearan-a-dheanamh\\\/deacracht-maidir-le-rochtain-a-fhail-ar-sheirbhis-mean-closamhairc\\\/\"]}]},{\"@type\":\"BreadcrumbList\",\"@id\":\"https:\\\/\\\/www.cnam.ie\\\/ga\\\/an-pobal-ginearalta\\\/tuairisc-gearan-a-dheanamh\\\/deacracht-maidir-le-rochtain-a-fhail-ar-sheirbhis-mean-closamhairc\\\/#breadcrumb\",\"itemListElement\":[{\"@type\":\"ListItem\",\"position\":1,\"name\":\"Home\",\"item\":\"https:\\\/\\\/www.cnam.ie\\\/ga\\\/\"},{\"@type\":\"ListItem\",\"position\":2,\"name\":\"An Pobal i gCoitinne\",\"item\":\"https:\\\/\\\/www.cnam.ie\\\/ga\\\/\"},{\"@type\":\"ListItem\",\"position\":3,\"name\":\"Tuairisc &#038; gear\u00e1n a dh\u00e9anamh\",\"item\":\"https:\\\/\\\/www.cnam.ie\\\/ga\\\/an-pobal-ginearalta\\\/tuairisc-gearan-a-dheanamh\\\/\"},{\"@type\":\"ListItem\",\"position\":4,\"name\":\"Deacracht maidir le rochtain a fh\u00e1il ar sheirbh\u00eds me\u00e1n closamhairc\"}]},{\"@type\":\"WebSite\",\"@id\":\"https:\\\/\\\/www.cnam.ie\\\/ga\\\/#website\",\"url\":\"https:\\\/\\\/www.cnam.ie\\\/ga\\\/\",\"name\":\"Coimisiun na Mean\",\"description\":\"Coimisi\u00fan na Me\u00e1n\",\"publisher\":{\"@id\":\"https:\\\/\\\/www.cnam.ie\\\/ga\\\/#organization\"},\"potentialAction\":[{\"@type\":\"SearchAction\",\"target\":{\"@type\":\"EntryPoint\",\"urlTemplate\":\"https:\\\/\\\/www.cnam.ie\\\/ga\\\/?s={search_term_string}\"},\"query-input\":{\"@type\":\"PropertyValueSpecification\",\"valueRequired\":true,\"valueName\":\"search_term_string\"}}],\"inLanguage\":\"ga-IE\"},{\"@type\":\"Organization\",\"@id\":\"https:\\\/\\\/www.cnam.ie\\\/ga\\\/#organization\",\"name\":\"Coimisiun na Mean\",\"url\":\"https:\\\/\\\/www.cnam.ie\\\/ga\\\/\",\"logo\":{\"@type\":\"ImageObject\",\"inLanguage\":\"ga-IE\",\"@id\":\"https:\\\/\\\/www.cnam.ie\\\/ga\\\/#\\\/schema\\\/logo\\\/image\\\/\",\"url\":\"https:\\\/\\\/www.cnam.ie\\\/app\\\/uploads\\\/2024\\\/12\\\/Website-image-with-logo.jpg\",\"contentUrl\":\"https:\\\/\\\/www.cnam.ie\\\/app\\\/uploads\\\/2024\\\/12\\\/Website-image-with-logo.jpg\",\"width\":1200,\"height\":800,\"caption\":\"Coimisiun na Mean\"},\"image\":{\"@id\":\"https:\\\/\\\/www.cnam.ie\\\/ga\\\/#\\\/schema\\\/logo\\\/image\\\/\"},\"sameAs\":[\"https:\\\/\\\/www.facebook.com\\\/CNaM.Ireland\\\/\",\"https:\\\/\\\/x.com\\\/CNaM_ie\"]}]}<\/script>\n<!-- \/ Yoast SEO plugin. -->","yoast_head_json":{"title":"Deacracht maidir le rochtain a fh\u00e1il ar sheirbh\u00eds me\u00e1n closamhairc - Coimisi\u00fan na Me\u00e1n","robots":{"index":"index","follow":"follow","max-snippet":"max-snippet:-1","max-image-preview":"max-image-preview:large","max-video-preview":"max-video-preview:-1"},"canonical":"https:\/\/www.cnam.ie\/ga\/an-pobal-ginearalta\/tuairisc-gearan-a-dheanamh\/deacracht-maidir-le-rochtain-a-fhail-ar-sheirbhis-mean-closamhairc\/","og_locale":"ga_IE","og_type":"article","og_title":"Deacracht maidir le rochtain a fh\u00e1il ar sheirbh\u00eds me\u00e1n closamhairc - Coimisi\u00fan na Me\u00e1n","og_description":"Is ann do cheanglais nua chun feabhas a chur ar inrochtaineacht r\u00e9imse t\u00e1irg\u00ed agus seirbh\u00eds\u00ed digiteacha ar fud na h\u00c9ireann agus an Aontais Eorpaigh. Tagann na ceanglais sin \u00f3 dhl\u00ed Eorpach ar a dtugtar an Ionstraim Eorpach um Inrochtaineacht. M\u00e1 \u00fas\u00e1ideann t\u00fa seirbh\u00eds\u00ed chun seirbh\u00eds\u00ed me\u00e1n closamhairc a rochtain, amhail eolaire cl\u00e1r n\u00f3 comh\u00e9adan ar [&hellip;]","og_url":"https:\/\/www.cnam.ie\/ga\/an-pobal-ginearalta\/tuairisc-gearan-a-dheanamh\/deacracht-maidir-le-rochtain-a-fhail-ar-sheirbhis-mean-closamhairc\/","og_site_name":"Coimisi\u00fan na Me\u00e1n","article_publisher":"https:\/\/www.facebook.com\/CNaM.Ireland\/","article_modified_time":"2025-06-26T10:43:20+00:00","twitter_card":"summary_large_image","twitter_site":"@CNaM_ie","twitter_misc":{"Est. reading time":"1 minute"},"schema":{"@context":"https:\/\/schema.org","@graph":[{"@type":"WebPage","@id":"https:\/\/www.cnam.ie\/ga\/an-pobal-ginearalta\/tuairisc-gearan-a-dheanamh\/deacracht-maidir-le-rochtain-a-fhail-ar-sheirbhis-mean-closamhairc\/","url":"https:\/\/www.cnam.ie\/ga\/an-pobal-ginearalta\/tuairisc-gearan-a-dheanamh\/deacracht-maidir-le-rochtain-a-fhail-ar-sheirbhis-mean-closamhairc\/","name":"Deacracht maidir le rochtain a fh\u00e1il ar sheirbh\u00eds me\u00e1n closamhairc - Coimisi\u00fan na Me\u00e1n","isPartOf":{"@id":"https:\/\/www.cnam.ie\/ga\/#website"},"datePublished":"2025-06-26T09:12:52+00:00","dateModified":"2025-06-26T10:43:20+00:00","breadcrumb":{"@id":"https:\/\/www.cnam.ie\/ga\/an-pobal-ginearalta\/tuairisc-gearan-a-dheanamh\/deacracht-maidir-le-rochtain-a-fhail-ar-sheirbhis-mean-closamhairc\/#breadcrumb"},"inLanguage":"ga-IE","potentialAction":[{"@type":"ReadAction","target":["https:\/\/www.cnam.ie\/ga\/an-pobal-ginearalta\/tuairisc-gearan-a-dheanamh\/deacracht-maidir-le-rochtain-a-fhail-ar-sheirbhis-mean-closamhairc\/"]}]},{"@type":"BreadcrumbList","@id":"https:\/\/www.cnam.ie\/ga\/an-pobal-ginearalta\/tuairisc-gearan-a-dheanamh\/deacracht-maidir-le-rochtain-a-fhail-ar-sheirbhis-mean-closamhairc\/#breadcrumb","itemListElement":[{"@type":"ListItem","position":1,"name":"Home","item":"https:\/\/www.cnam.ie\/ga\/"},{"@type":"ListItem","position":2,"name":"An Pobal i gCoitinne","item":"https:\/\/www.cnam.ie\/ga\/"},{"@type":"ListItem","position":3,"name":"Tuairisc &#038; gear\u00e1n a dh\u00e9anamh","item":"https:\/\/www.cnam.ie\/ga\/an-pobal-ginearalta\/tuairisc-gearan-a-dheanamh\/"},{"@type":"ListItem","position":4,"name":"Deacracht maidir le rochtain a fh\u00e1il ar sheirbh\u00eds me\u00e1n closamhairc"}]},{"@type":"WebSite","@id":"https:\/\/www.cnam.ie\/ga\/#website","url":"https:\/\/www.cnam.ie\/ga\/","name":"Coimisiun na Mean","description":"Coimisi\u00fan na Me\u00e1n","publisher":{"@id":"https:\/\/www.cnam.ie\/ga\/#organization"},"potentialAction":[{"@type":"SearchAction","target":{"@type":"EntryPoint","urlTemplate":"https:\/\/www.cnam.ie\/ga\/?s={search_term_string}"},"query-input":{"@type":"PropertyValueSpecification","valueRequired":true,"valueName":"search_term_string"}}],"inLanguage":"ga-IE"},{"@type":"Organization","@id":"https:\/\/www.cnam.ie\/ga\/#organization","name":"Coimisiun na Mean","url":"https:\/\/www.cnam.ie\/ga\/","logo":{"@type":"ImageObject","inLanguage":"ga-IE","@id":"https:\/\/www.cnam.ie\/ga\/#\/schema\/logo\/image\/","url":"https:\/\/www.cnam.ie\/app\/uploads\/2024\/12\/Website-image-with-logo.jpg","contentUrl":"https:\/\/www.cnam.ie\/app\/uploads\/2024\/12\/Website-image-with-logo.jpg","width":1200,"height":800,"caption":"Coimisiun na Mean"},"image":{"@id":"https:\/\/www.cnam.ie\/ga\/#\/schema\/logo\/image\/"},"sameAs":["https:\/\/www.facebook.com\/CNaM.Ireland\/","https:\/\/x.com\/CNaM_ie"]}]}},"spectra_custom_meta":{"_top_nav_excluded":[""],"_cms_nav_minihome":[""],"_wp_page_template":["page-templates\/page-blank-container.php"],"_last_translation_edit_mode":["native-editor"],"_wpml_word_count":["167"],"_edit_lock":["1750938496:9"],"_relevanssi_related_posts":["7628,7618,16322,7630,16335,15122"],"_edit_last":["8"],"_wpml_media_duplicate":["1"],"_wpml_media_featured":["1"],"_yoast_wpseo_content_score":["60"],"_yoast_wpseo_estimated-reading-time-minutes":["1"]},"uagb_featured_image_src":{"full":false,"thumbnail":false,"medium":false,"medium_large":false,"large":false,"1536x1536":false,"2048x2048":false,"gform-image-choice-sm":false,"gform-image-choice-md":false,"gform-image-choice-lg":false},"uagb_author_info":{"display_name":"Padraig Foran","author_link":"https:\/\/www.cnam.ie\/ga\/author\/padraigf\/"},"uagb_comment_info":0,"uagb_excerpt":"Is ann do cheanglais nua chun feabhas a chur ar inrochtaineacht r\u00e9imse t\u00e1irg\u00ed agus seirbh\u00eds\u00ed digiteacha ar fud na h\u00c9ireann agus an Aontais Eorpaigh. Tagann na ceanglais sin \u00f3 dhl\u00ed Eorpach ar a dtugtar an Ionstraim Eorpach um Inrochtaineacht. M\u00e1 \u00fas\u00e1ideann t\u00fa seirbh\u00eds\u00ed chun seirbh\u00eds\u00ed me\u00e1n closamhairc a rochtain, amhail eolaire cl\u00e1r n\u00f3 comh\u00e9adan ar&hellip;","_links":{"self":[{"href":"https:\/\/www.cnam.ie\/ga\/wp-json\/wp\/v2\/pages\/16414","targetHints":{"allow":["GET"]}}],"collection":[{"href":"https:\/\/www.cnam.ie\/ga\/wp-json\/wp\/v2\/pages"}],"about":[{"href":"https:\/\/www.cnam.ie\/ga\/wp-json\/wp\/v2\/types\/page"}],"author":[{"embeddable":true,"href":"https:\/\/www.cnam.ie\/ga\/wp-json\/wp\/v2\/users\/8"}],"replies":[{"embeddable":true,"href":"https:\/\/www.cnam.ie\/ga\/wp-json\/wp\/v2\/comments?post=16414"}],"version-history":[{"count":3,"href":"https:\/\/www.cnam.ie\/ga\/wp-json\/wp\/v2\/pages\/16414\/revisions"}],"predecessor-version":[{"id":16420,"href":"https:\/\/www.cnam.ie\/ga\/wp-json\/wp\/v2\/pages\/16414\/revisions\/16420"}],"up":[{"embeddable":true,"href":"https:\/\/www.cnam.ie\/ga\/wp-json\/wp\/v2\/pages\/10718"}],"wp:attachment":[{"href":"https:\/\/www.cnam.ie\/ga\/wp-json\/wp\/v2\/media?parent=16414"}],"curies":[{"name":"wp","href":"https:\/\/api.w.org\/{rel}","templated":true}]}}