{"id":16428,"date":"2025-06-26T10:19:07","date_gmt":"2025-06-26T09:19:07","guid":{"rendered":"https:\/\/www.cnam.ie\/an-pobal-ginearalta\/teilifis-raidio-fisean-ar-eileamh\/accessibility-of-audiovisual-media-services\/"},"modified":"2025-06-26T11:28:46","modified_gmt":"2025-06-26T10:28:46","slug":"inrochtaineacht-seirbhisi-mean-closamhairc-ar-eileamh","status":"publish","type":"page","link":"https:\/\/www.cnam.ie\/ga\/an-pobal-ginearalta\/teilifis-raidio-fisean-ar-eileamh\/inrochtaineacht-seirbhisi-mean-closamhairc-ar-eileamh\/","title":{"rendered":"Inrochtaineacht Seirbh\u00eds\u00ed Me\u00e1n Closamhairc ar \u00c9ileamh"},"content":{"rendered":"\n<div class=\"wp-block-uagb-container uagb-block-1d5875b5 alignfull uagb-is-root-container\"><div class=\"uagb-container-inner-blocks-wrap\">\n<div class=\"wp-block-uagb-container uagb-block-2f005527\">\n<div class=\"wp-block-uagb-advanced-heading uagb-block-d9b72e84\"><p class=\"uagb-heading-text\">Is ann do cheanglais nua chun feabhas a chur ar inrochtaineacht r\u00e9imse t\u00e1irg\u00ed agus seirbh\u00eds\u00ed digiteacha ar fud na h\u00c9ireann agus an Aontais Eorpaigh.<\/p><\/div>\n\n\n\n<p>Tagann na rialacha sin \u00f3 dhl\u00ed Eorpach ar a dtugtar an <a href=\"https:\/\/commission.europa.eu\/strategy-and-policy\/policies\/justice-and-fundamental-rights\/disability\/union-equality-strategy-rights-persons-disabilities-2021-2030\/european-accessibility-act_en\" target=\"_blank\" rel=\"noopener\">Ionstraim Eorpach um Inrochtaineacht<\/a>. In \u00c9irinn, t\u00e1 an Ionstraim sin \u00e1 cur chun feidhme tr\u00ed ionstraim reacht\u00fail, <a href=\"https:\/\/www.irishstatutebook.ie\/eli\/2023\/si\/636\/made\/en\/print#\" target=\"_blank\" rel=\"noopener\">I.R. Uimh. 636\/2023<\/a>.<\/p>\n<\/div>\n\n\n\n<div class=\"wp-block-uagb-container uagb-block-a29321d3\"><\/div>\n<\/div><\/div>\n\n\n\n<p>M\u00e1 \u00fas\u00e1ideann t\u00fa seirbh\u00eds\u00ed chun seirbh\u00eds\u00ed me\u00e1n closamhairc a rochtain, amhail eolaire cl\u00e1r n\u00f3 comh\u00e9adan ar theilif\u00eds chliste, t\u00e1 s\u00e9 d\u2019aidhm ag an dl\u00ed sin \u00e9 a \u00e9asc\u00fa do gach duine \u2013 lena n \u00e1ir\u00edtear daoine faoi mh\u00edchumas \u2013 na seirbh\u00eds\u00ed sin a rochtain agus taitneamh a bhaint astu.<\/p>\n\n\n\n<h2 class=\"wp-block-heading\">Cad iad pr\u00edomhspriocanna na hIonstraime Eorpa\u00ed um Inrochtaineacht? <\/h2>\n\n\n\n<p>Seo a leanas pr\u00edomhspriocanna na hIonstraime Eorpa\u00ed um Inrochtaineacht: <\/p>\n\n\n\n<ul class=\"wp-block-list\">\n<li>infhaighteacht t\u00e1irg\u00ed agus seirbh\u00eds\u00ed inrochtana a mh\u00e9ad\u00fa ar fud an Aontais Eorpaigh (AE).<\/li>\n\n\n\n<li>a \u00e1irithi\u00fa go gcuirfear ceanglais inrochtaineachta i bhfeidhm go comhsheasmhach maidir le t\u00e1irg\u00ed agus seirbh\u00eds\u00ed a mhonar\u00fa agus a dh\u00edol ar fud an Aontais.<\/li>\n<\/ul>\n\n\n\n<h2 class=\"wp-block-heading\">C\u00e9 at\u00e1 freagrach? <\/h2>\n\n\n\n<p>Faoi dhl\u00ed na h\u00c9ireann, leagadh freagrachta\u00ed ar chomhlachta\u00ed poibl\u00ed \u00e9ags\u00fala as earn\u00e1lacha \u00e9ags\u00fala. T\u00e1 Coimisi\u00fan na Me\u00e1n ar an \u00fadar\u00e1s comhl\u00edontachta at\u00e1 freagrach as a \u00e1irithi\u00fa go mbeidh seirbh\u00eds\u00ed lena sol\u00e1thra\u00edtear seirbh\u00eds\u00ed me\u00e1n closamhairc i gcomhr\u00e9ir leis na ceanglais inrochtaineachta ar a dtugtar breac chuntas sa reachta\u00edocht.<\/p>\n\n\n\n<p>I dteannta Choimisi\u00fan na Me\u00e1n, beidh freagrachta\u00ed ar roinnt comhlachta\u00ed poibl\u00ed eile in \u00c9irinn faoin Ionstraim Eorpach um Inrochtaineacht: <\/p>\n\n\n\n<ul class=\"wp-block-list\">\n<li>Seice\u00e1lfaidh an <a href=\"https:\/\/www.ccpc.ie\/\" target=\"_blank\" rel=\"noopener\">Coimisi\u00fan um Ioma\u00edocht agus Cosaint Tomhalt\u00f3ir\u00ed<\/a> (CICT) go mbeidh t\u00e1irg\u00ed a chumhda\u00edtear leis an dl\u00ed inrochtana, agus go leanfar na ceanglais le seirbh\u00eds\u00ed r\u00edomhleabhair agus siopad\u00f3ireachta ar l\u00edne.<\/li>\n\n\n\n<li>D\u00e9anfaidh an <a href=\"https:\/\/www.comreg.ie\/ga\/\" target=\"_blank\" rel=\"noopener\">Coimisi\u00fan um Rial\u00e1il Cumars\u00e1ide<\/a> cinnte go mbeidh seirbh\u00eds\u00ed cumars\u00e1ide leictreona\u00ed agus seirbh\u00eds\u00ed \u00e9igeand\u00e1la i gcomhr\u00e9ir le caighde\u00e1in inrochtaineachta.<\/li>\n\n\n\n<li>Beidh <a href=\"https:\/\/www.nationaltransport.ie\/ga\/\" target=\"_blank\" rel=\"noopener\">an t\u00dadar\u00e1s N\u00e1isi\u00fanta Iompair<\/a> (\u00daNI) freagrach as a sheice\u00e1il go leanfaidh busanna, traenacha agus b\u00e1id paisin\u00e9ir\u00ed na ceanglais inrochtaineachta.<\/li>\n\n\n\n<li><a href=\"https:\/\/www.iaa.ie\/\" target=\"_blank\" rel=\"noopener\">\u00c1iritheoidh \u00dadar\u00e1s Eitl\u00edochta na h\u00c9irean<\/a>n go gcomhl\u00edonfaidh seirbh\u00eds\u00ed aerthaistil na caighde\u00e1in inrochtaineachta a cheangla\u00edtear.<\/li>\n\n\n\n<li>\u00c1iritheoidh <a href=\"https:\/\/www.centralbank.ie\/ga\/home\" target=\"_blank\" rel=\"noopener\">Banc Ceannais na h\u00c9ireann<\/a> go mbeidh seirbh\u00eds\u00ed bainc\u00e9ireachta tomhalt\u00f3ir\u00ed inrochtana.<\/li>\n\n\n\n<li>Tac\u00f3idh <a href=\"https:\/\/nda.ie\/ga\/\" target=\"_blank\" rel=\"noopener\">an t\u00dadar\u00e1s N\u00e1isi\u00fanta M\u00edchumais<\/a> (\u00daNM) leis na heagra\u00edochta\u00ed sin uile tr\u00ed chomhairle agus treoir shaineolach a thabhairt maidir le hinrochtaineacht.<\/li>\n<\/ul>\n\n\n\n<h2 class=\"wp-block-heading\">C\u00e9 na seirbh\u00eds\u00ed a bhfuil Coimisi\u00fan na Me\u00e1n freagrach astu?<\/h2>\n\n\n\n<p>Faoin Ionstraim Eorpach um Inrochtaineacht, t\u00e1imid freagrach as seirbh\u00eds\u00ed lena sol\u00e1thra\u00edtear rochtain ar sheirbh\u00eds\u00ed me\u00e1n closamhairc. Orthu sin is f\u00e9idir go n \u00e1ireofar:<\/p>\n\n\n\n<ul class=\"wp-block-list\">\n<li>Comh\u00e9adain teilif\u00edse cliste agus bogearra\u00ed bosca bairr<\/li>\n\n\n\n<li>Eolair\u00ed leictreonacha cl\u00e1r (EPGanna)<\/li>\n\n\n\n<li>Feidhmchl\u00e1ir ar l\u00edne agus mh\u00f3ib\u00edleacha<\/li>\n\n\n\n<li>Ard\u00e1in teilif\u00edse agus sruthaithe<\/li>\n\n\n\n<li>Comhbhailitheoir\u00ed \u00e1bhair<\/li>\n<\/ul>\n\n\n\n<p>T\u00e1 freagrachta\u00ed inrochtaineachta ar leith ar chraolt\u00f3ir\u00ed teilif\u00edse agus sol\u00e1thraithe f\u00edse\u00e1in ar \u00e9ileamh faoi reachta\u00edocht Eorpach \u00e9ags\u00fail. Is f\u00e9idir leat n\u00edos m\u00f3 a fh\u00e1il amach f\u00fathu sin sna <a href=\"https:\/\/www.cnam.ie\/ga\/tionscal-gairmithe\/coid-reachtaiocht\/coid-rialacha\/rialacha-rochtana\/\">Rialacha Rochtana<\/a> le haghaidh craolt\u00f3ir\u00ed teilif\u00edse agus sa <a href=\"https:\/\/www.cnam.ie\/ga\/tionscal-gairmithe\/coid-reachtaiocht\/coid-rialacha\/an-cod-na-rialacha-seirbhise-mean-maidir-le-closamharc-ar-eileamh\/\">Ch\u00f3d maidir le Seirbh\u00eds\u00ed Me\u00e1n agus sna Rialacha maidir le Seirbh\u00eds\u00ed Me\u00e1n<\/a> le haghaidh sol\u00e1thraithe seirbh\u00edse me\u00e1n closamhairc ar \u00e9ileamh.<\/p>\n\n\n\n<p>N\u00edl Coimisi\u00fan na Me\u00e1n freagrach as na t\u00e1irg\u00ed lena sol\u00e1thra\u00edtear na seirbh\u00eds\u00ed sin, amhail teilif\u00edse\u00e1in chliste, callair\u00ed cliste, guth\u00e1in ph\u00f3ca n\u00f3 r\u00edomhair\u00ed gl\u00faine, n\u00f3 seirbh\u00eds\u00ed lena sol\u00e1thra\u00edtear rochtain ar sheirbh\u00eds\u00ed fuaime amh\u00e1in. <\/p>\n\n\n\n<div class=\"wp-block-uagb-container highlight-box uagb-block-dcd47a94 alignfull uagb-is-root-container\"><div class=\"uagb-container-inner-blocks-wrap\">\n<div class=\"wp-block-uagb-advanced-heading uagb-block-babe4fbd\"><p class=\"uagb-heading-text\"><strong>Sainmh\u00edn\u00edtear seirbh\u00eds\u00ed lena sol\u00e1thra\u00edtear rochtain ar sheirbh\u00eds\u00ed me\u00e1n closamhairc mar a leanas:<\/strong><br>\u2018seirbh\u00eds\u00ed a tharchuirtear tr\u00ed l\u00edonra\u00ed cumars\u00e1ide leictreona\u00ed a \u00fas\u00e1idtear chun faisn\u00e9is a shainaithint, a roghn\u00fa, a fh\u00e1il, agus d\u2019fhonn f\u00e9achaint ar sheirbh\u00eds\u00ed me\u00e1n closamhairc agus ar aon ghn\u00e9ithe, amhail fotheidil don t\u00e9 at\u00e1 bodhar agus don t\u00e9 ag a bhfuil deacrachta\u00ed \u00e9isteachta, cur s\u00edos labhartha, fotheidil labhartha, agus ateangaireacht sa teanga chomhartha\u00edochta, at\u00e1 mar thoradh ar chur chun feidhme na mbeart d\u00e1 dtagra\u00edtear in Airteagal 7 de Threoir 2010\/13\/AE chun seirbh\u00eds\u00ed a dh\u00e9anamh inrochtana; agus \u00e1ir\u00edtear leis an sainmh\u00edni\u00fa seo eolair\u00ed leictreonacha cl\u00e1r (EPGanna)\u2019 <a href=\"https:\/\/www.irishstatutebook.ie\/eli\/2023\/si\/636\/made\/en\/print#\" target=\"_blank\" rel=\"noopener\">I.R. Uimh. 636\/2023<\/a>.<\/p><\/div>\n<\/div><\/div>\n","protected":false},"excerpt":{"rendered":"<p>Is ann do cheanglais nua chun feabhas a chur ar inrochtaineacht r\u00e9imse t\u00e1irg\u00ed agus seirbh\u00eds\u00ed digiteacha ar fud na h\u00c9ireann agus an Aontais Eorpaigh. Tagann na rialacha sin \u00f3 dhl\u00ed Eorpach ar a dtugtar an Ionstraim Eorpach um Inrochtaineacht. In \u00c9irinn, t\u00e1 an Ionstraim sin \u00e1 cur chun feidhme tr\u00ed ionstraim reacht\u00fail, I.R. Uimh. 636\/2023. [&hellip;]<\/p>\n","protected":false},"author":8,"featured_media":0,"parent":11766,"menu_order":109,"comment_status":"closed","ping_status":"closed","template":"","meta":{"_acf_changed":false,"_relevanssi_hide_post":"","_relevanssi_hide_content":"","_relevanssi_pin_for_all":"","_relevanssi_pin_keywords":"","_relevanssi_unpin_keywords":"","_relevanssi_related_keywords":"","_relevanssi_related_include_ids":"","_relevanssi_related_exclude_ids":"","_relevanssi_related_no_append":"","_relevanssi_related_not_related":"","_relevanssi_related_posts":"7628,16335,7618,7630,15122,3071","_relevanssi_noindex_reason":"","_uag_custom_page_level_css":"","footnotes":""},"class_list":["post-16428","page","type-page","status-publish","hentry"],"acf":[],"yoast_head":"<!-- This site is optimized with the Yoast SEO plugin v27.5 - https:\/\/yoast.com\/product\/yoast-seo-wordpress\/ -->\n<title>Inrochtaineacht Seirbh\u00eds\u00ed Me\u00e1n Closamhairc ar \u00c9ileamh - Coimisi\u00fan na Me\u00e1n<\/title>\n<meta name=\"robots\" content=\"index, follow, max-snippet:-1, max-image-preview:large, max-video-preview:-1\" \/>\n<link rel=\"canonical\" href=\"https:\/\/www.cnam.ie\/ga\/an-pobal-ginearalta\/teilifis-raidio-fisean-ar-eileamh\/inrochtaineacht-seirbhisi-mean-closamhairc-ar-eileamh\/\" \/>\n<meta property=\"og:locale\" content=\"ga_IE\" \/>\n<meta property=\"og:type\" content=\"article\" \/>\n<meta property=\"og:title\" content=\"Inrochtaineacht Seirbh\u00eds\u00ed Me\u00e1n Closamhairc ar \u00c9ileamh - Coimisi\u00fan na Me\u00e1n\" \/>\n<meta property=\"og:description\" content=\"Is ann do cheanglais nua chun feabhas a chur ar inrochtaineacht r\u00e9imse t\u00e1irg\u00ed agus seirbh\u00eds\u00ed digiteacha ar fud na h\u00c9ireann agus an Aontais Eorpaigh. Tagann na rialacha sin \u00f3 dhl\u00ed Eorpach ar a dtugtar an Ionstraim Eorpach um Inrochtaineacht. In \u00c9irinn, t\u00e1 an Ionstraim sin \u00e1 cur chun feidhme tr\u00ed ionstraim reacht\u00fail, I.R. Uimh. 636\/2023. [&hellip;]\" \/>\n<meta property=\"og:url\" content=\"https:\/\/www.cnam.ie\/ga\/an-pobal-ginearalta\/teilifis-raidio-fisean-ar-eileamh\/inrochtaineacht-seirbhisi-mean-closamhairc-ar-eileamh\/\" \/>\n<meta property=\"og:site_name\" content=\"Coimisi\u00fan na Me\u00e1n\" \/>\n<meta property=\"article:publisher\" content=\"https:\/\/www.facebook.com\/CNaM.Ireland\/\" \/>\n<meta property=\"article:modified_time\" content=\"2025-06-26T10:28:46+00:00\" \/>\n<meta name=\"twitter:card\" content=\"summary_large_image\" \/>\n<meta name=\"twitter:site\" content=\"@CNaM_ie\" \/>\n<meta name=\"twitter:label1\" content=\"Est. reading time\" \/>\n\t<meta name=\"twitter:data1\" content=\"4 minutes\" \/>\n<script type=\"application\/ld+json\" class=\"yoast-schema-graph\">{\"@context\":\"https:\\\/\\\/schema.org\",\"@graph\":[{\"@type\":\"WebPage\",\"@id\":\"https:\\\/\\\/www.cnam.ie\\\/ga\\\/an-pobal-ginearalta\\\/teilifis-raidio-fisean-ar-eileamh\\\/inrochtaineacht-seirbhisi-mean-closamhairc-ar-eileamh\\\/\",\"url\":\"https:\\\/\\\/www.cnam.ie\\\/ga\\\/an-pobal-ginearalta\\\/teilifis-raidio-fisean-ar-eileamh\\\/inrochtaineacht-seirbhisi-mean-closamhairc-ar-eileamh\\\/\",\"name\":\"Inrochtaineacht Seirbh\u00eds\u00ed Me\u00e1n Closamhairc ar \u00c9ileamh - Coimisi\u00fan na Me\u00e1n\",\"isPartOf\":{\"@id\":\"https:\\\/\\\/www.cnam.ie\\\/ga\\\/#website\"},\"datePublished\":\"2025-06-26T09:19:07+00:00\",\"dateModified\":\"2025-06-26T10:28:46+00:00\",\"breadcrumb\":{\"@id\":\"https:\\\/\\\/www.cnam.ie\\\/ga\\\/an-pobal-ginearalta\\\/teilifis-raidio-fisean-ar-eileamh\\\/inrochtaineacht-seirbhisi-mean-closamhairc-ar-eileamh\\\/#breadcrumb\"},\"inLanguage\":\"ga-IE\",\"potentialAction\":[{\"@type\":\"ReadAction\",\"target\":[\"https:\\\/\\\/www.cnam.ie\\\/ga\\\/an-pobal-ginearalta\\\/teilifis-raidio-fisean-ar-eileamh\\\/inrochtaineacht-seirbhisi-mean-closamhairc-ar-eileamh\\\/\"]}]},{\"@type\":\"BreadcrumbList\",\"@id\":\"https:\\\/\\\/www.cnam.ie\\\/ga\\\/an-pobal-ginearalta\\\/teilifis-raidio-fisean-ar-eileamh\\\/inrochtaineacht-seirbhisi-mean-closamhairc-ar-eileamh\\\/#breadcrumb\",\"itemListElement\":[{\"@type\":\"ListItem\",\"position\":1,\"name\":\"Home\",\"item\":\"https:\\\/\\\/www.cnam.ie\\\/ga\\\/\"},{\"@type\":\"ListItem\",\"position\":2,\"name\":\"An Pobal i gCoitinne\",\"item\":\"https:\\\/\\\/www.cnam.ie\\\/ga\\\/\"},{\"@type\":\"ListItem\",\"position\":3,\"name\":\"Teilif\u00eds, raidi\u00f3 &#038; f\u00edse\u00e1n ar \u00e9ileamh\",\"item\":\"https:\\\/\\\/www.cnam.ie\\\/ga\\\/an-pobal-ginearalta\\\/teilifis-raidio-fisean-ar-eileamh\\\/\"},{\"@type\":\"ListItem\",\"position\":4,\"name\":\"Inrochtaineacht Seirbh\u00eds\u00ed Me\u00e1n Closamhairc ar \u00c9ileamh\"}]},{\"@type\":\"WebSite\",\"@id\":\"https:\\\/\\\/www.cnam.ie\\\/ga\\\/#website\",\"url\":\"https:\\\/\\\/www.cnam.ie\\\/ga\\\/\",\"name\":\"Coimisiun na Mean\",\"description\":\"Coimisi\u00fan na Me\u00e1n\",\"publisher\":{\"@id\":\"https:\\\/\\\/www.cnam.ie\\\/ga\\\/#organization\"},\"potentialAction\":[{\"@type\":\"SearchAction\",\"target\":{\"@type\":\"EntryPoint\",\"urlTemplate\":\"https:\\\/\\\/www.cnam.ie\\\/ga\\\/?s={search_term_string}\"},\"query-input\":{\"@type\":\"PropertyValueSpecification\",\"valueRequired\":true,\"valueName\":\"search_term_string\"}}],\"inLanguage\":\"ga-IE\"},{\"@type\":\"Organization\",\"@id\":\"https:\\\/\\\/www.cnam.ie\\\/ga\\\/#organization\",\"name\":\"Coimisiun na Mean\",\"url\":\"https:\\\/\\\/www.cnam.ie\\\/ga\\\/\",\"logo\":{\"@type\":\"ImageObject\",\"inLanguage\":\"ga-IE\",\"@id\":\"https:\\\/\\\/www.cnam.ie\\\/ga\\\/#\\\/schema\\\/logo\\\/image\\\/\",\"url\":\"https:\\\/\\\/www.cnam.ie\\\/app\\\/uploads\\\/2024\\\/12\\\/Website-image-with-logo.jpg\",\"contentUrl\":\"https:\\\/\\\/www.cnam.ie\\\/app\\\/uploads\\\/2024\\\/12\\\/Website-image-with-logo.jpg\",\"width\":1200,\"height\":800,\"caption\":\"Coimisiun na Mean\"},\"image\":{\"@id\":\"https:\\\/\\\/www.cnam.ie\\\/ga\\\/#\\\/schema\\\/logo\\\/image\\\/\"},\"sameAs\":[\"https:\\\/\\\/www.facebook.com\\\/CNaM.Ireland\\\/\",\"https:\\\/\\\/x.com\\\/CNaM_ie\"]}]}<\/script>\n<!-- \/ Yoast SEO plugin. -->","yoast_head_json":{"title":"Inrochtaineacht Seirbh\u00eds\u00ed Me\u00e1n Closamhairc ar \u00c9ileamh - Coimisi\u00fan na Me\u00e1n","robots":{"index":"index","follow":"follow","max-snippet":"max-snippet:-1","max-image-preview":"max-image-preview:large","max-video-preview":"max-video-preview:-1"},"canonical":"https:\/\/www.cnam.ie\/ga\/an-pobal-ginearalta\/teilifis-raidio-fisean-ar-eileamh\/inrochtaineacht-seirbhisi-mean-closamhairc-ar-eileamh\/","og_locale":"ga_IE","og_type":"article","og_title":"Inrochtaineacht Seirbh\u00eds\u00ed Me\u00e1n Closamhairc ar \u00c9ileamh - Coimisi\u00fan na Me\u00e1n","og_description":"Is ann do cheanglais nua chun feabhas a chur ar inrochtaineacht r\u00e9imse t\u00e1irg\u00ed agus seirbh\u00eds\u00ed digiteacha ar fud na h\u00c9ireann agus an Aontais Eorpaigh. Tagann na rialacha sin \u00f3 dhl\u00ed Eorpach ar a dtugtar an Ionstraim Eorpach um Inrochtaineacht. In \u00c9irinn, t\u00e1 an Ionstraim sin \u00e1 cur chun feidhme tr\u00ed ionstraim reacht\u00fail, I.R. Uimh. 636\/2023. [&hellip;]","og_url":"https:\/\/www.cnam.ie\/ga\/an-pobal-ginearalta\/teilifis-raidio-fisean-ar-eileamh\/inrochtaineacht-seirbhisi-mean-closamhairc-ar-eileamh\/","og_site_name":"Coimisi\u00fan na Me\u00e1n","article_publisher":"https:\/\/www.facebook.com\/CNaM.Ireland\/","article_modified_time":"2025-06-26T10:28:46+00:00","twitter_card":"summary_large_image","twitter_site":"@CNaM_ie","twitter_misc":{"Est. reading time":"4 minutes"},"schema":{"@context":"https:\/\/schema.org","@graph":[{"@type":"WebPage","@id":"https:\/\/www.cnam.ie\/ga\/an-pobal-ginearalta\/teilifis-raidio-fisean-ar-eileamh\/inrochtaineacht-seirbhisi-mean-closamhairc-ar-eileamh\/","url":"https:\/\/www.cnam.ie\/ga\/an-pobal-ginearalta\/teilifis-raidio-fisean-ar-eileamh\/inrochtaineacht-seirbhisi-mean-closamhairc-ar-eileamh\/","name":"Inrochtaineacht Seirbh\u00eds\u00ed Me\u00e1n Closamhairc ar \u00c9ileamh - Coimisi\u00fan na Me\u00e1n","isPartOf":{"@id":"https:\/\/www.cnam.ie\/ga\/#website"},"datePublished":"2025-06-26T09:19:07+00:00","dateModified":"2025-06-26T10:28:46+00:00","breadcrumb":{"@id":"https:\/\/www.cnam.ie\/ga\/an-pobal-ginearalta\/teilifis-raidio-fisean-ar-eileamh\/inrochtaineacht-seirbhisi-mean-closamhairc-ar-eileamh\/#breadcrumb"},"inLanguage":"ga-IE","potentialAction":[{"@type":"ReadAction","target":["https:\/\/www.cnam.ie\/ga\/an-pobal-ginearalta\/teilifis-raidio-fisean-ar-eileamh\/inrochtaineacht-seirbhisi-mean-closamhairc-ar-eileamh\/"]}]},{"@type":"BreadcrumbList","@id":"https:\/\/www.cnam.ie\/ga\/an-pobal-ginearalta\/teilifis-raidio-fisean-ar-eileamh\/inrochtaineacht-seirbhisi-mean-closamhairc-ar-eileamh\/#breadcrumb","itemListElement":[{"@type":"ListItem","position":1,"name":"Home","item":"https:\/\/www.cnam.ie\/ga\/"},{"@type":"ListItem","position":2,"name":"An Pobal i gCoitinne","item":"https:\/\/www.cnam.ie\/ga\/"},{"@type":"ListItem","position":3,"name":"Teilif\u00eds, raidi\u00f3 &#038; f\u00edse\u00e1n ar \u00e9ileamh","item":"https:\/\/www.cnam.ie\/ga\/an-pobal-ginearalta\/teilifis-raidio-fisean-ar-eileamh\/"},{"@type":"ListItem","position":4,"name":"Inrochtaineacht Seirbh\u00eds\u00ed Me\u00e1n Closamhairc ar \u00c9ileamh"}]},{"@type":"WebSite","@id":"https:\/\/www.cnam.ie\/ga\/#website","url":"https:\/\/www.cnam.ie\/ga\/","name":"Coimisiun na Mean","description":"Coimisi\u00fan na Me\u00e1n","publisher":{"@id":"https:\/\/www.cnam.ie\/ga\/#organization"},"potentialAction":[{"@type":"SearchAction","target":{"@type":"EntryPoint","urlTemplate":"https:\/\/www.cnam.ie\/ga\/?s={search_term_string}"},"query-input":{"@type":"PropertyValueSpecification","valueRequired":true,"valueName":"search_term_string"}}],"inLanguage":"ga-IE"},{"@type":"Organization","@id":"https:\/\/www.cnam.ie\/ga\/#organization","name":"Coimisiun na Mean","url":"https:\/\/www.cnam.ie\/ga\/","logo":{"@type":"ImageObject","inLanguage":"ga-IE","@id":"https:\/\/www.cnam.ie\/ga\/#\/schema\/logo\/image\/","url":"https:\/\/www.cnam.ie\/app\/uploads\/2024\/12\/Website-image-with-logo.jpg","contentUrl":"https:\/\/www.cnam.ie\/app\/uploads\/2024\/12\/Website-image-with-logo.jpg","width":1200,"height":800,"caption":"Coimisiun na Mean"},"image":{"@id":"https:\/\/www.cnam.ie\/ga\/#\/schema\/logo\/image\/"},"sameAs":["https:\/\/www.facebook.com\/CNaM.Ireland\/","https:\/\/x.com\/CNaM_ie"]}]}},"spectra_custom_meta":{"_top_nav_excluded":[""],"_cms_nav_minihome":[""],"_last_translation_edit_mode":["native-editor"],"_wpml_word_count":["775"],"_edit_lock":["1750934534:8"],"_relevanssi_related_posts":["7628,16335,7618,7630,15122,3071"],"_edit_last":["8"],"_wp_page_template":["default"],"_wpml_media_duplicate":["1"],"_wpml_media_featured":["1"],"_yoast_wpseo_content_score":["90"],"_yoast_wpseo_estimated-reading-time-minutes":["4"]},"uagb_featured_image_src":{"full":false,"thumbnail":false,"medium":false,"medium_large":false,"large":false,"1536x1536":false,"2048x2048":false,"gform-image-choice-sm":false,"gform-image-choice-md":false,"gform-image-choice-lg":false},"uagb_author_info":{"display_name":"Padraig Foran","author_link":"https:\/\/www.cnam.ie\/ga\/author\/padraigf\/"},"uagb_comment_info":0,"uagb_excerpt":"Is ann do cheanglais nua chun feabhas a chur ar inrochtaineacht r\u00e9imse t\u00e1irg\u00ed agus seirbh\u00eds\u00ed digiteacha ar fud na h\u00c9ireann agus an Aontais Eorpaigh. Tagann na rialacha sin \u00f3 dhl\u00ed Eorpach ar a dtugtar an Ionstraim Eorpach um Inrochtaineacht. In \u00c9irinn, t\u00e1 an Ionstraim sin \u00e1 cur chun feidhme tr\u00ed ionstraim reacht\u00fail, I.R. Uimh. 636\/2023.&hellip;","_links":{"self":[{"href":"https:\/\/www.cnam.ie\/ga\/wp-json\/wp\/v2\/pages\/16428","targetHints":{"allow":["GET"]}}],"collection":[{"href":"https:\/\/www.cnam.ie\/ga\/wp-json\/wp\/v2\/pages"}],"about":[{"href":"https:\/\/www.cnam.ie\/ga\/wp-json\/wp\/v2\/types\/page"}],"author":[{"embeddable":true,"href":"https:\/\/www.cnam.ie\/ga\/wp-json\/wp\/v2\/users\/8"}],"replies":[{"embeddable":true,"href":"https:\/\/www.cnam.ie\/ga\/wp-json\/wp\/v2\/comments?post=16428"}],"version-history":[{"count":2,"href":"https:\/\/www.cnam.ie\/ga\/wp-json\/wp\/v2\/pages\/16428\/revisions"}],"predecessor-version":[{"id":16430,"href":"https:\/\/www.cnam.ie\/ga\/wp-json\/wp\/v2\/pages\/16428\/revisions\/16430"}],"up":[{"embeddable":true,"href":"https:\/\/www.cnam.ie\/ga\/wp-json\/wp\/v2\/pages\/11766"}],"wp:attachment":[{"href":"https:\/\/www.cnam.ie\/ga\/wp-json\/wp\/v2\/media?parent=16428"}],"curies":[{"name":"wp","href":"https:\/\/api.w.org\/{rel}","templated":true}]}}